{"id":126,"date":"2024-07-27T11:41:48","date_gmt":"2024-07-27T09:41:48","guid":{"rendered":"https:\/\/waldgl\u00fcck-pfalz.de\/?page_id=126"},"modified":"2025-01-23T16:54:57","modified_gmt":"2025-01-23T15:54:57","slug":"urlaub-in-der-suedpfalz","status":"publish","type":"page","link":"https:\/\/waldgl\u00fcck-pfalz.de\/?page_id=126","title":{"rendered":"Die S\u00fcdpfalz &amp; Lage"},"content":{"rendered":"\n<div class=\"wp-block-group alignfull has-global-padding is-layout-constrained wp-container-core-group-is-layout-d89aad35 wp-block-group-is-layout-constrained\" style=\"margin-top:0;margin-bottom:0;padding-top:var(--wp--preset--spacing--50);padding-right:var(--wp--preset--spacing--50);padding-bottom:var(--wp--preset--spacing--50);padding-left:var(--wp--preset--spacing--50)\">\n<div class=\"wp-block-columns alignwide is-layout-flex wp-container-core-columns-is-layout-b7798b42 wp-block-columns-is-layout-flex\" style=\"margin-top:var(--wp--preset--spacing--20);margin-bottom:var(--wp--preset--spacing--20);padding-top:0;padding-bottom:0\">\n<div class=\"wp-block-column is-layout-flow wp-container-core-column-is-layout-c951c46d wp-block-column-is-layout-flow\" style=\"flex-basis:60%\">\n<p class=\"has-contrast-color has-text-color has-link-color has-x-large-font-size wp-elements-7fffd715337080a9dc20328d5295c3f2\" style=\"line-height:1.2\">URLAUB IN DER S\u00dcDPFALZ<\/p>\n\n\n\n<div class=\"wp-block-columns is-layout-flex wp-container-core-columns-is-layout-87beb0d0 wp-block-columns-is-layout-flex\">\n<div class=\"wp-block-column is-layout-flow wp-block-column-is-layout-flow\">\n<p class=\"has-text-align-left has-contrast-color has-text-color has-link-color has-medium-font-size wp-elements-3ed54cc0ea65e5eae4be65c5e40600f3 wp-container-content-9cfa9a5a\">W\u00e4hrend anderswo noch der Winter herrscht, bl\u00fchen bei uns in der S\u00fcdpfalz bereits die Mandelb\u00e4ume. Bis weit in den Herbst hinein erstrahlt die Landschaft in einer einzigartigen Farbenpracht. Gleisweiler genie\u00dft eines der mildesten Klimas Deutschlands, wo Mandeln, Feigen, Zitronen und Kiwis reifen und die W\u00e4lder reich an Edelkastanien sind.<\/p>\n\n\n\n<p class=\"has-contrast-color has-text-color has-link-color wp-elements-1e07817ee54f9ed814ba07f2882aaaf7 wp-container-content-9cfa9a5a\">Die Gemeinde Gleisweiler liegt zwischen den St\u00e4dten Edenkoben und Landau in der Pfalz, an den \u00f6stlichen Ausl\u00e4ufern des Haardtgebirges auf einer H\u00f6he von 300 m \u00fcber NN, am Fu\u00dfe des 600 m hohen Teufelsberges. <\/p>\n\n\n\n<p>Wandern, Radfahren, Natur, Wein, Kultur, Genuss. Das ist Urlaub in der Pfalz.<\/p>\n<\/div>\n<\/div>\n<\/div>\n\n\n\n<div class=\"wp-block-column is-layout-flow wp-block-column-is-layout-flow\">\n<div style=\"height:22px\" aria-hidden=\"true\" class=\"wp-block-spacer\"><\/div>\n\n\n\n<div style=\"height:46px\" aria-hidden=\"true\" class=\"wp-block-spacer\"><\/div>\n\n\n\n<figure class=\"wp-block-image size-full is-resized has-custom-border is-style-default\"><img loading=\"lazy\" decoding=\"async\" width=\"1024\" height=\"683\" src=\"http:\/\/waldgl\u00fcck-pfalz.de\/wp-content\/uploads\/2024\/07\/Ferienwohnung-Gleisweiler-9-Dorfansicht-1024x683-2.jpg\" alt=\"Urlaub in der Pfalz, Wanderurlaub S\u00fcdpfalz, Weinsteig, Ferienwohnung Gleisweiler\" class=\"wp-image-254\" style=\"border-radius:25px;width:459px;height:auto\" srcset=\"https:\/\/waldgl\u00fcck-pfalz.de\/wp-content\/uploads\/2024\/07\/Ferienwohnung-Gleisweiler-9-Dorfansicht-1024x683-2.jpg 1024w, https:\/\/waldgl\u00fcck-pfalz.de\/wp-content\/uploads\/2024\/07\/Ferienwohnung-Gleisweiler-9-Dorfansicht-1024x683-2-300x200.jpg 300w, https:\/\/waldgl\u00fcck-pfalz.de\/wp-content\/uploads\/2024\/07\/Ferienwohnung-Gleisweiler-9-Dorfansicht-1024x683-2-768x512.jpg 768w\" sizes=\"auto, (max-width: 1024px) 100vw, 1024px\" \/><\/figure>\n<\/div>\n<\/div>\n<\/div>\n\n\n\n<div class=\"wp-block-group alignfull has-background has-global-padding is-layout-constrained wp-container-core-group-is-layout-d89aad35 wp-block-group-is-layout-constrained\" style=\"background-color:#404a3a96;margin-top:0;margin-bottom:0;padding-top:var(--wp--preset--spacing--50);padding-right:var(--wp--preset--spacing--50);padding-bottom:var(--wp--preset--spacing--50);padding-left:var(--wp--preset--spacing--50)\">\n<div class=\"wp-block-columns alignwide is-layout-flex wp-container-core-columns-is-layout-1da03c2a wp-block-columns-is-layout-flex\">\n<div class=\"wp-block-column is-vertically-aligned-center is-layout-flow wp-block-column-is-layout-flow\" style=\"flex-basis:40%\">\n<figure class=\"wp-block-image aligncenter size-full is-resized is-style-rounded wp-duotone-unset-2 is-style-rounded--1\"><a href=\"https:\/\/waldgl\u00fcck-pfalz.de\/wp-content\/uploads\/2024\/09\/1.png\"><img loading=\"lazy\" decoding=\"async\" width=\"1920\" height=\"2560\" src=\"https:\/\/waldgl\u00fcck-pfalz.de\/wp-content\/uploads\/2024\/09\/FerienwohnungGleisweilerPfalz-scaled.jpg\" alt=\"Ferienwohnungen S\u00fcdpfalz, Wanderurlaub Pfalz, Urlaub S\u00fcdpfalz\" class=\"wp-image-607\" style=\"width:299px;height:auto\" srcset=\"https:\/\/waldgl\u00fcck-pfalz.de\/wp-content\/uploads\/2024\/09\/FerienwohnungGleisweilerPfalz-scaled.jpg 1920w, https:\/\/waldgl\u00fcck-pfalz.de\/wp-content\/uploads\/2024\/09\/FerienwohnungGleisweilerPfalz-225x300.jpg 225w, https:\/\/waldgl\u00fcck-pfalz.de\/wp-content\/uploads\/2024\/09\/FerienwohnungGleisweilerPfalz-768x1024.jpg 768w, https:\/\/waldgl\u00fcck-pfalz.de\/wp-content\/uploads\/2024\/09\/FerienwohnungGleisweilerPfalz-1152x1536.jpg 1152w, https:\/\/waldgl\u00fcck-pfalz.de\/wp-content\/uploads\/2024\/09\/FerienwohnungGleisweilerPfalz-1536x2048.jpg 1536w\" sizes=\"auto, (max-width: 1920px) 100vw, 1920px\" \/><\/a><\/figure>\n<\/div>\n\n\n\n<div class=\"wp-block-column is-layout-flow wp-block-column-is-layout-flow\" style=\"flex-basis:50%\">\n<h2 class=\"wp-block-heading has-base-2-color has-text-color has-link-color wp-elements-12991d6407d966d0c46ab89f300565e5\">Die ReGion<\/h2>\n\n\n\n<p class=\"has-base-2-color has-text-color has-link-color wp-elements-d58585b092cfc1eaf81937495eadf792\">Die Region ist vielf\u00e4ltig und reich an Angeboten.<\/p>\n\n\n\n<p class=\"has-base-2-color has-text-color has-link-color wp-elements-ae62f88d88d69b71e47255401b1d1815\">Gleisweiler ist ein optimaler Startpunkt f\u00fcr <strong>Wanderungen<\/strong> <strong>und Radtouren<\/strong> durch den Pf\u00e4lzer Wald und zu den H\u00fctten mit Gastronomie in der Gegend.<\/p>\n\n\n\n<p class=\"has-base-2-color has-text-color has-link-color wp-elements-5ec406add7b44094bbdb96efc62ac7c7\"><strong>Weinfeste<\/strong> finden bei uns fast das ganze Jahr statt und sind Kultur unserer Region. Jedes Wochenende l\u00e4dt ein anderes Dorf zur Geselligkeit ein.<\/p>\n\n\n\n<p class=\"has-base-2-color has-text-color has-link-color wp-elements-403a39c73afed53f3a617ae12c4e983c\"><strong>Burgen &amp; Schl\u00f6sser<\/strong> geh\u00f6ren zum Landschaftsbild. Das geschichtstr\u00e4chtige Hambacher Schloss, die Burg Trifels, Madenburg, Landeck &amp; viele weitere Burgen sind in 15-30 Minuten erreichbar und bieten sich f\u00fcr Ausfl\u00fcge an.<\/p>\n\n\n\n<p class=\"has-base-2-color has-text-color has-link-color wp-elements-932c6fc2ab78bc10b5eb6c59aae3ef08\"><strong>Tipps &amp; Ausflugsziele <\/strong><\/p>\n\n\n\n<p class=\"has-base-2-color has-text-color has-link-color wp-elements-fcf8f92d5035a2e7d9805b3b2540048a\">In unserem G\u00e4stebuch in den Ferienwohnungen findet ihr zahlreiche Wandertips, Ausflugsziele, Weinfestkalender etc. &#8211; ihr sollt euren Urlaub in der S\u00fcdpfalz genie\u00dfen und nicht die Zeit mit Recherche verbringen.<\/p>\n<\/div>\n<\/div>\n<\/div>\n\n\n\n<div class=\"wp-block-group alignfull has-base-background-color has-background has-global-padding is-layout-constrained wp-container-core-group-is-layout-669513ed wp-block-group-is-layout-constrained\" style=\"margin-top:0;margin-bottom:0;padding-top:var(--wp--preset--spacing--50);padding-right:var(--wp--preset--spacing--50);padding-bottom:var(--wp--preset--spacing--50);padding-left:var(--wp--preset--spacing--50)\">\n<div class=\"wp-block-columns alignwide is-layout-flex wp-container-core-columns-is-layout-1da03c2a wp-block-columns-is-layout-flex\">\n<div class=\"wp-block-column is-vertically-aligned-stretch is-layout-flow wp-block-column-is-layout-flow\" style=\"flex-basis:50%\">\n<div class=\"wp-block-group is-vertical is-content-justification-stretch is-layout-flex wp-container-core-group-is-layout-444d5ee8 wp-block-group-is-layout-flex\" style=\"min-height:100%\">\n<h2 class=\"wp-block-heading has-contrast-color has-text-color has-link-color has-x-large-font-size wp-elements-5fed23db39d09d9386eb6a50b3842ebe\">Der Ort<\/h2>\n\n\n\n<p class=\"has-contrast-color has-text-color has-link-color wp-elements-d631da82de7c1758b0ae1f0512cc4380\">Eingebettet in ein Meer von Weinreben direkt am Waldrand liegt Gleisweiler, ein \u00fcber 1000 Jahre altes Dorf. Es z\u00e4hlt zu den sch\u00f6nsten Ortschaften an der s\u00fcdlichen Weinstra\u00dfe und ist seit Jahrhunderten eng mit dem Weinbau verbunden. Die offene und gastfreundliche Art der Menschen wird von der malerischen Landschaft, dem milden Klima und dem Weinbau gepr\u00e4gt. <\/p>\n\n\n\n<p class=\"has-contrast-color has-text-color has-link-color wp-elements-95e73db3750fef1205d043e86bbfbede\">In den gem\u00fctlichen Gasth\u00e4usern und Weinstuben k\u00f6nnt ihr typisch pf\u00e4lzische Spezialit\u00e4ten genie\u00dfen und bei einem Gl\u00e4schen Wein die Seele baumeln lassen.<\/p>\n\n\n\n<p class=\"has-contrast-color has-text-color has-link-color wp-elements-8807b91555d2b05b7b01dd4ef37631af\">Ein besonderes Highlight der Geselligkeit ist die Weinkerwe \u201eWein und Kunst\u201c, die am ersten Augustwochenende stattfindet und viele Besucher anzieht. Erlebt die Weinkultur und Erholung in Gleisweiler!<\/p>\n<\/div>\n<\/div>\n\n\n\n<div class=\"wp-block-column is-vertically-aligned-center is-layout-flow wp-block-column-is-layout-flow\" style=\"flex-basis:50%\">\n<figure class=\"wp-block-image size-full is-style-rounded wp-duotone-unset-4 is-style-rounded--3\"><img loading=\"lazy\" decoding=\"async\" width=\"1024\" height=\"683\" src=\"https:\/\/waldgl\u00fcck-pfalz.de\/wp-content\/uploads\/2024\/07\/Ferienwohnung-Gleisweiler-9-Dorfansicht-1024x683-2.jpg\" alt=\"Ferienwohnung Pfalz, Ferienwohnung Gleisweiler, Ferienwohnung, Pfalz, Ferienappartement, S\u00fcdpfalz, Fewo, Gleisweiler, Weinstra\u00dfe, Landau, Schlupfwinkel\" class=\"wp-image-254\" style=\"aspect-ratio:1.5;object-fit:cover\" srcset=\"https:\/\/waldgl\u00fcck-pfalz.de\/wp-content\/uploads\/2024\/07\/Ferienwohnung-Gleisweiler-9-Dorfansicht-1024x683-2.jpg 1024w, https:\/\/waldgl\u00fcck-pfalz.de\/wp-content\/uploads\/2024\/07\/Ferienwohnung-Gleisweiler-9-Dorfansicht-1024x683-2-300x200.jpg 300w, https:\/\/waldgl\u00fcck-pfalz.de\/wp-content\/uploads\/2024\/07\/Ferienwohnung-Gleisweiler-9-Dorfansicht-1024x683-2-768x512.jpg 768w\" sizes=\"auto, (max-width: 1024px) 100vw, 1024px\" \/><\/figure>\n<\/div>\n<\/div>\n<\/div>\n\n\n\n<div class=\"wp-block-group alignfull has-background has-global-padding is-layout-constrained wp-container-core-group-is-layout-669513ed wp-block-group-is-layout-constrained\" style=\"background-color:#404a3a96;margin-top:0;margin-bottom:0;padding-top:var(--wp--preset--spacing--50);padding-right:var(--wp--preset--spacing--50);padding-bottom:var(--wp--preset--spacing--50);padding-left:var(--wp--preset--spacing--50)\">\n<div class=\"wp-block-columns alignwide is-layout-flex wp-container-core-columns-is-layout-1da03c2a wp-block-columns-is-layout-flex\">\n<div class=\"wp-block-column is-vertically-aligned-center has-text-color has-link-color wp-elements-457e2ff8f124787fcccb8aba641640fc is-layout-flow wp-block-column-is-layout-flow\" style=\"color:#ffffff;flex-basis:50%\">\n<figure class=\"wp-block-image size-full is-resized is-style-rounded is-style-rounded--5\"><img loading=\"lazy\" decoding=\"async\" width=\"1024\" height=\"768\" src=\"https:\/\/waldgl\u00fcck-pfalz.de\/wp-content\/uploads\/2024\/07\/Ferienwohnung-Gleisweiler-11-Terrasse-1024x768-2.jpg\" alt=\"Ferienwohnung Pfalz, Ferienwohnung Gleisweiler, Ferienwohnung, Pfalz, Ferienappartement, S\u00fcdpfalz, Fewo, Gleisweiler, Weinstra\u00dfe, Landau,\" class=\"wp-image-255\" style=\"aspect-ratio:0.75;object-fit:cover;width:418px;height:auto\" srcset=\"https:\/\/waldgl\u00fcck-pfalz.de\/wp-content\/uploads\/2024\/07\/Ferienwohnung-Gleisweiler-11-Terrasse-1024x768-2.jpg 1024w, https:\/\/waldgl\u00fcck-pfalz.de\/wp-content\/uploads\/2024\/07\/Ferienwohnung-Gleisweiler-11-Terrasse-1024x768-2-300x225.jpg 300w, https:\/\/waldgl\u00fcck-pfalz.de\/wp-content\/uploads\/2024\/07\/Ferienwohnung-Gleisweiler-11-Terrasse-1024x768-2-768x576.jpg 768w\" sizes=\"auto, (max-width: 1024px) 100vw, 1024px\" \/><\/figure>\n<\/div>\n\n\n\n<div class=\"wp-block-column is-vertically-aligned-stretch has-text-color has-link-color wp-elements-ef0e1217ac945695cdf79fb12c9d6434 is-layout-flow wp-block-column-is-layout-flow\" style=\"color:#ffffff;flex-basis:50%\">\n<div class=\"wp-block-group is-vertical is-content-justification-stretch is-layout-flex wp-container-core-group-is-layout-444d5ee8 wp-block-group-is-layout-flex\" style=\"min-height:100%\">\n<div style=\"height:54px\" aria-hidden=\"true\" class=\"wp-block-spacer wp-container-content-075923e3\"><\/div>\n\n\n\n<h3 class=\"wp-block-heading has-base-2-color has-text-color has-link-color wp-elements-a0c353847317aeaceac5b40049ce068a\" style=\"font-size:clamp(1.453rem, 1.453rem + ((1vw - 0.2rem) * 1.578), 2.4rem);\">SEhensw\u00fcrdigkeiten iN Gleisweiler<\/h3>\n\n\n\n<p class=\"has-base-2-color has-text-color has-link-color wp-elements-47872db7f8652571880905f2e5d103e9\">Im \u00e4ltesten Ortskern von Gleisweiler findet sich der \u201eHinzlochbrunnen\u201c mit einem alten Steintrog aus dem Jahr 1521, der einst als Pferdetr\u00e4nke diente. An diesem Ort steht auch das \u00e4lteste (1579) und am besten erhaltene Fachwerkhaus des Dorfes. Oberhalb des Brunnens befindet sich der \u00e4lteste Baum der S\u00fcdpfalz: eine \u00fcber 500 Jahre alte Edelkastanie mit einem Umfang von 8 Metern.<\/p>\n\n\n\n<p class=\"has-base-2-color has-text-color has-link-color wp-elements-11e117cf21e1d00a3f5711f5c541c098\">Als Wahrzeichen von Gleisweiler gilt die katholische Pfarrkirche St. Stephanus mit ihrem Turm mit Walmdach in der Dorfmitte (erbaut 1354).<\/p>\n\n\n\n<p class=\"has-base-2-color has-text-color has-link-color wp-elements-74497f9268c178faa7a36e050b37fee8\">Die Privatklinik Bad Gleisweiler beeindruckt mit einem schlossartigen, klassizistischen Geb\u00e4ude, das nach den Pl\u00e4nen des Architekten Leo von Klenze, dem Hofbaumeister von Ludwig I. von Bayern, errichtet wurde. Der \u00fcber 150 Jahre alte Park bietet eine Vielzahl exotischer Pflanzen, darunter Mammutb\u00e4ume (44 m hoch), Scheinzypressen, einen G\u00f6tterbaum aus Nord-China sowie Palmen und andere exotische Gew\u00e4chse. <\/p>\n\n\n\n<p class=\"has-base-2-color has-text-color has-link-color wp-elements-3694099bd4cdea32d28264ba7621b44c\">Im ehemaligen Kurpf\u00e4lzischen Zehnthaus aus dem Jahr 1753 findet man das <a href=\"http:\/\/papiermuseum-gleisweiler.de\">Papiermuseum<\/a> welches von April bis Ende Oktober ge\u00f6ffnet hat. <\/p>\n\n\n\n<p class=\"has-base-2-color has-text-color has-link-color wp-elements-7a1c97a6c221ea904060da4e4d532eb4\">Ein malerischer Promenadenweg am Waldrand, mit Sitzb\u00e4nken bietet einen herrlichen Blick \u00fcber die D\u00f6rfer bis zum Odenwald und dem Schwarzwald. Bei klarer Sicht kann man sogar das Stra\u00dfburger M\u00fcnster und den Dom zu Speyer erblicken.&nbsp;<\/p>\n\n\n\n<p class=\"has-base-2-color has-text-color has-link-color wp-elements-67d4a377083895cfd4cd101e02dd14cf\">Die historische Walddusche von 1848 ist die \u00e4lteste noch erhaltene Kaltwasserdusche in Deutschland und l\u00e4dt besonders im Sommer mit ihrem kalten Wasser ein.<\/p>\n<\/div>\n<\/div>\n<\/div>\n<\/div>\n\n\n\n<div class=\"wp-block-group alignfull has-global-padding is-layout-constrained wp-container-core-group-is-layout-d89aad35 wp-block-group-is-layout-constrained\" style=\"margin-top:0;margin-bottom:0;padding-top:var(--wp--preset--spacing--50);padding-right:var(--wp--preset--spacing--50);padding-bottom:var(--wp--preset--spacing--50);padding-left:var(--wp--preset--spacing--50)\">\n<div class=\"wp-block-columns alignwide is-layout-flex wp-container-core-columns-is-layout-b7798b42 wp-block-columns-is-layout-flex\" style=\"margin-top:var(--wp--preset--spacing--20);margin-bottom:var(--wp--preset--spacing--20);padding-top:0;padding-bottom:0\">\n<div class=\"wp-block-column is-layout-flow wp-block-column-is-layout-flow\"><\/div>\n\n\n\n<div class=\"wp-block-column is-layout-flow wp-container-core-column-is-layout-c951c46d wp-block-column-is-layout-flow\" style=\"flex-basis:60%\">\n<p class=\"has-contrast-color has-text-color has-link-color has-heading-font-family has-x-large-font-size wp-elements-30b5904f195c8b842128e6172e809794\" style=\"line-height:1.2\">EINKAUFEN UND BUMMELN<\/p>\n\n\n\n<div class=\"wp-block-columns is-layout-flex wp-container-core-columns-is-layout-87beb0d0 wp-block-columns-is-layout-flex\">\n<div class=\"wp-block-column is-layout-flow wp-block-column-is-layout-flow\">\n<p class=\"has-text-align-left has-contrast-color has-text-color has-link-color has-medium-font-size wp-elements-48fb8ebd18871e21047d24cebdf0c1e8 wp-container-content-9cfa9a5a\">Das sch\u00f6ne Altst\u00e4dtchen <strong>Landau in der Pfalz<\/strong> mit zahlreichen Einkaufsm\u00f6glichkeiten, Restaurants und Freizeitangeboten wie <a href=\"http:\/\/www.la-ola.de\">Hallen- und Freibad<\/a>, Sauna, <a href=\"http:\/\/zoo-landau.de\" target=\"_blank\" rel=\"noreferrer noopener\">Zoo<\/a>, <a href=\"http:\/\/filmwelt-landau.com\">Kino<\/a>, <a href=\"http:\/\/www.puzzles-landau.de\" target=\"_blank\" rel=\"noreferrer noopener\">Escape Room<\/a>, Kletterhalle etc. befindet sich 15 Minuten Autofahrt von Gleisweiler entfernt. Landau l\u00e4dt zum Bummeln und Verweilen ein.<\/p>\n\n\n\n<p class=\"has-text-align-left has-contrast-color has-text-color has-link-color has-medium-font-size wp-elements-63b307e3eabb70d90545e117bc4039bd wp-container-content-9cfa9a5a\">Ebenfalls in 15 Minuten erreicht man Edenkoben mit Superm\u00e4rkten, Bahnhof und der Sesselbahn. Hier hat man einen herrlichen Blick \u00fcber die S\u00fcdpfalz.<\/p>\n<\/div>\n<\/div>\n<\/div>\n<\/div>\n<\/div>\n\n\n\n<div class=\"wp-block-group alignfull has-base-color has-contrast-background-color has-text-color has-background has-link-color wp-elements-7449d334111cdbb890e6dbcf5c622eff has-global-padding is-layout-constrained wp-container-core-group-is-layout-d89aad35 wp-block-group-is-layout-constrained\" style=\"margin-top:0;margin-bottom:0;padding-top:var(--wp--preset--spacing--50);padding-right:var(--wp--preset--spacing--50);padding-bottom:var(--wp--preset--spacing--50);padding-left:var(--wp--preset--spacing--50)\">\n<h2 class=\"wp-block-heading alignwide has-base-color has-text-color has-link-color wp-elements-c9b5699bdecff18878afa112249018b5\" style=\"font-size:clamp(4.509rem, 4.509rem + ((1vw - 0.2rem) * 9.152), 10rem);letter-spacing:-0.02em\">FAQs<\/h2>\n\n\n\n<div class=\"wp-block-group alignwide is-layout-flow wp-block-group-is-layout-flow\">\n<hr class=\"wp-block-separator has-text-color has-base-color has-alpha-channel-opacity has-base-background-color has-background is-style-wide\"\/>\n\n\n\n<details class=\"wp-block-details is-style-arrow-icon-details has-medium-font-size is-layout-flow wp-block-details-is-layout-flow\" style=\"border-top-style:none;border-top-width:0px;border-right-style:none;border-right-width:0px;border-bottom-color:var(--wp--preset--color--base);border-bottom-style:solid;border-bottom-width:1px;border-left-style:none;border-left-width:0px;margin-top:0\"><summary>Warum Urlaub in der Pfalz?<\/summary>\n<p class=\"has-contrast-1-color has-text-color has-link-color wp-elements-179af6101b5bf40c01e83205ca9f4c7a\">Die Pfalz z\u00e4hlt zu den sch\u00f6nsten Regionen Deutschlands. Mit ihrem Pf\u00e4lzer Wald und den Weinbergen entlang der s\u00fcdlichen Weinstra\u00dfe l\u00e4dt sie sowohl f\u00fcr Wander-, Aktiv- wie auch Erholungsurlaub ein. F\u00fcr jeden Geschmack ist hier etwas dabei!<\/p>\n<\/details>\n\n\n\n<details class=\"wp-block-details is-style-arrow-icon-details has-medium-font-size is-layout-flow wp-block-details-is-layout-flow\" style=\"border-top-style:none;border-top-width:0px;border-right-style:none;border-right-width:0px;border-bottom-color:var(--wp--preset--color--base);border-bottom-style:solid;border-bottom-width:1px;border-left-style:none;border-left-width:0px;margin-top:0\"><summary>Wo ist der n\u00e4chste Supermarkt?<\/summary>\n<p class=\"has-contrast-1-color has-text-color has-link-color wp-elements-e79dd81ac380e68f3fd528244a1b2cdf\">15 Minuten entfernt in Landau oder Edenkoben finden sich Aldi, Lidl, Rewe und Co.<\/p>\n<\/details>\n\n\n\n<details class=\"wp-block-details is-style-arrow-icon-details has-medium-font-size is-layout-flow wp-block-details-is-layout-flow\" style=\"border-top-style:none;border-top-width:0px;border-right-style:none;border-right-width:0px;border-bottom-color:var(--wp--preset--color--base);border-bottom-style:solid;border-bottom-width:1px;border-left-style:none;border-left-width:0px;margin-top:0\"><summary>Was bei schlechtem Wetter unternehmen?<\/summary>\n<p class=\"has-contrast-1-color has-text-color has-link-color wp-elements-8b6cbb9590b3dd3495d7861ca7a22c29\">Regenjacke eingepackt und los! In unserer G\u00e4stemappe haben wir f\u00fcr euch viele Ausflugsziele f\u00fcr jede Jahreszeit und Wetterlage aufgef\u00fchrt. Hier ist f\u00fcr jeden etwas dabei. Nat\u00fcrlich auch zahlreiche Indooraktivit\u00e4ten.<\/p>\n<\/details>\n\n\n\n<details class=\"wp-block-details is-style-arrow-icon-details has-medium-font-size is-layout-flow wp-block-details-is-layout-flow\" style=\"border-top-style:none;border-top-width:0px;border-right-style:none;border-right-width:0px;border-bottom-color:var(--wp--preset--color--base);border-bottom-style:solid;border-bottom-width:1px;border-left-style:none;border-left-width:0px;margin-top:0\"><summary>Kann man in Gleisweiler essen gehen?<\/summary>\n<p class=\"has-contrast-1-color has-text-color has-link-color wp-elements-565f1aaf0afebb0923cadaa66367f0a6\">Es gibt in Gleisweiler verschiedene Lokalit\u00e4ten, aber auch in den umliegenden D\u00f6rfern gibt es zahlreiche Weinstuben, Winzerh\u00f6fe und Restaurants. Empfehlungen findet ihr in unserer G\u00e4stemappe vor Ort<\/p>\n<\/details>\n\n\n\n<div style=\"margin-top:var(--wp--preset--spacing--10);margin-bottom:0;height:var(--wp--preset--spacing--10)\" aria-hidden=\"true\" class=\"wp-block-spacer\"><\/div>\n<\/div>\n<\/div>\n","protected":false},"excerpt":{"rendered":"<p>URLAUB IN DER S\u00dcDPFALZ W\u00e4hrend anderswo noch der Winter herrscht, bl\u00fchen bei uns in der S\u00fcdpfalz bereits die Mandelb\u00e4ume. Bis weit in den Herbst hinein erstrahlt die Landschaft in einer einzigartigen Farbenpracht. Gleisweiler genie\u00dft eines der mildesten Klimas Deutschlands, wo Mandeln, Feigen, Zitronen und Kiwis reifen und die W\u00e4lder reich an Edelkastanien sind. Die Gemeinde [&hellip;]<\/p>\n","protected":false},"author":1,"featured_media":0,"parent":0,"menu_order":0,"comment_status":"closed","ping_status":"closed","template":"page-no-title","meta":{"footnotes":""},"class_list":["post-126","page","type-page","status-publish","hentry"],"yoast_head":"<!-- This site is optimized with the Yoast SEO plugin v27.5 - https:\/\/yoast.com\/product\/yoast-seo-wordpress\/ -->\n<title>Die S\u00fcdpfalz &amp; Lage - Waldgl\u00fcck-Pfalz.de<\/title>\n<meta name=\"description\" content=\"Urlaub in der S\u00fcdpfalz. Ferienwohnungen Waldgl\u00fcck sind der perfekte Ausgangspunkt f\u00fcr erholsame Tage inmitten der Natur.\" \/>\n<meta name=\"robots\" content=\"index, follow, max-snippet:-1, max-image-preview:large, max-video-preview:-1\" \/>\n<link rel=\"canonical\" href=\"https:\/\/waldgl\u00fcck-pfalz.de\/?page_id=126\" \/>\n<meta property=\"og:locale\" content=\"de_DE\" \/>\n<meta property=\"og:type\" content=\"article\" \/>\n<meta property=\"og:title\" content=\"Die S\u00fcdpfalz &amp; Lage - Waldgl\u00fcck-Pfalz.de\" \/>\n<meta property=\"og:description\" content=\"Urlaub in der S\u00fcdpfalz. Ferienwohnungen Waldgl\u00fcck sind der perfekte Ausgangspunkt f\u00fcr erholsame Tage inmitten der Natur.\" \/>\n<meta property=\"og:url\" content=\"https:\/\/waldgl\u00fcck-pfalz.de\/?page_id=126\" \/>\n<meta property=\"og:site_name\" content=\"Waldgl\u00fcck-Pfalz.de\" \/>\n<meta property=\"article:modified_time\" content=\"2025-01-23T15:54:57+00:00\" \/>\n<meta name=\"twitter:card\" content=\"summary_large_image\" \/>\n<meta name=\"twitter:label1\" content=\"Gesch\u00e4tzte Lesezeit\" \/>\n\t<meta name=\"twitter:data1\" content=\"6\u00a0Minuten\" \/>\n<script type=\"application\/ld+json\" class=\"yoast-schema-graph\">{\"@context\":\"https:\\\/\\\/schema.org\",\"@graph\":[{\"@type\":\"WebPage\",\"@id\":\"https:\\\/\\\/waldgl\u00fcck-pfalz.de\\\/?page_id=126\",\"url\":\"https:\\\/\\\/waldgl\u00fcck-pfalz.de\\\/?page_id=126\",\"name\":\"Die S\u00fcdpfalz &amp; Lage - Waldgl\u00fcck-Pfalz.de\",\"isPartOf\":{\"@id\":\"https:\\\/\\\/waldgl\u00fcck-pfalz.de\\\/#website\"},\"datePublished\":\"2024-07-27T09:41:48+00:00\",\"dateModified\":\"2025-01-23T15:54:57+00:00\",\"description\":\"Urlaub in der S\u00fcdpfalz. Ferienwohnungen Waldgl\u00fcck sind der perfekte Ausgangspunkt f\u00fcr erholsame Tage inmitten der Natur.\",\"breadcrumb\":{\"@id\":\"https:\\\/\\\/waldgl\u00fcck-pfalz.de\\\/?page_id=126#breadcrumb\"},\"inLanguage\":\"de\",\"potentialAction\":[{\"@type\":\"ReadAction\",\"target\":[\"https:\\\/\\\/waldgl\u00fcck-pfalz.de\\\/?page_id=126\"]}]},{\"@type\":\"BreadcrumbList\",\"@id\":\"https:\\\/\\\/waldgl\u00fcck-pfalz.de\\\/?page_id=126#breadcrumb\",\"itemListElement\":[{\"@type\":\"ListItem\",\"position\":1,\"name\":\"Startseite\",\"item\":\"https:\\\/\\\/waldgl\u00fcck-pfalz.de\\\/\"},{\"@type\":\"ListItem\",\"position\":2,\"name\":\"Die S\u00fcdpfalz &amp; Lage\"}]},{\"@type\":\"WebSite\",\"@id\":\"https:\\\/\\\/waldgl\u00fcck-pfalz.de\\\/#website\",\"url\":\"https:\\\/\\\/waldgl\u00fcck-pfalz.de\\\/\",\"name\":\"Waldgl\u00fcck-Pfalz.de\",\"description\":\"Ferienwohnung Waldgl\u00fcck, 76835 Gleisweiler Badstra\u00dfe 8-10\",\"publisher\":{\"@id\":\"https:\\\/\\\/waldgl\u00fcck-pfalz.de\\\/#organization\"},\"potentialAction\":[{\"@type\":\"SearchAction\",\"target\":{\"@type\":\"EntryPoint\",\"urlTemplate\":\"https:\\\/\\\/waldgl\u00fcck-pfalz.de\\\/?s={search_term_string}\"},\"query-input\":{\"@type\":\"PropertyValueSpecification\",\"valueRequired\":true,\"valueName\":\"search_term_string\"}}],\"inLanguage\":\"de\"},{\"@type\":\"Organization\",\"@id\":\"https:\\\/\\\/waldgl\u00fcck-pfalz.de\\\/#organization\",\"name\":\"Waldgl\u00fcck-Pfalz.de\",\"url\":\"https:\\\/\\\/waldgl\u00fcck-pfalz.de\\\/\",\"logo\":{\"@type\":\"ImageObject\",\"inLanguage\":\"de\",\"@id\":\"https:\\\/\\\/waldgl\u00fcck-pfalz.de\\\/#\\\/schema\\\/logo\\\/image\\\/\",\"url\":\"https:\\\/\\\/waldgl\u00fcck-pfalz.de\\\/wp-content\\\/uploads\\\/2024\\\/09\\\/1.png\",\"contentUrl\":\"https:\\\/\\\/waldgl\u00fcck-pfalz.de\\\/wp-content\\\/uploads\\\/2024\\\/09\\\/1.png\",\"width\":938,\"height\":938,\"caption\":\"Waldgl\u00fcck-Pfalz.de\"},\"image\":{\"@id\":\"https:\\\/\\\/waldgl\u00fcck-pfalz.de\\\/#\\\/schema\\\/logo\\\/image\\\/\"}}]}<\/script>\n<!-- \/ Yoast SEO plugin. -->","yoast_head_json":{"title":"Die S\u00fcdpfalz &amp; Lage - Waldgl\u00fcck-Pfalz.de","description":"Urlaub in der S\u00fcdpfalz. Ferienwohnungen Waldgl\u00fcck sind der perfekte Ausgangspunkt f\u00fcr erholsame Tage inmitten der Natur.","robots":{"index":"index","follow":"follow","max-snippet":"max-snippet:-1","max-image-preview":"max-image-preview:large","max-video-preview":"max-video-preview:-1"},"canonical":"https:\/\/waldgl\u00fcck-pfalz.de\/?page_id=126","og_locale":"de_DE","og_type":"article","og_title":"Die S\u00fcdpfalz &amp; Lage - Waldgl\u00fcck-Pfalz.de","og_description":"Urlaub in der S\u00fcdpfalz. Ferienwohnungen Waldgl\u00fcck sind der perfekte Ausgangspunkt f\u00fcr erholsame Tage inmitten der Natur.","og_url":"https:\/\/waldgl\u00fcck-pfalz.de\/?page_id=126","og_site_name":"Waldgl\u00fcck-Pfalz.de","article_modified_time":"2025-01-23T15:54:57+00:00","twitter_card":"summary_large_image","twitter_misc":{"Gesch\u00e4tzte Lesezeit":"6\u00a0Minuten"},"schema":{"@context":"https:\/\/schema.org","@graph":[{"@type":"WebPage","@id":"https:\/\/waldgl\u00fcck-pfalz.de\/?page_id=126","url":"https:\/\/waldgl\u00fcck-pfalz.de\/?page_id=126","name":"Die S\u00fcdpfalz &amp; Lage - Waldgl\u00fcck-Pfalz.de","isPartOf":{"@id":"https:\/\/waldgl\u00fcck-pfalz.de\/#website"},"datePublished":"2024-07-27T09:41:48+00:00","dateModified":"2025-01-23T15:54:57+00:00","description":"Urlaub in der S\u00fcdpfalz. Ferienwohnungen Waldgl\u00fcck sind der perfekte Ausgangspunkt f\u00fcr erholsame Tage inmitten der Natur.","breadcrumb":{"@id":"https:\/\/waldgl\u00fcck-pfalz.de\/?page_id=126#breadcrumb"},"inLanguage":"de","potentialAction":[{"@type":"ReadAction","target":["https:\/\/waldgl\u00fcck-pfalz.de\/?page_id=126"]}]},{"@type":"BreadcrumbList","@id":"https:\/\/waldgl\u00fcck-pfalz.de\/?page_id=126#breadcrumb","itemListElement":[{"@type":"ListItem","position":1,"name":"Startseite","item":"https:\/\/waldgl\u00fcck-pfalz.de\/"},{"@type":"ListItem","position":2,"name":"Die S\u00fcdpfalz &amp; Lage"}]},{"@type":"WebSite","@id":"https:\/\/waldgl\u00fcck-pfalz.de\/#website","url":"https:\/\/waldgl\u00fcck-pfalz.de\/","name":"Waldgl\u00fcck-Pfalz.de","description":"Ferienwohnung Waldgl\u00fcck, 76835 Gleisweiler Badstra\u00dfe 8-10","publisher":{"@id":"https:\/\/waldgl\u00fcck-pfalz.de\/#organization"},"potentialAction":[{"@type":"SearchAction","target":{"@type":"EntryPoint","urlTemplate":"https:\/\/waldgl\u00fcck-pfalz.de\/?s={search_term_string}"},"query-input":{"@type":"PropertyValueSpecification","valueRequired":true,"valueName":"search_term_string"}}],"inLanguage":"de"},{"@type":"Organization","@id":"https:\/\/waldgl\u00fcck-pfalz.de\/#organization","name":"Waldgl\u00fcck-Pfalz.de","url":"https:\/\/waldgl\u00fcck-pfalz.de\/","logo":{"@type":"ImageObject","inLanguage":"de","@id":"https:\/\/waldgl\u00fcck-pfalz.de\/#\/schema\/logo\/image\/","url":"https:\/\/waldgl\u00fcck-pfalz.de\/wp-content\/uploads\/2024\/09\/1.png","contentUrl":"https:\/\/waldgl\u00fcck-pfalz.de\/wp-content\/uploads\/2024\/09\/1.png","width":938,"height":938,"caption":"Waldgl\u00fcck-Pfalz.de"},"image":{"@id":"https:\/\/waldgl\u00fcck-pfalz.de\/#\/schema\/logo\/image\/"}}]}},"_links":{"self":[{"href":"https:\/\/waldgl\u00fcck-pfalz.de\/index.php?rest_route=\/wp\/v2\/pages\/126","targetHints":{"allow":["GET"]}}],"collection":[{"href":"https:\/\/waldgl\u00fcck-pfalz.de\/index.php?rest_route=\/wp\/v2\/pages"}],"about":[{"href":"https:\/\/waldgl\u00fcck-pfalz.de\/index.php?rest_route=\/wp\/v2\/types\/page"}],"author":[{"embeddable":true,"href":"https:\/\/waldgl\u00fcck-pfalz.de\/index.php?rest_route=\/wp\/v2\/users\/1"}],"replies":[{"embeddable":true,"href":"https:\/\/waldgl\u00fcck-pfalz.de\/index.php?rest_route=%2Fwp%2Fv2%2Fcomments&post=126"}],"version-history":[{"count":9,"href":"https:\/\/waldgl\u00fcck-pfalz.de\/index.php?rest_route=\/wp\/v2\/pages\/126\/revisions"}],"predecessor-version":[{"id":1094,"href":"https:\/\/waldgl\u00fcck-pfalz.de\/index.php?rest_route=\/wp\/v2\/pages\/126\/revisions\/1094"}],"wp:attachment":[{"href":"https:\/\/waldgl\u00fcck-pfalz.de\/index.php?rest_route=%2Fwp%2Fv2%2Fmedia&parent=126"}],"curies":[{"name":"wp","href":"https:\/\/api.w.org\/{rel}","templated":true}]}}