{"id":336,"date":"2024-08-02T16:45:12","date_gmt":"2024-08-02T14:45:12","guid":{"rendered":"https:\/\/waldgl\u00fcck-pfalz.de\/?page_id=336"},"modified":"2025-12-08T18:39:22","modified_gmt":"2025-12-08T17:39:22","slug":"ferienwohnungen","status":"publish","type":"page","link":"https:\/\/waldgl\u00fcck-pfalz.de\/?page_id=336","title":{"rendered":"Ferienwohnungen"},"content":{"rendered":"<div class=\"kb-row-layout-wrap kb-row-layout-id336_9f9f7d-f6 alignfull wp-block-kadence-rowlayout\"><div class=\"kt-row-column-wrap kt-has-1-columns kt-row-layout-equal kt-tab-layout-inherit kt-mobile-layout-row kt-row-valign-top\">\n\n<div class=\"wp-block-kadence-column kadence-column336_3b31ca-7a kb-section-dir-vertical inner-column-2\"><div class=\"kt-inside-inner-col\">\n<h2 class=\"kt-adv-heading336_e0f184-41 wp-block-kadence-advancedheading has-contrast-color has-text-color\" data-kb-block=\"kb-adv-heading336_e0f184-41\">Waldgl\u00fcck<sup>3<\/sup> <\/h2>\n\n\n\n<p class=\"has-text-align-center has-large-font-size\">Eure Auszeit in der Natur, wo Ruhe und Erholung zu Hause sind.<\/p>\n\n\n\n<p class=\"kt-adv-heading336_a1be70-48 wp-block-kadence-advancedheading\" data-kb-block=\"kb-adv-heading336_a1be70-48\">Jede der drei Ferienwohnungen so individuell wie eure Bed\u00fcrfnisse. Ob ihr als Paar, als Freunde, mit eurem Hund oder als Familie die Region erkunden m\u00f6chtet: Jede Wohnung ist ausgestattet mit Allem was es f\u00fcr einen angenehmen Aufenthalt ben\u00f6tigt. <\/p>\n<\/div><\/div>\n\n<\/div><\/div>\n\n<div class=\"kb-row-layout-wrap kb-row-layout-id336_d058d4-6f alignfull kt-row-has-bg wp-block-kadence-rowlayout\"><div class=\"kt-row-column-wrap kt-has-2-columns kt-row-layout-row kt-tab-layout-inherit kt-mobile-layout-row kt-row-valign-top\">\n\n<div class=\"wp-block-kadence-column kadence-column336_ef1e3a-26\"><div class=\"kt-inside-inner-col\">\n<div class=\"wp-block-kadence-column kadence-column336_da47ea-71\"><div class=\"kt-inside-inner-col\">\n<h3 class=\"kt-adv-heading336_702a2f-55 wp-block-kadence-advancedheading\" data-kb-block=\"kb-adv-heading336_702a2f-55\">Preise<\/h3>\n\n\n\n<p>Da die Preise sich je nach Wohnung und Saison unterscheiden, fragt f\u00fcr ein Angebot einfach \u00fcber unser Kontaktformular euren Reisezeitraum an.<\/p>\n\n\n\n<p><strong>Wenn ihr \u00fcber uns direkt bucht, spart ihr euch die Geb\u00fchr von booking.com oder AirBnb.<\/strong><\/p>\n<\/div><\/div>\n<\/div><\/div>\n\n\n\n<div class=\"wp-block-kadence-column kadence-column336_396c95-fb\"><div class=\"kt-inside-inner-col\"><\/div><\/div>\n\n<\/div><\/div>\n\n<div class=\"kb-row-layout-wrap kb-row-layout-id336_b378a3-a5 alignfull kt-row-has-bg wp-block-kadence-rowlayout\"><div class=\"kt-row-column-wrap kt-has-1-columns kt-row-layout-equal kt-tab-layout-inherit kt-mobile-layout-row kt-row-valign-top\">\n\n<div class=\"wp-block-kadence-column kadence-column336_983236-60\"><div class=\"kt-inside-inner-col\">\n<h2 class=\"wp-block-heading has-text-align-center has-x-large-font-size\"><a href=\"https:\/\/www.instagram.com\/waldglueck_pfalz\/\" target=\"_blank\" rel=\"noreferrer noopener\">Optionen<\/a><\/h2>\n\n\n\n<hr class=\"wp-block-separator has-alpha-channel-opacity is-style-wide\"\/>\n\n\n<div class=\"kb-row-layout-wrap kb-row-layout-id336_f912b9-f5 alignnone wp-block-kadence-rowlayout\"><div class=\"kt-row-column-wrap kt-has-3-columns kt-row-layout-equal kt-tab-layout-inherit kt-mobile-layout-row kt-row-valign-top\">\n\n<div class=\"wp-block-kadence-column kadence-column336_9436bb-45\"><div class=\"kt-inside-inner-col\">\n<h4 class=\"kt-adv-heading336_54cfbd-5b wp-block-kadence-advancedheading\" data-kb-block=\"kb-adv-heading336_54cfbd-5b\"><strong>Belegung<\/strong> <strong>&lt; 2 Personen<\/strong><\/h4>\n\n\n\n<p class=\"kt-adv-heading336_0a9b1f-b1 wp-block-kadence-advancedheading\" data-kb-block=\"kb-adv-heading336_0a9b1f-b1\">F\u00fcr jede zus\u00e4tzliche Person (ab der 3. Person) 5\u20ac pro Person pro Nacht<\/p>\n<\/div><\/div>\n\n\n\n<div class=\"wp-block-kadence-column kadence-column336_149932-70\"><div class=\"kt-inside-inner-col\">\n<h4 class=\"kt-adv-heading336_63b6ff-66 wp-block-kadence-advancedheading\" data-kb-block=\"kb-adv-heading336_63b6ff-66\"><strong>Hundepauschale<\/strong><\/h4>\n\n\n\n<p class=\"kt-adv-heading336_2c1c06-9a wp-block-kadence-advancedheading\" data-kb-block=\"kb-adv-heading336_2c1c06-9a\">Wir freuen uns wenn ihr euren vierbeinigen Freund mitbringt. <br>Je Hund berechnen wir 40\u20ac je Aufenthalt.<\/p>\n<\/div><\/div>\n\n\n\n<div class=\"wp-block-kadence-column kadence-column336_66d054-7f\"><div class=\"kt-inside-inner-col\">\n<h4 class=\"kt-adv-heading336_b75e52-cf wp-block-kadence-advancedheading\" data-kb-block=\"kb-adv-heading336_b75e52-cf\"><strong>Handtuchwechsel<\/strong><\/h4>\n\n\n\n<p class=\"kt-adv-heading336_538808-ad wp-block-kadence-advancedheading\" data-kb-block=\"kb-adv-heading336_538808-ad\">Wenn ihr l\u00e4nger wie 7 Tage bei uns seid wechseln wir gerne kostenlos die Handt\u00fccher zwischendurch f\u00fcr euch. <\/p>\n<\/div><\/div>\n\n<\/div><\/div><\/div><\/div>\n\n<\/div><\/div>\n\n<div class=\"kb-row-layout-wrap kb-row-layout-id336_82451d-c2 alignfull kt-row-has-bg wp-block-kadence-rowlayout\"><div class=\"kt-row-column-wrap kt-has-2-columns kt-row-layout-row kt-tab-layout-inherit kt-mobile-layout-row kt-row-valign-top\">\n\n<div class=\"wp-block-kadence-column kadence-column336_774475-14\"><div class=\"kt-inside-inner-col\">\n<div class=\"wp-block-kadence-column kadence-column336_fc1262-0b\"><div class=\"kt-inside-inner-col\">\n<h5 class=\"kt-adv-heading336_aaea9e-fd wp-block-kadence-advancedheading\" data-kb-block=\"kb-adv-heading336_aaea9e-fd\">Anzahlung &amp; Stornierung<\/h5>\n\n\n\n<p><strong>Bei Buchung fallen 20% als Anzahlung an &#8211; der Restbetrag wird 4 Wochen vor Anreise f\u00e4llig.<\/strong><\/p>\n\n\n\n<p class=\"has-text-align-left\">Solltet ihr euren Urlaub nicht antreten k\u00f6nnen, gelten folgende Stornierungsbedingungen:<br><br>1. Bis 4 Wochen vor Anreise k\u00f6nnt ihr kostenlos stornieren und erhaltet eure Anzahlung zur\u00fcck<br>2. Bis 7 Tage vor Anreise behalten wir die Anzahlung von 20% ein &#8211; eine Umbuchung ist kostenlos m\u00f6glich<br>3. Bei weniger wie 7 Tagen vor Anreise wird 100% des \u00dcbernachtungspreises f\u00e4llig und wir erstatten nur die Reinigungspauschale<\/p>\n<\/div><\/div>\n<\/div><\/div>\n\n\n\n<div class=\"wp-block-kadence-column kadence-column336_0177c3-2e\"><div class=\"kt-inside-inner-col\"><\/div><\/div>\n\n<\/div><\/div>\n\n<div class=\"kb-row-layout-wrap kb-row-layout-id336_32e7a7-ac alignfull wp-block-kadence-rowlayout\"><div class=\"kt-row-column-wrap kt-has-2-columns kt-row-layout-row kt-tab-layout-inherit kt-mobile-layout-row kt-row-valign-top\">\n\n<div class=\"wp-block-kadence-column kadence-column336_34ab58-6e\"><div class=\"kt-inside-inner-col\">\n<h2 class=\"kt-adv-heading336_779e47-4a wp-block-kadence-advancedheading has-contrast-color has-text-color\" data-kb-block=\"kb-adv-heading336_779e47-4a\">Ferienwohnungen<\/h2>\n\n\n<div class=\"kb-row-layout-wrap kb-row-layout-id336_430bc4-bc alignnone has-base-background-color kt-row-has-bg wp-block-kadence-rowlayout\"><div class=\"kt-row-column-wrap kt-has-3-columns kt-row-layout-equal kt-tab-layout-inherit kt-mobile-layout-row kt-row-valign-top\">\n\n<div class=\"wp-block-kadence-column kadence-column336_71fffe-6a\"><div class=\"kt-inside-inner-col\">\n<figure class=\"wp-block-kadence-image kb-image336_9159bf-f8 kb-image-is-ratio-size\"><div class=\"kb-is-ratio-image kb-image-ratio-land169\"><img loading=\"lazy\" decoding=\"async\" width=\"2048\" height=\"1536\" src=\"https:\/\/waldgl\u00fcck-pfalz.de\/wp-content\/uploads\/2024\/12\/FerienzimmerGleisweiler.webp\" alt=\"Urlaub mit Hund, Ferienwohnung Frankweiler, Ferienwohnung Gleisweiler, Urlaub S\u00fcdpfalz, Ferienwohnungen\" class=\"kb-img wp-image-1028\" srcset=\"https:\/\/waldgl\u00fcck-pfalz.de\/wp-content\/uploads\/2024\/12\/FerienzimmerGleisweiler.webp 2048w, https:\/\/waldgl\u00fcck-pfalz.de\/wp-content\/uploads\/2024\/12\/FerienzimmerGleisweiler-300x225.webp 300w, https:\/\/waldgl\u00fcck-pfalz.de\/wp-content\/uploads\/2024\/12\/FerienzimmerGleisweiler-1024x768.webp 1024w, https:\/\/waldgl\u00fcck-pfalz.de\/wp-content\/uploads\/2024\/12\/FerienzimmerGleisweiler-768x576.webp 768w, https:\/\/waldgl\u00fcck-pfalz.de\/wp-content\/uploads\/2024\/12\/FerienzimmerGleisweiler-1536x1152.webp 1536w\" sizes=\"auto, (max-width: 2048px) 100vw, 2048px\" \/><\/div><\/figure>\n\n\n\n<div class=\"wp-block-kadence-column kadence-column336_c85fe7-cf\"><div class=\"kt-inside-inner-col\">\n<div class=\"kt-adv-heading336_41b2c2-c5 wp-block-kadence-advancedheading has-theme-palette-3-color has-text-color\" data-kb-block=\"kb-adv-heading336_41b2c2-c5\">Das Grosse Gl\u00fcck<\/div>\n\n\n\n<h3 class=\"kt-adv-heading336_bd195f-79 wp-block-kadence-advancedheading has-theme-palette-3-color has-text-color\" data-kb-block=\"kb-adv-heading336_bd195f-79\">f\u00fcr 2 Personen<\/h3>\n\n\n\n<p class=\"has-medium-font-size\">30 qm. Terrasse. <br>Creme trifft Wei\u00df &#8211; Holz trifft Eleganz.<\/p>\n\n\n\n<div class=\"wp-block-kadence-advancedbtn kb-buttons-wrap kb-btns336_d0b91c-8e\"><a class=\"kb-button kt-button button kb-btn336_c00465-47 kt-btn-size-large kt-btn-width-type-auto kb-btn-global-outline  kt-btn-has-text-true kt-btn-has-svg-true  wp-block-kadence-singlebtn\" href=\"https:\/\/waldgl\u00fcck-pfalz.de\/?page_id=35\"><span class=\"kt-btn-inner-text\">mehr Infos<\/span><span class=\"kb-svg-icon-wrap kb-svg-icon-fe_arrowRight kt-btn-icon-side-right\"><svg viewBox=\"0 0 24 24\"  fill=\"none\" stroke=\"currentColor\" stroke-width=\"2\" stroke-linecap=\"round\" stroke-linejoin=\"round\" xmlns=\"http:\/\/www.w3.org\/2000\/svg\"  aria-hidden=\"true\"><line x1=\"5\" y1=\"12\" x2=\"19\" y2=\"12\"\/><polyline points=\"12 5 19 12 12 19\"\/><\/svg><\/span><\/a><\/div>\n<\/div><\/div>\n<\/div><\/div>\n\n\n\n<div class=\"wp-block-kadence-column kadence-column336_c3b945-db\"><div class=\"kt-inside-inner-col\">\n<figure class=\"wp-block-kadence-image kb-image336_5a19a3-8d size-large kb-image-is-ratio-size\"><div class=\"kb-is-ratio-image kb-image-ratio-land169\"><img loading=\"lazy\" decoding=\"async\" width=\"1024\" height=\"768\" src=\"https:\/\/waldgl\u00fcck-pfalz.de\/wp-content\/uploads\/2025\/07\/PfaelzerWeinsteigUnterkunft-1024x768.webp\" alt=\"Ferienwohnung Landau, Ferienwohnung S\u00fcdpfalz, Unterkunft Gleisweiler, Ferienwohnung Gleisweiler, Unterkunft Annweiler, \u00dcbernachten Gleisweiler, Wandern Pfalz, Weinsteig Pfalz \u00dcbernachtung\" class=\"kb-img wp-image-1202\" srcset=\"https:\/\/waldgl\u00fcck-pfalz.de\/wp-content\/uploads\/2025\/07\/PfaelzerWeinsteigUnterkunft-1024x768.webp 1024w, https:\/\/waldgl\u00fcck-pfalz.de\/wp-content\/uploads\/2025\/07\/PfaelzerWeinsteigUnterkunft-300x225.webp 300w, https:\/\/waldgl\u00fcck-pfalz.de\/wp-content\/uploads\/2025\/07\/PfaelzerWeinsteigUnterkunft-768x576.webp 768w, https:\/\/waldgl\u00fcck-pfalz.de\/wp-content\/uploads\/2025\/07\/PfaelzerWeinsteigUnterkunft-1536x1152.webp 1536w, https:\/\/waldgl\u00fcck-pfalz.de\/wp-content\/uploads\/2025\/07\/PfaelzerWeinsteigUnterkunft-2048x1536.webp 2048w\" sizes=\"auto, (max-width: 1024px) 100vw, 1024px\" \/><\/div><\/figure>\n\n\n\n<div class=\"wp-block-kadence-column kadence-column336_228ac3-78\"><div class=\"kt-inside-inner-col\">\n<div class=\"kt-adv-heading336_d3596c-cc wp-block-kadence-advancedheading\" data-kb-block=\"kb-adv-heading336_d3596c-cc\">das Wander Gl\u00fcck<\/div>\n\n\n\n<h3 class=\"kt-adv-heading336_c8d1f2-f1 wp-block-kadence-advancedheading has-theme-palette-3-color has-text-color\" data-kb-block=\"kb-adv-heading336_c8d1f2-f1\">f\u00fcr 2 Personen<\/h3>\n\n\n\n<p class=\"kt-adv-heading336_56b66c-c8 wp-block-kadence-advancedheading has-theme-palette-3-color has-text-color\" data-kb-block=\"kb-adv-heading336_56b66c-c8\">25 qm. Gro\u00dfe K\u00fcche.<br>Beige trifft Gr\u00fcn &#8211; Holz trifft Gem\u00fctlichkeit<\/p>\n\n\n\n<div class=\"wp-block-kadence-advancedbtn kb-buttons-wrap kb-btns336_dad590-c9\"><a class=\"kb-button kt-button button kb-btn336_ce6d6f-e5 kt-btn-size-large kt-btn-width-type-auto kb-btn-global-outline  kt-btn-has-text-true kt-btn-has-svg-true  wp-block-kadence-singlebtn\" href=\"https:\/\/waldgl\u00fcck-pfalz.de\/?page_id=631\"><span class=\"kt-btn-inner-text\">mehr Infos<\/span><span class=\"kb-svg-icon-wrap kb-svg-icon-fe_arrowRight kt-btn-icon-side-right\"><svg viewBox=\"0 0 24 24\"  fill=\"none\" stroke=\"currentColor\" stroke-width=\"2\" stroke-linecap=\"round\" stroke-linejoin=\"round\" xmlns=\"http:\/\/www.w3.org\/2000\/svg\"  aria-hidden=\"true\"><line x1=\"5\" y1=\"12\" x2=\"19\" y2=\"12\"\/><polyline points=\"12 5 19 12 12 19\"\/><\/svg><\/span><\/a><\/div>\n<\/div><\/div>\n<\/div><\/div>\n\n\n\n<div class=\"wp-block-kadence-column kadence-column336_49b2f3-57\"><div class=\"kt-inside-inner-col\">\n<figure class=\"wp-block-kadence-image kb-image336_41ba00-46 size-full kb-image-is-ratio-size\"><div class=\"kb-is-ratio-image kb-image-ratio-land169\"><img loading=\"lazy\" decoding=\"async\" width=\"1000\" height=\"750\" src=\"https:\/\/waldgl\u00fcck-pfalz.de\/wp-content\/uploads\/2024\/12\/UrlaubPfalzmitKindern.webp\" alt=\"Ferienwohnung Pfalz, Ferienwohnung Gleisweiler, Ferienwohnung, Pfalz, Ferienappartement, S\u00fcdpfalz, Fewo, Gleisweiler, Weinstra\u00dfe, Landau, Waldgl\u00fcck, Ferienwohnungen\" class=\"kb-img wp-image-967\" srcset=\"https:\/\/waldgl\u00fcck-pfalz.de\/wp-content\/uploads\/2024\/12\/UrlaubPfalzmitKindern.webp 1000w, https:\/\/waldgl\u00fcck-pfalz.de\/wp-content\/uploads\/2024\/12\/UrlaubPfalzmitKindern-300x225.webp 300w, https:\/\/waldgl\u00fcck-pfalz.de\/wp-content\/uploads\/2024\/12\/UrlaubPfalzmitKindern-768x576.webp 768w\" sizes=\"auto, (max-width: 1000px) 100vw, 1000px\" \/><\/div><\/figure>\n\n\n\n<div class=\"wp-block-kadence-column kadence-column336_8a383a-d8\"><div class=\"kt-inside-inner-col\">\n<div class=\"kt-adv-heading336_8ee7a5-74 wp-block-kadence-advancedheading has-theme-palette-3-color has-text-color\" data-kb-block=\"kb-adv-heading336_8ee7a5-74\">das Familien gl\u00fcck<\/div>\n\n\n\n<h3 class=\"kt-adv-heading336_5cf0f9-e7 wp-block-kadence-advancedheading has-theme-palette-3-color has-text-color\" data-kb-block=\"kb-adv-heading336_5cf0f9-e7\">f\u00fcr 2 Erwachsene und 2 Kinder<\/h3>\n\n\n\n<p class=\"kt-adv-heading336_7d2562-5d wp-block-kadence-advancedheading has-theme-palette-3-color has-text-color\" data-kb-block=\"kb-adv-heading336_7d2562-5d\">38 qm. Familientauglich.<br>Moosgr\u00fcn mit Holz. Beige trifft Ocker. <\/p>\n\n\n\n<div class=\"wp-block-kadence-advancedbtn kb-buttons-wrap kb-btns336_f105c8-a3\"><a class=\"kb-button kt-button button kb-btn336_13361a-ee kt-btn-size-large kt-btn-width-type-auto kb-btn-global-outline  kt-btn-has-text-true kt-btn-has-svg-true  wp-block-kadence-singlebtn\" href=\"https:\/\/waldgl\u00fcck-pfalz.de\/?page_id=696\"><span class=\"kt-btn-inner-text\">mehr Infos<\/span><span class=\"kb-svg-icon-wrap kb-svg-icon-fe_arrowRight kt-btn-icon-side-right\"><svg viewBox=\"0 0 24 24\"  fill=\"none\" stroke=\"currentColor\" stroke-width=\"2\" stroke-linecap=\"round\" stroke-linejoin=\"round\" xmlns=\"http:\/\/www.w3.org\/2000\/svg\"  aria-hidden=\"true\"><line x1=\"5\" y1=\"12\" x2=\"19\" y2=\"12\"\/><polyline points=\"12 5 19 12 12 19\"\/><\/svg><\/span><\/a><\/div>\n<\/div><\/div>\n<\/div><\/div>\n\n<\/div><\/div><\/div><\/div>\n\n\n\n<div class=\"wp-block-kadence-column kadence-column336_1007cb-7b\"><div class=\"kt-inside-inner-col\"><\/div><\/div>\n\n<\/div><\/div>\n\n<div class=\"kb-row-layout-wrap kb-row-layout-id336_1c196c-b6 alignfull wp-block-kadence-rowlayout\"><div class=\"kt-row-column-wrap kt-has-2-columns kt-row-layout-row kt-tab-layout-inherit kt-mobile-layout-row kt-row-valign-top\">\n\n<div class=\"wp-block-kadence-column kadence-column336_804f78-67\"><div class=\"kt-inside-inner-col\">\n<h2 class=\"kt-adv-heading336_28847d-ca wp-block-kadence-advancedheading has-contrast-color has-text-color\" data-kb-block=\"kb-adv-heading336_28847d-ca\">Verf\u00fcgbarkeitskalender<\/h2>\n\n\n<div class=\"kb-row-layout-wrap kb-row-layout-id336_2e8843-83 alignnone has-base-background-color kt-row-has-bg wp-block-kadence-rowlayout\"><div class=\"kt-row-column-wrap kt-has-3-columns kt-row-layout-equal kt-tab-layout-inherit kt-mobile-layout-row kt-row-valign-top\">\n\n<div class=\"wp-block-kadence-column kadence-column336_9ed380-f1\"><div class=\"kt-inside-inner-col\">\n<div class=\"wp-block-kadence-column kadence-column336_5060e7-5a\"><div class=\"kt-inside-inner-col\">\n<div class=\"kt-adv-heading336_bde0c6-be wp-block-kadence-advancedheading has-theme-palette-3-color has-text-color\" data-kb-block=\"kb-adv-heading336_bde0c6-be\">Das Grosse Gl\u00fcck<\/div>\n\n\n\n<p><\/p>\n\n\n\n<div id=\"smoobuApartment2296536de\" class=\"calendarWidget\"> <div class=\"calendarContent\" data-load-calendar-url=\"https:\/\/login.smoobu.com\/de\/cockpit\/widget\/single-calendar\/2296536\" data-verification=\"cd461aaf714f0fcc705adde76b15d59394ee4160a9c079bb3fe47048d0fb8d59\" data-baseUrl=\"https:\/\/login.smoobu.com\" data-disable-css=\"false\" ><\/div> <script type=\"text\/javascript\" src=\"https:\/\/login.smoobu.com\/js\/Apartment\/CalendarWidget.js\"><\/script><\/div>\n\n\n\n<h3 class=\"kt-adv-heading336_096ac7-20 wp-block-kadence-advancedheading has-theme-palette-3-color has-text-color\" data-kb-block=\"kb-adv-heading336_096ac7-20\">f\u00fcr 2 Personen<\/h3>\n\n\n\n<div class=\"wp-block-kadence-advancedbtn kb-buttons-wrap kb-btns336_616045-48\"><a class=\"kb-button kt-button button kb-btn336_4ccc9d-7e kt-btn-size-large kt-btn-width-type-auto kb-btn-global-outline  kt-btn-has-text-true kt-btn-has-svg-true  wp-block-kadence-singlebtn\" href=\"https:\/\/waldgl\u00fcck-pfalz.de\/?page_id=35\"><span class=\"kt-btn-inner-text\">mehr Infos<\/span><span class=\"kb-svg-icon-wrap kb-svg-icon-fe_arrowRight kt-btn-icon-side-right\"><svg viewBox=\"0 0 24 24\"  fill=\"none\" stroke=\"currentColor\" stroke-width=\"2\" stroke-linecap=\"round\" stroke-linejoin=\"round\" xmlns=\"http:\/\/www.w3.org\/2000\/svg\"  aria-hidden=\"true\"><line x1=\"5\" y1=\"12\" x2=\"19\" y2=\"12\"\/><polyline points=\"12 5 19 12 12 19\"\/><\/svg><\/span><\/a><\/div>\n<\/div><\/div>\n<\/div><\/div>\n\n\n\n<div class=\"wp-block-kadence-column kadence-column336_4d4aab-74\"><div class=\"kt-inside-inner-col\">\n<div class=\"wp-block-kadence-column kadence-column336_db0907-3a\"><div class=\"kt-inside-inner-col\">\n<div class=\"kt-adv-heading336_ee92d3-02 wp-block-kadence-advancedheading\" data-kb-block=\"kb-adv-heading336_ee92d3-02\">das Wander Gl\u00fcck<\/div>\n\n\n\n<p><\/p>\n\n\n\n<div id=\"smoobuApartment2298584de\" class=\"calendarWidget\"> <div class=\"calendarContent\" data-load-calendar-url=\"https:\/\/login.smoobu.com\/de\/cockpit\/widget\/single-calendar\/2298584\" data-verification=\"5752039f868ffabf797dd1b32be15983792f948e419845f2b6795c2463e83093\" data-baseUrl=\"https:\/\/login.smoobu.com\" data-disable-css=\"false\" ><\/div> <script type=\"text\/javascript\" src=\"https:\/\/login.smoobu.com\/js\/Apartment\/CalendarWidget.js\"><\/script><\/div>\n\n\n\n<h3 class=\"kt-adv-heading336_b63310-c4 wp-block-kadence-advancedheading has-theme-palette-3-color has-text-color\" data-kb-block=\"kb-adv-heading336_b63310-c4\">f\u00fcr 2 Personen<\/h3>\n\n\n\n<div class=\"wp-block-kadence-advancedbtn kb-buttons-wrap kb-btns336_2c2c27-6d\"><a class=\"kb-button kt-button button kb-btn336_da5c5f-af kt-btn-size-large kt-btn-width-type-auto kb-btn-global-outline  kt-btn-has-text-true kt-btn-has-svg-true  wp-block-kadence-singlebtn\" href=\"https:\/\/waldgl\u00fcck-pfalz.de\/?page_id=631\"><span class=\"kt-btn-inner-text\">mehr Infos<\/span><span class=\"kb-svg-icon-wrap kb-svg-icon-fe_arrowRight kt-btn-icon-side-right\"><svg viewBox=\"0 0 24 24\"  fill=\"none\" stroke=\"currentColor\" stroke-width=\"2\" stroke-linecap=\"round\" stroke-linejoin=\"round\" xmlns=\"http:\/\/www.w3.org\/2000\/svg\"  aria-hidden=\"true\"><line x1=\"5\" y1=\"12\" x2=\"19\" y2=\"12\"\/><polyline points=\"12 5 19 12 12 19\"\/><\/svg><\/span><\/a><\/div>\n<\/div><\/div>\n\n\n<\/div><\/div>\n\n\n\n<div class=\"wp-block-kadence-column kadence-column336_a6938c-e0\"><div class=\"kt-inside-inner-col\">\n<div class=\"wp-block-kadence-column kadence-column336_2f4cbf-80\"><div class=\"kt-inside-inner-col\">\n<div class=\"kt-adv-heading336_6b3816-12 wp-block-kadence-advancedheading has-theme-palette-3-color has-text-color\" data-kb-block=\"kb-adv-heading336_6b3816-12\">das Familien gl\u00fcck<\/div>\n\n\n\n<p><\/p>\n\n\n\n<div id=\"smoobuApartment2298579de\" class=\"calendarWidget\"> <div class=\"calendarContent\" data-load-calendar-url=\"https:\/\/login.smoobu.com\/de\/cockpit\/widget\/single-calendar\/2298579\" data-verification=\"79a20a53da123f9dce1731b2c35430dbfc13a1a03d323efe8f40cb7d283797e0\" data-baseUrl=\"https:\/\/login.smoobu.com\" data-disable-css=\"false\" ><\/div> <script type=\"text\/javascript\" src=\"https:\/\/login.smoobu.com\/js\/Apartment\/CalendarWidget.js\"><\/script><\/div>\n\n\n\n<h3 class=\"kt-adv-heading336_a7f59c-4f wp-block-kadence-advancedheading has-theme-palette-3-color has-text-color\" data-kb-block=\"kb-adv-heading336_a7f59c-4f\">f\u00fcr 2 Erwachsene und 2 Kinder<\/h3>\n\n\n\n<div class=\"wp-block-kadence-advancedbtn kb-buttons-wrap kb-btns336_0c63c3-b6\"><a class=\"kb-button kt-button button kb-btn336_502877-52 kt-btn-size-large kt-btn-width-type-auto kb-btn-global-outline  kt-btn-has-text-true kt-btn-has-svg-true  wp-block-kadence-singlebtn\" href=\"https:\/\/waldgl\u00fcck-pfalz.de\/?page_id=696\"><span class=\"kt-btn-inner-text\">mehr Infos<\/span><span class=\"kb-svg-icon-wrap kb-svg-icon-fe_arrowRight kt-btn-icon-side-right\"><svg viewBox=\"0 0 24 24\"  fill=\"none\" stroke=\"currentColor\" stroke-width=\"2\" stroke-linecap=\"round\" stroke-linejoin=\"round\" xmlns=\"http:\/\/www.w3.org\/2000\/svg\"  aria-hidden=\"true\"><line x1=\"5\" y1=\"12\" x2=\"19\" y2=\"12\"\/><polyline points=\"12 5 19 12 12 19\"\/><\/svg><\/span><\/a><\/div>\n<\/div><\/div>\n<\/div><\/div>\n\n<\/div><\/div><\/div><\/div>\n\n\n\n<div class=\"wp-block-kadence-column kadence-column336_e20d79-55\"><div class=\"kt-inside-inner-col\"><\/div><\/div>\n\n<\/div><\/div>\n\n<div class=\"kb-row-layout-wrap kb-row-layout-id336_5de6ef-18 alignfull kt-row-has-bg wp-block-kadence-rowlayout\"><div class=\"kt-row-column-wrap kt-has-2-columns kt-row-layout-row kt-tab-layout-inherit kt-mobile-layout-row kt-row-valign-top\">\n\n<div class=\"wp-block-kadence-column kadence-column336_f73075-29\"><div class=\"kt-inside-inner-col\"><div class=\"kb-row-layout-wrap kb-row-layout-id336_2e8b3b-76 alignnone wp-block-kadence-rowlayout\"><div class=\"kt-row-column-wrap kt-has-2-columns kt-row-layout-equal kt-tab-layout-row kt-mobile-layout-row kt-row-valign-top kt-inner-column-height-full\">\n\n<div class=\"wp-block-kadence-column kadence-column336_a34b77-a3 kb-section-dir-vertical kb-section-md-dir-vertical\"><div class=\"kt-inside-inner-col\">\n<div class=\"wp-block-kadence-spacer aligncenter kt-block-spacer-336_11776d-5d\"><div class=\"kt-block-spacer kt-block-spacer-halign-center\"><\/div><\/div>\n<\/div><\/div>\n\n\n\n<div class=\"wp-block-kadence-column kadence-column336_e43661-8c kb-section-dir-vertical kb-section-md-dir-vertical\"><div class=\"kt-inside-inner-col\">\n<h2 class=\"kt-adv-heading336_07da08-c5 wp-block-kadence-advancedheading has-theme-palette-3-color has-text-color\" data-kb-block=\"kb-adv-heading336_07da08-c5\">Das Haus<\/h2>\n\n\n\n<p class=\"kt-adv-heading336_c18262-c3 wp-block-kadence-advancedheading has-theme-palette-3-color has-text-color\" data-kb-block=\"kb-adv-heading336_c18262-c3\">Unser Waldgl\u00fcck besteht aus zwei Geb\u00e4uden &#8211; einmal die Hausnummer 8, hier befindet sich das <strong>Gro\u00dfe Gl\u00fcck<\/strong>. Und in der Hausnummer 10 sind das <strong>Wander Gl\u00fcck &amp; Familien Gl\u00fcck<\/strong> zu finden. <br>Die Terrasse schlie\u00dft sich an die Ferienwohnung <strong><a href=\"https:\/\/waldgl\u00fcck-pfalz.de\/?page_id=35\">Gro\u00dfes Gl\u00fcck<\/a><\/strong> an.<\/p>\n<\/div><\/div>\n\n<\/div><\/div><\/div><\/div>\n\n\n\n<div class=\"wp-block-kadence-column kadence-column336_c99224-d6\"><div class=\"kt-inside-inner-col\"><\/div><\/div>\n\n<\/div><\/div>\n\n<div class=\"kb-row-layout-wrap kb-row-layout-id336_d56da1-ba alignfull wp-block-kadence-rowlayout\"><div class=\"kt-row-column-wrap kt-has-2-columns kt-row-layout-row kt-tab-layout-inherit kt-mobile-layout-row kt-row-valign-top\">\n\n<div class=\"wp-block-kadence-column kadence-column336_79ed92-49\"><div class=\"kt-inside-inner-col\"><div class=\"kb-row-layout-wrap kb-row-layout-id336_8c4574-9e alignnone wp-block-kadence-rowlayout\"><div class=\"kt-row-column-wrap kt-has-2-columns kt-row-layout-equal kt-tab-layout-row kt-mobile-layout-row kt-row-valign-top kt-inner-column-height-full\">\n\n<div class=\"wp-block-kadence-column kadence-column336_aeb41d-45 kb-section-dir-vertical kb-section-md-dir-vertical\"><div class=\"kt-inside-inner-col\">\n<h2 class=\"kt-adv-heading336_665459-ea wp-block-kadence-advancedheading has-theme-palette-3-color has-text-color\" data-kb-block=\"kb-adv-heading336_665459-ea\">Das Grundst\u00fcck<\/h2>\n\n\n\n<p class=\"kt-adv-heading336_1e6d9a-c0 wp-block-kadence-advancedheading has-theme-palette-3-color has-text-color\" data-kb-block=\"kb-adv-heading336_1e6d9a-c0\">Auf 500qm erstreckt sich unser Gel\u00e4nde mit Wald. K\u00fcnftig werden hier eine Feuerstelle und Yogaplatz entstehen. <\/p>\n<\/div><\/div>\n\n\n\n<div class=\"wp-block-kadence-column kadence-column336_0576d7-29 kb-section-dir-vertical kb-section-md-dir-vertical\"><div class=\"kt-inside-inner-col\">\n<div class=\"wp-block-kadence-spacer aligncenter kt-block-spacer-336_566de5-bc\"><div class=\"kt-block-spacer kt-block-spacer-halign-center\"><\/div><\/div>\n<\/div><\/div>\n\n<\/div><\/div><\/div><\/div>\n\n\n\n<div class=\"wp-block-kadence-column kadence-column336_d3152a-8b\"><div class=\"kt-inside-inner-col\"><\/div><\/div>\n\n<\/div><\/div>\n\n\n<div style=\"height:100px\" aria-hidden=\"true\" class=\"wp-block-spacer\"><\/div>\n\n\n<div class=\"kb-row-layout-wrap kb-row-layout-id471_11eeda-a1 alignfull wp-block-kadence-rowlayout\"><div class=\"kt-row-column-wrap kt-has-2-columns kt-row-layout-equal kt-tab-layout-inherit kt-mobile-layout-row kt-row-valign-middle\">\n\n<div class=\"wp-block-kadence-column kadence-column471_e4dd0c-d8\"><div class=\"kt-inside-inner-col\"><div class=\"kb-google-maps-container kb-google-maps-container471_91b72c-26  wp-block-kadence-googlemaps\" data-mapid=\"471_91b72c26\"><iframe width=\"100%\" height=\"100%\"\n\t\t\t\t\t\t\tstyle=\"border:0\" loading=\"lazy\"\n\t\t\t\t\t\t\tsrc=\"https:\/\/www.google.com\/maps\/embed\/v1\/place?key=AIzaSyBAM2o7PiQqwk15LC1XRH2e_KJ-jUa7KYk&#038;zoom=16&#038;maptype=satellite&#038;q=Waldgl%C3%BCck+Gleisweiler\"\n\t\t\t\t\t\t\ttitle=\"Google-Karte f\u00fcr Waldgl\u00fcck Gleisweiler\"><\/iframe><\/div><script>function kb_google_map471_91b72c26() { let center = { lat: 37.8201, lng: -122.4781}; let map = new google.maps.Map(document.getElementById(\"kb-google-map471_91b72c26\"), {\n\t\t\t\t\t    zoom: 16,\n\t\t\t\t\t    center: center,mapTypeId: \"satellite\",});let marker = new google.maps.Marker({   position: { lat: 37.8201, lng: -122.4781},    map: map,  });}<\/script><\/div><\/div>\n\n\n\n<div class=\"wp-block-kadence-column kadence-column471_a3927c-84\"><div class=\"kt-inside-inner-col\">\n<h2 class=\"kt-adv-heading471_213d8f-9f wp-block-kadence-advancedheading has-theme-palette-3-color has-text-color\" data-kb-block=\"kb-adv-heading471_213d8f-9f\">So findet ihr uns<\/h2>\n\n\n\n<div class=\"kt-adv-heading471_1af1fc-a2 wp-block-kadence-advancedheading has-theme-palette-3-color has-text-color\" data-kb-block=\"kb-adv-heading471_1af1fc-a2\">Schreibe uns gerne bei Fragen eine Mail oder ruf uns an<\/div>\n\n\n<div class=\"kb-row-layout-wrap kb-row-layout-id471_45bc64-88 alignnone wp-block-kadence-rowlayout\"><div class=\"kt-row-column-wrap kt-has-1-columns kt-row-layout-equal kt-tab-layout-inherit kt-mobile-layout-row kt-row-valign-top\">\n\n<div class=\"wp-block-kadence-column kadence-column471_2e8852-e1 kb-section-dir-vertical\"><div class=\"kt-inside-inner-col\">\n<div class=\"kt-adv-heading471_2973da-87 wp-block-kadence-advancedheading has-theme-palette-3-color has-text-color\" data-kb-block=\"kb-adv-heading471_2973da-87\"><a href=\"mailto:hallo@waldglueck-pfalz.de\">hallo@waldglueck-pfalz.de<\/a><\/div>\n\n\n\n<div class=\"kt-adv-heading471_171b9f-71 wp-block-kadence-advancedheading has-theme-palette-3-color has-text-color\" data-kb-block=\"kb-adv-heading471_171b9f-71\">017669604153<\/div>\n\n\n\n<div class=\"kt-adv-heading471_85e60e-34 wp-block-kadence-advancedheading has-theme-palette-3-color has-text-color\" data-kb-block=\"kb-adv-heading471_85e60e-34\">Badstra\u00dfe 8-10 76835 Gleisweiler<\/div>\n<\/div><\/div>\n\n<\/div><\/div><\/div><\/div>\n\n<\/div><\/div>","protected":false},"excerpt":{"rendered":"<p>Waldgl\u00fcck3 Eure Auszeit in der Natur, wo Ruhe und Erholung zu Hause sind. Jede der drei Ferienwohnungen so individuell wie eure Bed\u00fcrfnisse. Ob ihr als Paar, als Freunde, mit eurem Hund oder als Familie die Region erkunden m\u00f6chtet: Jede Wohnung ist ausgestattet mit Allem was es f\u00fcr einen angenehmen Aufenthalt ben\u00f6tigt. Preise Da die Preise [&hellip;]<\/p>\n","protected":false},"author":1,"featured_media":0,"parent":0,"menu_order":0,"comment_status":"closed","ping_status":"closed","template":"page-no-title","meta":{"footnotes":""},"class_list":["post-336","page","type-page","status-publish","hentry"],"yoast_head":"<!-- This site is optimized with the Yoast SEO plugin v27.5 - https:\/\/yoast.com\/product\/yoast-seo-wordpress\/ -->\n<title>Ferienwohnungen - Waldgl\u00fcck-Pfalz.de<\/title>\n<meta name=\"description\" content=\"Urlaub in der Pfalz, Zwischen Wald und Weinbergen die Seele baumeln lassen, Ferienwohnungen Urlaub Gleisweiler,\" \/>\n<meta name=\"robots\" content=\"index, follow, max-snippet:-1, max-image-preview:large, max-video-preview:-1\" \/>\n<link rel=\"canonical\" href=\"https:\/\/waldgl\u00fcck-pfalz.de\/?page_id=336\" \/>\n<meta property=\"og:locale\" content=\"de_DE\" \/>\n<meta property=\"og:type\" content=\"article\" \/>\n<meta property=\"og:title\" content=\"Ferienwohnungen - Waldgl\u00fcck-Pfalz.de\" \/>\n<meta property=\"og:description\" content=\"Urlaub in der Pfalz, Zwischen Wald und Weinbergen die Seele baumeln lassen, Ferienwohnungen Urlaub Gleisweiler,\" \/>\n<meta property=\"og:url\" content=\"https:\/\/waldgl\u00fcck-pfalz.de\/?page_id=336\" \/>\n<meta property=\"og:site_name\" content=\"Waldgl\u00fcck-Pfalz.de\" \/>\n<meta property=\"article:modified_time\" content=\"2025-12-08T17:39:22+00:00\" \/>\n<meta name=\"twitter:card\" content=\"summary_large_image\" \/>\n<meta name=\"twitter:label1\" content=\"Gesch\u00e4tzte Lesezeit\" \/>\n\t<meta name=\"twitter:data1\" content=\"3\u00a0Minuten\" \/>\n<script type=\"application\/ld+json\" class=\"yoast-schema-graph\">{\"@context\":\"https:\\\/\\\/schema.org\",\"@graph\":[{\"@type\":\"WebPage\",\"@id\":\"https:\\\/\\\/waldgl\u00fcck-pfalz.de\\\/?page_id=336\",\"url\":\"https:\\\/\\\/waldgl\u00fcck-pfalz.de\\\/?page_id=336\",\"name\":\"Ferienwohnungen - Waldgl\u00fcck-Pfalz.de\",\"isPartOf\":{\"@id\":\"https:\\\/\\\/waldgl\u00fcck-pfalz.de\\\/#website\"},\"datePublished\":\"2024-08-02T14:45:12+00:00\",\"dateModified\":\"2025-12-08T17:39:22+00:00\",\"description\":\"Urlaub in der Pfalz, Zwischen Wald und Weinbergen die Seele baumeln lassen, Ferienwohnungen Urlaub Gleisweiler,\",\"breadcrumb\":{\"@id\":\"https:\\\/\\\/waldgl\u00fcck-pfalz.de\\\/?page_id=336#breadcrumb\"},\"inLanguage\":\"de\",\"potentialAction\":[{\"@type\":\"ReadAction\",\"target\":[\"https:\\\/\\\/waldgl\u00fcck-pfalz.de\\\/?page_id=336\"]}]},{\"@type\":\"BreadcrumbList\",\"@id\":\"https:\\\/\\\/waldgl\u00fcck-pfalz.de\\\/?page_id=336#breadcrumb\",\"itemListElement\":[{\"@type\":\"ListItem\",\"position\":1,\"name\":\"Startseite\",\"item\":\"https:\\\/\\\/waldgl\u00fcck-pfalz.de\\\/\"},{\"@type\":\"ListItem\",\"position\":2,\"name\":\"Ferienwohnungen\"}]},{\"@type\":\"WebSite\",\"@id\":\"https:\\\/\\\/waldgl\u00fcck-pfalz.de\\\/#website\",\"url\":\"https:\\\/\\\/waldgl\u00fcck-pfalz.de\\\/\",\"name\":\"Waldgl\u00fcck-Pfalz.de\",\"description\":\"Ferienwohnung Waldgl\u00fcck, 76835 Gleisweiler Badstra\u00dfe 8-10\",\"publisher\":{\"@id\":\"https:\\\/\\\/waldgl\u00fcck-pfalz.de\\\/#organization\"},\"potentialAction\":[{\"@type\":\"SearchAction\",\"target\":{\"@type\":\"EntryPoint\",\"urlTemplate\":\"https:\\\/\\\/waldgl\u00fcck-pfalz.de\\\/?s={search_term_string}\"},\"query-input\":{\"@type\":\"PropertyValueSpecification\",\"valueRequired\":true,\"valueName\":\"search_term_string\"}}],\"inLanguage\":\"de\"},{\"@type\":\"Organization\",\"@id\":\"https:\\\/\\\/waldgl\u00fcck-pfalz.de\\\/#organization\",\"name\":\"Waldgl\u00fcck-Pfalz.de\",\"url\":\"https:\\\/\\\/waldgl\u00fcck-pfalz.de\\\/\",\"logo\":{\"@type\":\"ImageObject\",\"inLanguage\":\"de\",\"@id\":\"https:\\\/\\\/waldgl\u00fcck-pfalz.de\\\/#\\\/schema\\\/logo\\\/image\\\/\",\"url\":\"https:\\\/\\\/waldgl\u00fcck-pfalz.de\\\/wp-content\\\/uploads\\\/2024\\\/09\\\/1.png\",\"contentUrl\":\"https:\\\/\\\/waldgl\u00fcck-pfalz.de\\\/wp-content\\\/uploads\\\/2024\\\/09\\\/1.png\",\"width\":938,\"height\":938,\"caption\":\"Waldgl\u00fcck-Pfalz.de\"},\"image\":{\"@id\":\"https:\\\/\\\/waldgl\u00fcck-pfalz.de\\\/#\\\/schema\\\/logo\\\/image\\\/\"}}]}<\/script>\n<!-- \/ Yoast SEO plugin. -->","yoast_head_json":{"title":"Ferienwohnungen - Waldgl\u00fcck-Pfalz.de","description":"Urlaub in der Pfalz, Zwischen Wald und Weinbergen die Seele baumeln lassen, Ferienwohnungen Urlaub Gleisweiler,","robots":{"index":"index","follow":"follow","max-snippet":"max-snippet:-1","max-image-preview":"max-image-preview:large","max-video-preview":"max-video-preview:-1"},"canonical":"https:\/\/waldgl\u00fcck-pfalz.de\/?page_id=336","og_locale":"de_DE","og_type":"article","og_title":"Ferienwohnungen - Waldgl\u00fcck-Pfalz.de","og_description":"Urlaub in der Pfalz, Zwischen Wald und Weinbergen die Seele baumeln lassen, Ferienwohnungen Urlaub Gleisweiler,","og_url":"https:\/\/waldgl\u00fcck-pfalz.de\/?page_id=336","og_site_name":"Waldgl\u00fcck-Pfalz.de","article_modified_time":"2025-12-08T17:39:22+00:00","twitter_card":"summary_large_image","twitter_misc":{"Gesch\u00e4tzte Lesezeit":"3\u00a0Minuten"},"schema":{"@context":"https:\/\/schema.org","@graph":[{"@type":"WebPage","@id":"https:\/\/waldgl\u00fcck-pfalz.de\/?page_id=336","url":"https:\/\/waldgl\u00fcck-pfalz.de\/?page_id=336","name":"Ferienwohnungen - Waldgl\u00fcck-Pfalz.de","isPartOf":{"@id":"https:\/\/waldgl\u00fcck-pfalz.de\/#website"},"datePublished":"2024-08-02T14:45:12+00:00","dateModified":"2025-12-08T17:39:22+00:00","description":"Urlaub in der Pfalz, Zwischen Wald und Weinbergen die Seele baumeln lassen, Ferienwohnungen Urlaub Gleisweiler,","breadcrumb":{"@id":"https:\/\/waldgl\u00fcck-pfalz.de\/?page_id=336#breadcrumb"},"inLanguage":"de","potentialAction":[{"@type":"ReadAction","target":["https:\/\/waldgl\u00fcck-pfalz.de\/?page_id=336"]}]},{"@type":"BreadcrumbList","@id":"https:\/\/waldgl\u00fcck-pfalz.de\/?page_id=336#breadcrumb","itemListElement":[{"@type":"ListItem","position":1,"name":"Startseite","item":"https:\/\/waldgl\u00fcck-pfalz.de\/"},{"@type":"ListItem","position":2,"name":"Ferienwohnungen"}]},{"@type":"WebSite","@id":"https:\/\/waldgl\u00fcck-pfalz.de\/#website","url":"https:\/\/waldgl\u00fcck-pfalz.de\/","name":"Waldgl\u00fcck-Pfalz.de","description":"Ferienwohnung Waldgl\u00fcck, 76835 Gleisweiler Badstra\u00dfe 8-10","publisher":{"@id":"https:\/\/waldgl\u00fcck-pfalz.de\/#organization"},"potentialAction":[{"@type":"SearchAction","target":{"@type":"EntryPoint","urlTemplate":"https:\/\/waldgl\u00fcck-pfalz.de\/?s={search_term_string}"},"query-input":{"@type":"PropertyValueSpecification","valueRequired":true,"valueName":"search_term_string"}}],"inLanguage":"de"},{"@type":"Organization","@id":"https:\/\/waldgl\u00fcck-pfalz.de\/#organization","name":"Waldgl\u00fcck-Pfalz.de","url":"https:\/\/waldgl\u00fcck-pfalz.de\/","logo":{"@type":"ImageObject","inLanguage":"de","@id":"https:\/\/waldgl\u00fcck-pfalz.de\/#\/schema\/logo\/image\/","url":"https:\/\/waldgl\u00fcck-pfalz.de\/wp-content\/uploads\/2024\/09\/1.png","contentUrl":"https:\/\/waldgl\u00fcck-pfalz.de\/wp-content\/uploads\/2024\/09\/1.png","width":938,"height":938,"caption":"Waldgl\u00fcck-Pfalz.de"},"image":{"@id":"https:\/\/waldgl\u00fcck-pfalz.de\/#\/schema\/logo\/image\/"}}]}},"_links":{"self":[{"href":"https:\/\/waldgl\u00fcck-pfalz.de\/index.php?rest_route=\/wp\/v2\/pages\/336","targetHints":{"allow":["GET"]}}],"collection":[{"href":"https:\/\/waldgl\u00fcck-pfalz.de\/index.php?rest_route=\/wp\/v2\/pages"}],"about":[{"href":"https:\/\/waldgl\u00fcck-pfalz.de\/index.php?rest_route=\/wp\/v2\/types\/page"}],"author":[{"embeddable":true,"href":"https:\/\/waldgl\u00fcck-pfalz.de\/index.php?rest_route=\/wp\/v2\/users\/1"}],"replies":[{"embeddable":true,"href":"https:\/\/waldgl\u00fcck-pfalz.de\/index.php?rest_route=%2Fwp%2Fv2%2Fcomments&post=336"}],"version-history":[{"count":10,"href":"https:\/\/waldgl\u00fcck-pfalz.de\/index.php?rest_route=\/wp\/v2\/pages\/336\/revisions"}],"predecessor-version":[{"id":1231,"href":"https:\/\/waldgl\u00fcck-pfalz.de\/index.php?rest_route=\/wp\/v2\/pages\/336\/revisions\/1231"}],"wp:attachment":[{"href":"https:\/\/waldgl\u00fcck-pfalz.de\/index.php?rest_route=%2Fwp%2Fv2%2Fmedia&parent=336"}],"curies":[{"name":"wp","href":"https:\/\/api.w.org\/{rel}","templated":true}]}}