{"id":35,"date":"2024-07-10T20:12:17","date_gmt":"2024-07-10T18:12:17","guid":{"rendered":"http:\/\/waldgl\u00fcck-pfalz.de\/?page_id=35"},"modified":"2025-03-03T18:11:39","modified_gmt":"2025-03-03T17:11:39","slug":"ferienwohnung-gleisweiler-grosses-glueck","status":"publish","type":"page","link":"https:\/\/waldgl\u00fcck-pfalz.de\/?page_id=35","title":{"rendered":"Gro\u00dfes Gl\u00fcck"},"content":{"rendered":"<div class=\"kb-row-layout-wrap kb-row-layout-id35_c18e7a-08 alignfull kt-row-has-bg wp-block-kadence-rowlayout\"><div class=\"kt-row-column-wrap kt-has-1-columns kt-row-layout-equal kt-tab-layout-inherit kt-mobile-layout-row kt-row-valign-top kb-theme-content-width\">\n\n<div class=\"wp-block-kadence-column kadence-column35_ddfd0a-cb inner-column-1\"><div class=\"kt-inside-inner-col\">\n<h1 class=\"kt-adv-heading35_fee79a-f2 wp-block-kadence-advancedheading\" data-kb-block=\"kb-adv-heading35_fee79a-f2\">Grosses Gl\u00fcck<\/h1>\n\n\n\n<p class=\"has-text-align-center has-sm-font-size has-text-color has-link-color has-large-font-size wp-elements-f3c56d6d615c2aa4f7f05383cb4d0117\" style=\"color:#ffffff\">Gem\u00fctlichkeit f\u00fcr zwei Personen<\/p>\n<\/div><\/div>\n\n<\/div><\/div>\n\n<div class=\"kb-row-layout-wrap kb-row-layout-id35_1ffaa3-5c alignfull wp-block-kadence-rowlayout\"><div class=\"kt-row-column-wrap kt-has-1-columns kt-row-layout-equal kt-tab-layout-inherit kt-mobile-layout-row kt-row-valign-top\">\n\n<div class=\"wp-block-kadence-column kadence-column35_d51b06-b1\"><div class=\"kt-inside-inner-col\">\n<figure class=\"wp-block-gallery has-nested-images columns-default is-cropped wp-block-gallery-1 is-layout-flex wp-block-gallery-is-layout-flex\">\n<figure class=\"wp-block-image size-full\"><img loading=\"lazy\" decoding=\"async\" width=\"1000\" height=\"750\" data-id=\"1020\" src=\"https:\/\/waldgl\u00fcck-pfalz.de\/wp-content\/uploads\/2024\/12\/FerienwohnungLandauPfalz.webp\" alt=\"\" class=\"wp-image-1020\" srcset=\"https:\/\/waldgl\u00fcck-pfalz.de\/wp-content\/uploads\/2024\/12\/FerienwohnungLandauPfalz.webp 1000w, https:\/\/waldgl\u00fcck-pfalz.de\/wp-content\/uploads\/2024\/12\/FerienwohnungLandauPfalz-300x225.webp 300w, https:\/\/waldgl\u00fcck-pfalz.de\/wp-content\/uploads\/2024\/12\/FerienwohnungLandauPfalz-768x576.webp 768w\" sizes=\"auto, (max-width: 1000px) 100vw, 1000px\" \/><\/figure>\n\n\n\n<figure class=\"wp-block-image size-full\"><img loading=\"lazy\" decoding=\"async\" width=\"670\" height=\"670\" data-id=\"1139\" src=\"https:\/\/waldgl\u00fcck-pfalz.de\/wp-content\/uploads\/2025\/02\/GleisweilerWanderungen-edited.jpg\" alt=\"Ferienwohnung Pfalz, Ferienwohnung Gleisweiler, Ferienwohnung, Pfalz, Ferienappartement, S\u00fcdpfalz, Fewo, Gleisweiler, Weinstra\u00dfe, Landau, Waldgl\u00fcck, \u00dcbernachten Gleisweiler, Unterkunft S\u00fcdpfalz, Gleisweiler Ferienwohnung, Gleisweiler Unterkunft, Unterk\u00fcnfte S\u00fcdpfalz, Unterk\u00fcnfte Gleisweiler\" class=\"wp-image-1139\" srcset=\"https:\/\/waldgl\u00fcck-pfalz.de\/wp-content\/uploads\/2025\/02\/GleisweilerWanderungen-edited.jpg 670w, https:\/\/waldgl\u00fcck-pfalz.de\/wp-content\/uploads\/2025\/02\/GleisweilerWanderungen-edited-300x300.jpg 300w, https:\/\/waldgl\u00fcck-pfalz.de\/wp-content\/uploads\/2025\/02\/GleisweilerWanderungen-edited-150x150.jpg 150w\" sizes=\"auto, (max-width: 670px) 100vw, 670px\" \/><\/figure>\n\n\n\n<figure class=\"wp-block-image size-full\"><img loading=\"lazy\" decoding=\"async\" width=\"750\" height=\"750\" data-id=\"1140\" src=\"https:\/\/waldgl\u00fcck-pfalz.de\/wp-content\/uploads\/2025\/02\/GleisweilerUrlaub-edited.webp\" alt=\"Ferienwohnung Pfalz, Ferienwohnung Gleisweiler, Ferienwohnung, Pfalz, Ferienappartement, S\u00fcdpfalz, Fewo, Gleisweiler, Weinstra\u00dfe, Landau, Waldgl\u00fcck, \u00dcbernachten Gleisweiler, Unterkunft S\u00fcdpfalz, Gleisweiler Ferienwohnung, Gleisweiler Unterkunft, Unterk\u00fcnfte S\u00fcdpfalz, Unterk\u00fcnfte Gleisweiler\" class=\"wp-image-1140\" srcset=\"https:\/\/waldgl\u00fcck-pfalz.de\/wp-content\/uploads\/2025\/02\/GleisweilerUrlaub-edited.webp 750w, https:\/\/waldgl\u00fcck-pfalz.de\/wp-content\/uploads\/2025\/02\/GleisweilerUrlaub-edited-300x300.webp 300w, https:\/\/waldgl\u00fcck-pfalz.de\/wp-content\/uploads\/2025\/02\/GleisweilerUrlaub-edited-150x150.webp 150w\" sizes=\"auto, (max-width: 750px) 100vw, 750px\" \/><\/figure>\n<\/figure>\n<\/div><\/div>\n\n\n\n<div class=\"wp-block-kadence-column kadence-column35_ba190c-f3 inner-column-1\"><div class=\"kt-inside-inner-col\">\n<p class=\"has-text-align-center has-md-36-28-font-size\">Die Ferienwohnung <strong>Gro\u00dfes Gl\u00fcck<\/strong> ist ein gem\u00fctliches 33 qm Ferienappartment f\u00fcr 2 Personen. Sie ist ausgestattet mit einem gem\u00fctlichen Wohn- &amp; Schlafbereich, einem kleinen Badezimmer und einer 25 qm gro\u00dfen Sonnenterrasse mit Blick auf Gleisweiler und die Rheinebene.<br>Bei der Einrichtung haben wir auf \u00c4sthetik, Gem\u00fctlichkeit und Elemente aus Wald und Region geachtet.<br>Vierbeiner sind uns herzlich Willkommen nach Anmeldung. <\/p>\n\n\n\n<p class=\"has-text-align-center has-md-36-28-font-size\">Ihr schlaft in einem gro\u00dfen, gem\u00fctlichen Kingsize-Bett, das f\u00fcr erholsame N\u00e4chte sorgt und euch die n\u00f6tige Energie f\u00fcr eure Abenteuer gibt.&nbsp;Die kleine K\u00fcche im einladenden Landhausstil ist ideal ausgestattet und l\u00e4dt dazu ein, kulinarische K\u00f6stlichkeiten zuzubereiten. Ob ein gem\u00fctliches Dinner zu zweit oder ein gemeinsames Fr\u00fchst\u00fcck mit frischen Br\u00f6tchen \u2013 hier k\u00f6nnt ihr nach Herzenslust kochen und genie\u00dfen.&nbsp;Die gro\u00dfz\u00fcgige Terrasse bietet den perfekten Rahmen f\u00fcr gesellige Grillabende unter freiem Himmel. Stellt den Grill an, genie\u00dft die frische Luft und lasst den Tag bei einem Glas Wein ausklingen.&nbsp;<\/p>\n\n\n\n<p class=\"has-text-align-center\">Nach einem erlebnisreichen Tag laden die gem\u00fctliche Sitzecke zum Entspannen ein. Macht es euch bequem und genie\u00dft einen Filmabend oder schaut eure Lieblingsserie auf dem SmartTV \u2013 so wird jeder Abend zum Highlight eures Aufenthalts.&nbsp;Damit euer Urlaub etwas Besonderes werden kann, erhaltet ihr nach Buchung von uns eine G\u00e4stemappe mit ganz vielen Ausflugstipps und wichtigen Informationen f\u00fcr einen gelungenen Urlaub.<\/p>\n\n\n\n<p class=\"has-text-align-center has-md-36-28-font-size\">F\u00fchlt euch wie zu Hause in unserer liebevoll eingerichteten Ferienwohnung, wo Gem\u00fctlichkeit und Komfort aufeinander treffen. Wir freuen uns darauf, euch im Gro\u00dfen Gl\u00fcck willkommen zu hei\u00dfen!<\/p>\n<\/div><\/div>\n\n<\/div><\/div>\n\n\n<div style=\"height:100px\" aria-hidden=\"true\" class=\"wp-block-spacer\"><\/div>\n\n\n<div class=\"kb-row-layout-wrap kb-row-layout-id35_e56d64-74 alignfull kt-row-has-bg wp-block-kadence-rowlayout\"><div class=\"kt-row-column-wrap kt-has-1-columns kt-row-layout-equal kt-tab-layout-inherit kt-mobile-layout-row kt-row-valign-top\">\n\n<div class=\"wp-block-kadence-column kadence-column35_d5eff7-68\"><div class=\"kt-inside-inner-col\"><div class=\"kb-row-layout-wrap kb-row-layout-id35_83c433-2d alignnone wp-block-kadence-rowlayout\"><div class=\"kt-row-column-wrap kt-has-1-columns kt-row-layout-equal kt-tab-layout-inherit kt-mobile-layout-row kt-row-valign-top\">\n\n<div class=\"wp-block-kadence-column kadence-column35_545f78-c2\"><div class=\"kt-inside-inner-col\">\n<h3 class=\"kt-adv-heading35_ce9915-d7 wp-block-kadence-advancedheading\" data-kb-block=\"kb-adv-heading35_ce9915-d7\">Hereinspaziert <br>ins Grosse Gl\u00fcck<\/h3>\n\n\n\n<p class=\"kt-adv-heading35_0a1147-44 wp-block-kadence-advancedheading has-theme-palette-3-color has-text-color\" data-kb-block=\"kb-adv-heading35_0a1147-44\">Schau dich um in unserer Ferienwohnung!<\/p>\n<\/div><\/div>\n\n<\/div><\/div>\n\n<div class=\"kb-row-layout-wrap kb-row-layout-id35_5af9f5-75 alignnone wp-block-kadence-rowlayout\"><div class=\"kt-row-column-wrap kt-has-3-columns kt-row-layout-equal kt-tab-layout-inherit kt-mobile-layout-row kt-row-valign-top\">\n\n<div class=\"wp-block-kadence-column kadence-column35_3cb594-2e\"><div class=\"kt-inside-inner-col\">\n<figure class=\"wp-block-kadence-image kb-image35_0642a6-0d size-full kb-image-is-ratio-size\"><div class=\"kb-is-ratio-image kb-image-ratio-port23\"><img loading=\"lazy\" decoding=\"async\" width=\"1000\" height=\"750\" src=\"https:\/\/waldgl\u00fcck-pfalz.de\/wp-content\/uploads\/2024\/12\/GleisweilerUrlaub.webp\" alt=\"Ferienwohnung Pfalz, Ferienwohnung Gleisweiler, Ferienwohnung, Pfalz, Ferienappartement, S\u00fcdpfalz, Fewo, Gleisweiler, Weinstra\u00dfe, Landau, Waldgl\u00fcck, \u00dcbernachten Gleisweiler, Unterkunft S\u00fcdpfalz, Gleisweiler Ferienwohnung, Gleisweiler Unterkunft, Unterk\u00fcnfte S\u00fcdpfalz, Unterk\u00fcnfte Gleisweiler\" class=\"kb-img wp-image-1032\" srcset=\"https:\/\/waldgl\u00fcck-pfalz.de\/wp-content\/uploads\/2024\/12\/GleisweilerUrlaub.webp 1000w, https:\/\/waldgl\u00fcck-pfalz.de\/wp-content\/uploads\/2024\/12\/GleisweilerUrlaub-300x225.webp 300w, https:\/\/waldgl\u00fcck-pfalz.de\/wp-content\/uploads\/2024\/12\/GleisweilerUrlaub-768x576.webp 768w\" sizes=\"auto, (max-width: 1000px) 100vw, 1000px\" \/><\/div><\/figure>\n\n\n\n<figure class=\"wp-block-image size-large\"><img loading=\"lazy\" decoding=\"async\" width=\"768\" height=\"1024\" src=\"https:\/\/waldgl\u00fcck-pfalz.de\/wp-content\/uploads\/2024\/12\/FerienwohnungmitHundpfalz-768x1024.webp\" alt=\"Urlaub mit Hund, Ferienwohnung Frankweiler, Ferienwohnung Gleisweiler, Urlaub S\u00fcdpfalz\" class=\"wp-image-1022\" srcset=\"https:\/\/waldgl\u00fcck-pfalz.de\/wp-content\/uploads\/2024\/12\/FerienwohnungmitHundpfalz-768x1024.webp 768w, https:\/\/waldgl\u00fcck-pfalz.de\/wp-content\/uploads\/2024\/12\/FerienwohnungmitHundpfalz-225x300.webp 225w, https:\/\/waldgl\u00fcck-pfalz.de\/wp-content\/uploads\/2024\/12\/FerienwohnungmitHundpfalz-1152x1536.webp 1152w, https:\/\/waldgl\u00fcck-pfalz.de\/wp-content\/uploads\/2024\/12\/FerienwohnungmitHundpfalz.webp 1536w\" sizes=\"auto, (max-width: 768px) 100vw, 768px\" \/><\/figure>\n<\/div><\/div>\n\n\n\n<div class=\"wp-block-kadence-column kadence-column35_918944-00\"><div class=\"kt-inside-inner-col\">\n<figure class=\"wp-block-kadence-image kb-image35_2c81d0-07 size-full kb-image-is-ratio-size\"><div class=\"kb-is-ratio-image kb-image-ratio-land43\"><img loading=\"lazy\" decoding=\"async\" width=\"1024\" height=\"683\" src=\"https:\/\/waldgl\u00fcck-pfalz.de\/wp-content\/uploads\/2024\/09\/Ferienwohnung-Gleisweiler-2-Terrasse-1024x683-1.jpg\" alt=\"Ferienwohnung S\u00fcdpfalz, Ferienwohnung Gleisweiler, Ferienwohnung, Pfalz, Grosses Gl\u00fcck, Ferienappartement, S\u00fcdpfalz, Fewo, Gleisweiler, Weinstra\u00dfe, Landau, Waldgl\u00fcck Pfalz\" class=\"kb-img wp-image-588\" srcset=\"https:\/\/waldgl\u00fcck-pfalz.de\/wp-content\/uploads\/2024\/09\/Ferienwohnung-Gleisweiler-2-Terrasse-1024x683-1.jpg 1024w, https:\/\/waldgl\u00fcck-pfalz.de\/wp-content\/uploads\/2024\/09\/Ferienwohnung-Gleisweiler-2-Terrasse-1024x683-1-300x200.jpg 300w, https:\/\/waldgl\u00fcck-pfalz.de\/wp-content\/uploads\/2024\/09\/Ferienwohnung-Gleisweiler-2-Terrasse-1024x683-1-768x512.jpg 768w\" sizes=\"auto, (max-width: 1024px) 100vw, 1024px\" \/><\/div><\/figure>\n\n\n\n<figure class=\"wp-block-kadence-image kb-image35_c149b2-4a size-large kb-image-is-ratio-size\"><div class=\"kb-is-ratio-image kb-image-ratio-land32\"><img loading=\"lazy\" decoding=\"async\" width=\"1024\" height=\"768\" src=\"https:\/\/waldgl\u00fcck-pfalz.de\/wp-content\/uploads\/2024\/12\/FerienwohnungSuedpfalz-1024x768.webp\" alt=\"Ferienwohnung Pfalz, Ferienwohnung Gleisweiler, Ferienwohnung, Pfalz, Ferienappartement, S\u00fcdpfalz, Fewo, Gleisweiler, Weinstra\u00dfe, Landau, Waldgl\u00fcck, \u00dcbernachten Gleisweiler, Unterkunft S\u00fcdpfalz, Gleisweiler Ferienwohnung, Gleisweiler Unterkunft, Unterk\u00fcnfte S\u00fcdpfalz, Unterk\u00fcnfte Gleisweiler\" class=\"kb-img wp-image-1026\" srcset=\"https:\/\/waldgl\u00fcck-pfalz.de\/wp-content\/uploads\/2024\/12\/FerienwohnungSuedpfalz-1024x768.webp 1024w, https:\/\/waldgl\u00fcck-pfalz.de\/wp-content\/uploads\/2024\/12\/FerienwohnungSuedpfalz-300x225.webp 300w, https:\/\/waldgl\u00fcck-pfalz.de\/wp-content\/uploads\/2024\/12\/FerienwohnungSuedpfalz-768x576.webp 768w, https:\/\/waldgl\u00fcck-pfalz.de\/wp-content\/uploads\/2024\/12\/FerienwohnungSuedpfalz-1536x1152.webp 1536w, https:\/\/waldgl\u00fcck-pfalz.de\/wp-content\/uploads\/2024\/12\/FerienwohnungSuedpfalz.webp 2048w\" sizes=\"auto, (max-width: 1024px) 100vw, 1024px\" \/><\/div><\/figure>\n\n\n\n<figure class=\"wp-block-image size-large\"><a href=\"https:\/\/waldgl\u00fcck-pfalz.de\/wp-content\/uploads\/2024\/12\/FamilienurlaubPfaelzerwald.webp\"><img loading=\"lazy\" decoding=\"async\" width=\"768\" height=\"1024\" src=\"https:\/\/waldgl\u00fcck-pfalz.de\/wp-content\/uploads\/2024\/12\/FerienwohnungFrankweiler-768x1024.webp\" alt=\"Urlaub mit Hund, Ferienwohnung Frankweiler, Ferienwohnung Gleisweiler, Urlaub S\u00fcdpfalz, Gro\u00dfes Gl\u00fcck, Ferienappartement, Ferienwohnung Gleisweiler Grosses Gl\u00fcck\" class=\"wp-image-1016\" srcset=\"https:\/\/waldgl\u00fcck-pfalz.de\/wp-content\/uploads\/2024\/12\/FerienwohnungFrankweiler-768x1024.webp 768w, https:\/\/waldgl\u00fcck-pfalz.de\/wp-content\/uploads\/2024\/12\/FerienwohnungFrankweiler-225x300.webp 225w, https:\/\/waldgl\u00fcck-pfalz.de\/wp-content\/uploads\/2024\/12\/FerienwohnungFrankweiler-1152x1536.webp 1152w, https:\/\/waldgl\u00fcck-pfalz.de\/wp-content\/uploads\/2024\/12\/FerienwohnungFrankweiler.webp 1536w\" sizes=\"auto, (max-width: 768px) 100vw, 768px\" \/><\/a><\/figure>\n<\/div><\/div>\n\n\n\n<div class=\"wp-block-kadence-column kadence-column35_a94b07-c4\"><div class=\"kt-inside-inner-col\">\n<figure class=\"wp-block-kadence-image kb-image35_9b6157-e1 size-full kb-image-is-ratio-size\"><div class=\"kb-is-ratio-image kb-image-ratio-port34\"><img loading=\"lazy\" decoding=\"async\" width=\"1000\" height=\"750\" src=\"https:\/\/waldgl\u00fcck-pfalz.de\/wp-content\/uploads\/2024\/12\/FerienwohnungLandauPfalz.webp\" alt=\"\" class=\"kb-img wp-image-1020\" srcset=\"https:\/\/waldgl\u00fcck-pfalz.de\/wp-content\/uploads\/2024\/12\/FerienwohnungLandauPfalz.webp 1000w, https:\/\/waldgl\u00fcck-pfalz.de\/wp-content\/uploads\/2024\/12\/FerienwohnungLandauPfalz-300x225.webp 300w, https:\/\/waldgl\u00fcck-pfalz.de\/wp-content\/uploads\/2024\/12\/FerienwohnungLandauPfalz-768x576.webp 768w\" sizes=\"auto, (max-width: 1000px) 100vw, 1000px\" \/><\/div><\/figure>\n\n\n\n<figure class=\"wp-block-kadence-image kb-image35_929bec-fd size-full kb-image-is-ratio-size\"><a href=\"https:\/\/www.instagram.com\/waldglueck_pfalz\/\" class=\"kb-advanced-image-link\"><div class=\"kb-is-ratio-image kb-image-ratio-land43\"><img loading=\"lazy\" decoding=\"async\" width=\"1000\" height=\"750\" src=\"https:\/\/waldgl\u00fcck-pfalz.de\/wp-content\/uploads\/2024\/12\/FerienwohnungBurrweiler.webp\" alt=\"\" class=\"kb-img wp-image-1012\" srcset=\"https:\/\/waldgl\u00fcck-pfalz.de\/wp-content\/uploads\/2024\/12\/FerienwohnungBurrweiler.webp 1000w, https:\/\/waldgl\u00fcck-pfalz.de\/wp-content\/uploads\/2024\/12\/FerienwohnungBurrweiler-300x225.webp 300w, https:\/\/waldgl\u00fcck-pfalz.de\/wp-content\/uploads\/2024\/12\/FerienwohnungBurrweiler-768x576.webp 768w\" sizes=\"auto, (max-width: 1000px) 100vw, 1000px\" \/><\/div><\/a><\/figure>\n\n\n\n<figure class=\"wp-block-image size-large\"><img loading=\"lazy\" decoding=\"async\" width=\"1024\" height=\"768\" src=\"https:\/\/waldgl\u00fcck-pfalz.de\/wp-content\/uploads\/2024\/12\/FerienzimmerGleisweiler-1024x768.webp\" alt=\"Urlaub mit Hund, Ferienwohnung Frankweiler, Ferienwohnung Gleisweiler, Urlaub S\u00fcdpfalz\" class=\"wp-image-1028\" srcset=\"https:\/\/waldgl\u00fcck-pfalz.de\/wp-content\/uploads\/2024\/12\/FerienzimmerGleisweiler-1024x768.webp 1024w, https:\/\/waldgl\u00fcck-pfalz.de\/wp-content\/uploads\/2024\/12\/FerienzimmerGleisweiler-300x225.webp 300w, https:\/\/waldgl\u00fcck-pfalz.de\/wp-content\/uploads\/2024\/12\/FerienzimmerGleisweiler-768x576.webp 768w, https:\/\/waldgl\u00fcck-pfalz.de\/wp-content\/uploads\/2024\/12\/FerienzimmerGleisweiler-1536x1152.webp 1536w, https:\/\/waldgl\u00fcck-pfalz.de\/wp-content\/uploads\/2024\/12\/FerienzimmerGleisweiler.webp 2048w\" sizes=\"auto, (max-width: 1024px) 100vw, 1024px\" \/><\/figure>\n<\/div><\/div>\n\n<\/div><\/div><\/div><\/div>\n\n<\/div><\/div>\n\n\n<div class=\"wp-block-group has-global-padding is-layout-constrained wp-block-group-is-layout-constrained\"><\/div>\n\n\n<div class=\"kb-row-layout-wrap kb-row-layout-id35_9f28cb-4f alignfull wp-block-kadence-rowlayout\"><div class=\"kt-row-column-wrap kt-has-2-columns kt-row-layout-equal kt-tab-layout-row kt-mobile-layout-row kt-row-valign-top\">\n\n<div class=\"wp-block-kadence-column kadence-column35_eabbb1-cf\"><div class=\"kt-inside-inner-col\">\n<h2 class=\"kt-adv-heading35_2e5038-d6 wp-block-kadence-advancedheading has-theme-palette-3-color has-text-color\" data-kb-block=\"kb-adv-heading35_2e5038-d6\">Ausstattung<\/h2>\n\n\n\n<div class=\"wp-block-kadence-spacer aligncenter kt-block-spacer-35_113fd8-99\"><div class=\"kt-block-spacer kt-block-spacer-halign-center\"><hr class=\"kt-divider\"\/><\/div><\/div>\n\n\n\n<p class=\"kt-adv-heading35_42a625-da wp-block-kadence-advancedheading has-theme-palette-3-color has-text-color\" data-kb-block=\"kb-adv-heading35_42a625-da\"><strong>K\u00fcche<\/strong><\/p>\n\n\n\n<p>Herd mit zwei Kochfeldern<br>K\u00fchlschrank<br>Mikrowelle<br>Toaster<br>Kaffeemaschine (Pad)<br>Wasserkocher<br>Geschirr, Besteck, Kochgeschirr<br>scharfe Messer, Sch\u00e4ler,&#8230;<br>Sp\u00fclt\u00fccher, Schw\u00e4mme, Sp\u00fclmittel<br>Gew\u00fcrze, wie Salz und Pfeffer<br>Essig &amp; \u00d6l<br>Kaffeefilter<br>Korkenzieher, Dosen\u00f6ffner,&#8230;<br>Tisch mit St\u00fchlen<br><br><strong>Badezimmer<\/strong><br><br>Dusche<br>Handt\u00fccher<br>Seife<br>Klopapier<br><br><\/p>\n<\/div><\/div>\n\n\n\n<div class=\"wp-block-kadence-column kadence-column35_98dec9-34\"><div class=\"kt-inside-inner-col\"><div class=\"kb-row-layout-wrap kb-row-layout-id35_d13cb7-bf alignnone wp-block-kadence-rowlayout\"><div class=\"kt-row-column-wrap kt-has-1-columns kt-row-layout-equal kt-tab-layout-inherit kt-mobile-layout-row kt-row-valign-top\">\n\n<div class=\"wp-block-kadence-column kadence-column35_b9aed7-09 kb-section-dir-vertical kb-section-md-dir-vertical\"><div class=\"kt-inside-inner-col\">\n<p class=\"kt-adv-heading35_66ae38-47 wp-block-kadence-advancedheading has-theme-palette-3-color has-text-color\" data-kb-block=\"kb-adv-heading35_66ae38-47\"><strong>Wohnbereich<\/strong><br><br>Bett 1.80 x 2.00 m mit Schubladen<br>2 Kopfkissen &amp; Bettdecken<br>Bettw\u00e4sche<br>Kleiderschrank<br>Sitzecke<br>TV mit Netflix<br><br><strong>Terrasse<\/strong><br><br>Tisch mit St\u00fchlen<br>Gasgrill<br>gem\u00fctliche Lounge<\/p>\n<\/div><\/div>\n\n<\/div><\/div><\/div><\/div>\n\n<\/div><\/div>\n\n\n<div style=\"height:50px\" aria-hidden=\"true\" class=\"wp-block-spacer\"><\/div>\n\n\n\n<h2 class=\"wp-block-heading has-text-align-center\">Verf\u00fcgbarkeitskalender<br><\/h2>\n\n\n\n<div id=\"smoobuApartment2296536de\" class=\"calendarWidget\"> <div class=\"calendarContent\" data-load-calendar-url=\"https:\/\/login.smoobu.com\/de\/cockpit\/widget\/single-calendar\/2296536\" data-verification=\"cd461aaf714f0fcc705adde76b15d59394ee4160a9c079bb3fe47048d0fb8d59\" data-baseUrl=\"https:\/\/login.smoobu.com\" data-disable-css=\"false\" ><\/div> <script type=\"text\/javascript\" src=\"https:\/\/login.smoobu.com\/js\/Apartment\/CalendarWidget.js\"><\/script><\/div>\n\n\n\n<div class=\"wp-block-kadence-advancedbtn kb-buttons-wrap kb-btns35_48c28b-f1\"><a class=\"kb-button kt-button button kb-btn35_10f64e-0c kt-btn-size-standard kt-btn-width-type-auto kb-btn-global-fill  kt-btn-has-text-true kt-btn-has-svg-false  wp-block-kadence-singlebtn\" href=\"https:\/\/waldgl\u00fcck-pfalz.de\/?page_id=336\"><span class=\"kt-btn-inner-text\">Entdecke auch unsere anderen Ferienwohnungen<\/span><\/a><\/div>\n\n\n\n<p><\/p>\n","protected":false},"excerpt":{"rendered":"<p>Grosses Gl\u00fcck Gem\u00fctlichkeit f\u00fcr zwei Personen Die Ferienwohnung Gro\u00dfes Gl\u00fcck ist ein gem\u00fctliches 33 qm Ferienappartment f\u00fcr 2 Personen. Sie ist ausgestattet mit einem gem\u00fctlichen Wohn- &amp; Schlafbereich, einem kleinen Badezimmer und einer 25 qm gro\u00dfen Sonnenterrasse mit Blick auf Gleisweiler und die Rheinebene.Bei der Einrichtung haben wir auf \u00c4sthetik, Gem\u00fctlichkeit und Elemente aus Wald [&hellip;]<\/p>\n","protected":false},"author":1,"featured_media":0,"parent":0,"menu_order":0,"comment_status":"closed","ping_status":"closed","template":"page-no-title","meta":{"footnotes":""},"class_list":["post-35","page","type-page","status-publish","hentry"],"yoast_head":"<!-- This site is optimized with the Yoast SEO plugin v27.4 - https:\/\/yoast.com\/product\/yoast-seo-wordpress\/ -->\n<title>Ferienwohnung Gleisweiler Grosses Gl\u00fcck<\/title>\n<meta name=\"description\" content=\"Ferienwohnung Gleisweiler, Ferienwohnung Pfalz, Waldgl\u00fcck Gleisweiler, Ferienappartment Pfalz, Gro\u00dfes Gl\u00fcck\" \/>\n<meta name=\"robots\" content=\"index, follow, max-snippet:-1, max-image-preview:large, max-video-preview:-1\" \/>\n<link rel=\"canonical\" href=\"https:\/\/waldgl\u00fcck-pfalz.de\/?page_id=35\" \/>\n<meta property=\"og:locale\" content=\"de_DE\" \/>\n<meta property=\"og:type\" content=\"article\" \/>\n<meta property=\"og:title\" content=\"Ferienwohnung Gleisweiler Grosses Gl\u00fcck\" \/>\n<meta property=\"og:description\" content=\"Ferienwohnung Gleisweiler, Ferienwohnung Pfalz, Waldgl\u00fcck Gleisweiler, Ferienappartment Pfalz, Gro\u00dfes Gl\u00fcck\" \/>\n<meta property=\"og:url\" content=\"https:\/\/waldgl\u00fcck-pfalz.de\/?page_id=35\" \/>\n<meta property=\"og:site_name\" content=\"Waldgl\u00fcck-Pfalz.de\" \/>\n<meta property=\"article:modified_time\" content=\"2025-03-03T17:11:39+00:00\" \/>\n<meta name=\"twitter:card\" content=\"summary_large_image\" \/>\n<meta name=\"twitter:label1\" content=\"Gesch\u00e4tzte Lesezeit\" \/>\n\t<meta name=\"twitter:data1\" content=\"4\u00a0Minuten\" \/>\n<script type=\"application\/ld+json\" class=\"yoast-schema-graph\">{\"@context\":\"https:\\\/\\\/schema.org\",\"@graph\":[{\"@type\":\"WebPage\",\"@id\":\"https:\\\/\\\/waldgl\u00fcck-pfalz.de\\\/?page_id=35\",\"url\":\"https:\\\/\\\/waldgl\u00fcck-pfalz.de\\\/?page_id=35\",\"name\":\"Ferienwohnung Gleisweiler Grosses Gl\u00fcck\",\"isPartOf\":{\"@id\":\"https:\\\/\\\/waldgl\u00fcck-pfalz.de\\\/#website\"},\"datePublished\":\"2024-07-10T18:12:17+00:00\",\"dateModified\":\"2025-03-03T17:11:39+00:00\",\"description\":\"Ferienwohnung Gleisweiler, Ferienwohnung Pfalz, Waldgl\u00fcck Gleisweiler, Ferienappartment Pfalz, Gro\u00dfes Gl\u00fcck\",\"breadcrumb\":{\"@id\":\"https:\\\/\\\/waldgl\u00fcck-pfalz.de\\\/?page_id=35#breadcrumb\"},\"inLanguage\":\"de\",\"potentialAction\":[{\"@type\":\"ReadAction\",\"target\":[\"https:\\\/\\\/waldgl\u00fcck-pfalz.de\\\/?page_id=35\"]}]},{\"@type\":\"BreadcrumbList\",\"@id\":\"https:\\\/\\\/waldgl\u00fcck-pfalz.de\\\/?page_id=35#breadcrumb\",\"itemListElement\":[{\"@type\":\"ListItem\",\"position\":1,\"name\":\"Startseite\",\"item\":\"https:\\\/\\\/waldgl\u00fcck-pfalz.de\\\/\"},{\"@type\":\"ListItem\",\"position\":2,\"name\":\"Gro\u00dfes Gl\u00fcck\"}]},{\"@type\":\"WebSite\",\"@id\":\"https:\\\/\\\/waldgl\u00fcck-pfalz.de\\\/#website\",\"url\":\"https:\\\/\\\/waldgl\u00fcck-pfalz.de\\\/\",\"name\":\"Waldgl\u00fcck-Pfalz.de\",\"description\":\"Ferienwohnung Waldgl\u00fcck, 76835 Gleisweiler Badstra\u00dfe 8-10\",\"publisher\":{\"@id\":\"https:\\\/\\\/waldgl\u00fcck-pfalz.de\\\/#organization\"},\"potentialAction\":[{\"@type\":\"SearchAction\",\"target\":{\"@type\":\"EntryPoint\",\"urlTemplate\":\"https:\\\/\\\/waldgl\u00fcck-pfalz.de\\\/?s={search_term_string}\"},\"query-input\":{\"@type\":\"PropertyValueSpecification\",\"valueRequired\":true,\"valueName\":\"search_term_string\"}}],\"inLanguage\":\"de\"},{\"@type\":\"Organization\",\"@id\":\"https:\\\/\\\/waldgl\u00fcck-pfalz.de\\\/#organization\",\"name\":\"Waldgl\u00fcck-Pfalz.de\",\"url\":\"https:\\\/\\\/waldgl\u00fcck-pfalz.de\\\/\",\"logo\":{\"@type\":\"ImageObject\",\"inLanguage\":\"de\",\"@id\":\"https:\\\/\\\/waldgl\u00fcck-pfalz.de\\\/#\\\/schema\\\/logo\\\/image\\\/\",\"url\":\"https:\\\/\\\/waldgl\u00fcck-pfalz.de\\\/wp-content\\\/uploads\\\/2024\\\/09\\\/1.png\",\"contentUrl\":\"https:\\\/\\\/waldgl\u00fcck-pfalz.de\\\/wp-content\\\/uploads\\\/2024\\\/09\\\/1.png\",\"width\":938,\"height\":938,\"caption\":\"Waldgl\u00fcck-Pfalz.de\"},\"image\":{\"@id\":\"https:\\\/\\\/waldgl\u00fcck-pfalz.de\\\/#\\\/schema\\\/logo\\\/image\\\/\"}}]}<\/script>\n<!-- \/ Yoast SEO plugin. -->","yoast_head_json":{"title":"Ferienwohnung Gleisweiler Grosses Gl\u00fcck","description":"Ferienwohnung Gleisweiler, Ferienwohnung Pfalz, Waldgl\u00fcck Gleisweiler, Ferienappartment Pfalz, Gro\u00dfes Gl\u00fcck","robots":{"index":"index","follow":"follow","max-snippet":"max-snippet:-1","max-image-preview":"max-image-preview:large","max-video-preview":"max-video-preview:-1"},"canonical":"https:\/\/waldgl\u00fcck-pfalz.de\/?page_id=35","og_locale":"de_DE","og_type":"article","og_title":"Ferienwohnung Gleisweiler Grosses Gl\u00fcck","og_description":"Ferienwohnung Gleisweiler, Ferienwohnung Pfalz, Waldgl\u00fcck Gleisweiler, Ferienappartment Pfalz, Gro\u00dfes Gl\u00fcck","og_url":"https:\/\/waldgl\u00fcck-pfalz.de\/?page_id=35","og_site_name":"Waldgl\u00fcck-Pfalz.de","article_modified_time":"2025-03-03T17:11:39+00:00","twitter_card":"summary_large_image","twitter_misc":{"Gesch\u00e4tzte Lesezeit":"4\u00a0Minuten"},"schema":{"@context":"https:\/\/schema.org","@graph":[{"@type":"WebPage","@id":"https:\/\/waldgl\u00fcck-pfalz.de\/?page_id=35","url":"https:\/\/waldgl\u00fcck-pfalz.de\/?page_id=35","name":"Ferienwohnung Gleisweiler Grosses Gl\u00fcck","isPartOf":{"@id":"https:\/\/waldgl\u00fcck-pfalz.de\/#website"},"datePublished":"2024-07-10T18:12:17+00:00","dateModified":"2025-03-03T17:11:39+00:00","description":"Ferienwohnung Gleisweiler, Ferienwohnung Pfalz, Waldgl\u00fcck Gleisweiler, Ferienappartment Pfalz, Gro\u00dfes Gl\u00fcck","breadcrumb":{"@id":"https:\/\/waldgl\u00fcck-pfalz.de\/?page_id=35#breadcrumb"},"inLanguage":"de","potentialAction":[{"@type":"ReadAction","target":["https:\/\/waldgl\u00fcck-pfalz.de\/?page_id=35"]}]},{"@type":"BreadcrumbList","@id":"https:\/\/waldgl\u00fcck-pfalz.de\/?page_id=35#breadcrumb","itemListElement":[{"@type":"ListItem","position":1,"name":"Startseite","item":"https:\/\/waldgl\u00fcck-pfalz.de\/"},{"@type":"ListItem","position":2,"name":"Gro\u00dfes Gl\u00fcck"}]},{"@type":"WebSite","@id":"https:\/\/waldgl\u00fcck-pfalz.de\/#website","url":"https:\/\/waldgl\u00fcck-pfalz.de\/","name":"Waldgl\u00fcck-Pfalz.de","description":"Ferienwohnung Waldgl\u00fcck, 76835 Gleisweiler Badstra\u00dfe 8-10","publisher":{"@id":"https:\/\/waldgl\u00fcck-pfalz.de\/#organization"},"potentialAction":[{"@type":"SearchAction","target":{"@type":"EntryPoint","urlTemplate":"https:\/\/waldgl\u00fcck-pfalz.de\/?s={search_term_string}"},"query-input":{"@type":"PropertyValueSpecification","valueRequired":true,"valueName":"search_term_string"}}],"inLanguage":"de"},{"@type":"Organization","@id":"https:\/\/waldgl\u00fcck-pfalz.de\/#organization","name":"Waldgl\u00fcck-Pfalz.de","url":"https:\/\/waldgl\u00fcck-pfalz.de\/","logo":{"@type":"ImageObject","inLanguage":"de","@id":"https:\/\/waldgl\u00fcck-pfalz.de\/#\/schema\/logo\/image\/","url":"https:\/\/waldgl\u00fcck-pfalz.de\/wp-content\/uploads\/2024\/09\/1.png","contentUrl":"https:\/\/waldgl\u00fcck-pfalz.de\/wp-content\/uploads\/2024\/09\/1.png","width":938,"height":938,"caption":"Waldgl\u00fcck-Pfalz.de"},"image":{"@id":"https:\/\/waldgl\u00fcck-pfalz.de\/#\/schema\/logo\/image\/"}}]}},"_links":{"self":[{"href":"https:\/\/waldgl\u00fcck-pfalz.de\/index.php?rest_route=\/wp\/v2\/pages\/35","targetHints":{"allow":["GET"]}}],"collection":[{"href":"https:\/\/waldgl\u00fcck-pfalz.de\/index.php?rest_route=\/wp\/v2\/pages"}],"about":[{"href":"https:\/\/waldgl\u00fcck-pfalz.de\/index.php?rest_route=\/wp\/v2\/types\/page"}],"author":[{"embeddable":true,"href":"https:\/\/waldgl\u00fcck-pfalz.de\/index.php?rest_route=\/wp\/v2\/users\/1"}],"replies":[{"embeddable":true,"href":"https:\/\/waldgl\u00fcck-pfalz.de\/index.php?rest_route=%2Fwp%2Fv2%2Fcomments&post=35"}],"version-history":[{"count":10,"href":"https:\/\/waldgl\u00fcck-pfalz.de\/index.php?rest_route=\/wp\/v2\/pages\/35\/revisions"}],"predecessor-version":[{"id":1192,"href":"https:\/\/waldgl\u00fcck-pfalz.de\/index.php?rest_route=\/wp\/v2\/pages\/35\/revisions\/1192"}],"wp:attachment":[{"href":"https:\/\/waldgl\u00fcck-pfalz.de\/index.php?rest_route=%2Fwp%2Fv2%2Fmedia&parent=35"}],"curies":[{"name":"wp","href":"https:\/\/api.w.org\/{rel}","templated":true}]}}