{"id":631,"date":"2024-09-23T15:49:37","date_gmt":"2024-09-23T13:49:37","guid":{"rendered":"https:\/\/waldgl\u00fcck-pfalz.de\/?page_id=631"},"modified":"2025-07-02T09:12:41","modified_gmt":"2025-07-02T07:12:41","slug":"wander-glueck","status":"publish","type":"page","link":"https:\/\/waldgl\u00fcck-pfalz.de\/?page_id=631","title":{"rendered":"Wander Gl\u00fcck"},"content":{"rendered":"<div class=\"kb-row-layout-wrap kb-row-layout-id631_29bdb3-87 alignfull kt-row-has-bg wp-block-kadence-rowlayout\"><div class=\"kt-row-column-wrap kt-has-1-columns kt-row-layout-equal kt-tab-layout-inherit kt-mobile-layout-row kt-row-valign-top kb-theme-content-width\">\n\n<div class=\"wp-block-kadence-column kadence-column631_cc284a-37 inner-column-1\"><div class=\"kt-inside-inner-col\">\n<h1 class=\"kt-adv-heading631_6fd70a-13 wp-block-kadence-advancedheading\" data-kb-block=\"kb-adv-heading631_6fd70a-13\">Unser Wander Gl\u00fcck<\/h1>\n\n\n\n<p class=\"has-text-align-center has-sm-font-size has-text-color has-link-color wp-elements-93db7f44aece93ae03ea2178fb8c493c\" style=\"color:#ffffff\">Gem\u00fctlichkeit f\u00fcr zwei Personen<\/p>\n<\/div><\/div>\n\n<\/div><\/div>\n\n<div class=\"kb-row-layout-wrap kb-row-layout-id631_261d83-34 alignfull wp-block-kadence-rowlayout\"><div class=\"kt-row-column-wrap kt-has-1-columns kt-row-layout-equal kt-tab-layout-inherit kt-mobile-layout-row kt-row-valign-top\">\n\n<div class=\"wp-block-kadence-column kadence-column631_c9512b-b1\"><div class=\"kt-inside-inner-col\">\n<figure class=\"wp-block-gallery has-nested-images columns-default is-cropped wp-block-gallery-1 is-layout-flex wp-block-gallery-is-layout-flex\">\n<figure class=\"wp-block-image size-large\"><img loading=\"lazy\" decoding=\"async\" width=\"1024\" height=\"768\" data-id=\"1204\" src=\"https:\/\/waldgl\u00fcck-pfalz.de\/wp-content\/uploads\/2025\/07\/FerienwohnungWanderurlaub-1024x768.webp\" alt=\"Ferienwohnung Landau, Ferienwohnung S\u00fcdpfalz, Unterkunft Gleisweiler, Ferienwohnung Gleisweiler, Unterkunft Annweiler, \u00dcbernachten Gleisweiler, Wandern Pfalz, Weinsteig Pfalz \u00dcbernachtung\" class=\"wp-image-1204\" srcset=\"https:\/\/waldgl\u00fcck-pfalz.de\/wp-content\/uploads\/2025\/07\/FerienwohnungWanderurlaub-1024x768.webp 1024w, https:\/\/waldgl\u00fcck-pfalz.de\/wp-content\/uploads\/2025\/07\/FerienwohnungWanderurlaub-300x225.webp 300w, https:\/\/waldgl\u00fcck-pfalz.de\/wp-content\/uploads\/2025\/07\/FerienwohnungWanderurlaub-768x576.webp 768w, https:\/\/waldgl\u00fcck-pfalz.de\/wp-content\/uploads\/2025\/07\/FerienwohnungWanderurlaub-1536x1152.webp 1536w, https:\/\/waldgl\u00fcck-pfalz.de\/wp-content\/uploads\/2025\/07\/FerienwohnungWanderurlaub-2048x1536.webp 2048w\" sizes=\"auto, (max-width: 1024px) 100vw, 1024px\" \/><\/figure>\n\n\n\n<figure class=\"wp-block-image size-large\"><img loading=\"lazy\" decoding=\"async\" width=\"1024\" height=\"768\" data-id=\"1202\" src=\"https:\/\/waldgl\u00fcck-pfalz.de\/wp-content\/uploads\/2025\/07\/PfaelzerWeinsteigUnterkunft-1024x768.webp\" alt=\"Ferienwohnung Landau, Ferienwohnung S\u00fcdpfalz, Unterkunft Gleisweiler, Ferienwohnung Gleisweiler, Unterkunft Annweiler, \u00dcbernachten Gleisweiler, Wandern Pfalz, Weinsteig Pfalz \u00dcbernachtung\" class=\"wp-image-1202\" srcset=\"https:\/\/waldgl\u00fcck-pfalz.de\/wp-content\/uploads\/2025\/07\/PfaelzerWeinsteigUnterkunft-1024x768.webp 1024w, https:\/\/waldgl\u00fcck-pfalz.de\/wp-content\/uploads\/2025\/07\/PfaelzerWeinsteigUnterkunft-300x225.webp 300w, https:\/\/waldgl\u00fcck-pfalz.de\/wp-content\/uploads\/2025\/07\/PfaelzerWeinsteigUnterkunft-768x576.webp 768w, https:\/\/waldgl\u00fcck-pfalz.de\/wp-content\/uploads\/2025\/07\/PfaelzerWeinsteigUnterkunft-1536x1152.webp 1536w, https:\/\/waldgl\u00fcck-pfalz.de\/wp-content\/uploads\/2025\/07\/PfaelzerWeinsteigUnterkunft-2048x1536.webp 2048w\" sizes=\"auto, (max-width: 1024px) 100vw, 1024px\" \/><\/figure>\n\n\n\n<figure class=\"wp-block-image size-large\"><img loading=\"lazy\" decoding=\"async\" width=\"768\" height=\"1024\" data-id=\"1205\" src=\"https:\/\/waldgl\u00fcck-pfalz.de\/wp-content\/uploads\/2025\/07\/FerienwohnungLandau-768x1024.webp\" alt=\"Ferienwohnung Landau, Ferienwohnung S\u00fcdpfalz, Unterkunft Gleisweiler, Ferienwohnung Gleisweiler, Unterkunft Annweiler, \u00dcbernachten Gleisweiler, Wandern Pfalz, Weinsteig Pfalz \u00dcbernachtung\" class=\"wp-image-1205\" srcset=\"https:\/\/waldgl\u00fcck-pfalz.de\/wp-content\/uploads\/2025\/07\/FerienwohnungLandau-768x1024.webp 768w, https:\/\/waldgl\u00fcck-pfalz.de\/wp-content\/uploads\/2025\/07\/FerienwohnungLandau-225x300.webp 225w, https:\/\/waldgl\u00fcck-pfalz.de\/wp-content\/uploads\/2025\/07\/FerienwohnungLandau-1152x1536.webp 1152w, https:\/\/waldgl\u00fcck-pfalz.de\/wp-content\/uploads\/2025\/07\/FerienwohnungLandau-1536x2048.webp 1536w, https:\/\/waldgl\u00fcck-pfalz.de\/wp-content\/uploads\/2025\/07\/FerienwohnungLandau-scaled.webp 1920w\" sizes=\"auto, (max-width: 768px) 100vw, 768px\" \/><\/figure>\n<\/figure>\n<\/div><\/div>\n\n\n\n<div class=\"wp-block-kadence-column kadence-column631_7f5c8c-77 inner-column-1\"><div class=\"kt-inside-inner-col\">\n<p class=\"has-text-align-center has-md-36-28-font-size\">Die Ferienwohnung <strong>Wander Gl\u00fcck<\/strong> ist ein gem\u00fctliches 26 qm Appartement f\u00fcr 2 Personen. Sie ist ausgestattet mit einem kuscheligen Wohn- &amp; Schlafbereich, einem Badezimmer mit Toilette und Dusche und einer gro\u00dfen K\u00fcche.<br>Bei der Einrichtung haben wir auf \u00c4sthetik, Gem\u00fctlichkeit und Elemente aus Wald und Region geachtet.<\/p>\n\n\n\n<p class=\"has-text-align-center has-md-36-28-font-size\">Der kuschelige Wohn- und Schlafbereich im <strong>Wander Gl\u00fcck<\/strong> l\u00e4dt zum Entspannen und Verweilen ein, um nach einer Wanderung oder Tagesausflug zu entspannen. Die gro\u00dfe K\u00fcche ist perfekt ausgestattet und bietet alles, was ihr f\u00fcr die Zubereitung k\u00f6stlicher Gerichte ben\u00f6tigt. Hier k\u00f6nnt ihr gemeinsam kochen und die regionalen Spezialit\u00e4ten genie\u00dfen. Das Bett l\u00e4sst sich sowohl als Doppelbett, wie auch als zwei Singlebetten nutzen. Der SmartTV l\u00e4dt zu einem gem\u00fctlichen Netflix Abend auf der Couch ein, wo ihr einfach die F\u00fc\u00dfe hochlegen und entspannen k\u00f6nnt.<\/p>\n\n\n\n<p class=\"has-text-align-center has-md-36-28-font-size\">Unser <strong>Wander Gl\u00fcck<\/strong> ist der ideale R\u00fcckzugsort f\u00fcr Paare oder Freunde, die die Sch\u00f6nheit der Pfalz entdecken m\u00f6chten. Ob bei einem romantischen Wochenende oder einem aktiven Aufenthalt \u2013 hier findet ihr den perfekten Ort zum Entspannen nach einem erlebnisreichen Tag in der Natur. Lasst den Alltag hinter euch und genie\u00dft unvergessliche Momente in unserem kleinen Paradies! Wir freuen uns darauf, euch willkommen zu hei\u00dfen!<br><\/p>\n<\/div><\/div>\n\n<\/div><\/div>\n\n\n<div class=\"wp-block-kadence-advancedbtn kb-buttons-wrap kb-btns631_01518c-3a\"><a class=\"kb-button kt-button button kb-btn631_d8cede-11 kt-btn-size-standard kt-btn-width-type-auto kb-btn-global-fill  kt-btn-has-text-true kt-btn-has-svg-false  wp-block-kadence-singlebtn\" href=\"https:\/\/waldgl\u00fcck-pfalz.de\/?page_id=508\" target=\"_blank\" rel=\"noreferrer noopener\"><span class=\"kt-btn-inner-text\">Buche jetzt deinen Urlaub<\/span><\/a><\/div>\n\n\n\n<div style=\"height:100px\" aria-hidden=\"true\" class=\"wp-block-spacer\"><\/div>\n\n\n<div class=\"kb-row-layout-wrap kb-row-layout-id631_19765c-71 alignfull has-theme-palette9-background-color kt-row-has-bg wp-block-kadence-rowlayout\"><div class=\"kt-row-column-wrap kt-has-2-columns kt-row-layout-equal kt-tab-layout-row kt-mobile-layout-row kt-row-valign-top\">\n\n<div class=\"wp-block-kadence-column kadence-column631_29c1af-13\"><div class=\"kt-inside-inner-col\">\n<h2 class=\"kt-adv-heading631_354160-af wp-block-kadence-advancedheading has-theme-palette-3-color has-text-color\" data-kb-block=\"kb-adv-heading631_354160-af\">Ausstattung<\/h2>\n\n\n\n<div class=\"wp-block-kadence-spacer aligncenter kt-block-spacer-631_821d2a-ff\"><div class=\"kt-block-spacer kt-block-spacer-halign-center\"><hr class=\"kt-divider\"\/><\/div><\/div>\n\n\n\n<p class=\"kt-adv-heading631_5d31f5-8e wp-block-kadence-advancedheading has-theme-palette-3-color has-text-color\" data-kb-block=\"kb-adv-heading631_5d31f5-8e\"><strong>K\u00fcche<\/strong><\/p>\n\n\n\n<p>Herd mit 4 Kochfeldern<br>K\u00fchlschrank<br>Kaffeepad Maschine &amp; Kaffeepads<br>Wasserkocher<br>Geschirr, Besteck, Kochgeschirr<br>scharfe Messer, Sch\u00e4ler,&#8230;<br>Sp\u00fclt\u00fccher, Schw\u00e4mme, Sp\u00fclmittel<br>Gew\u00fcrze, wie Salz und Pfeffer<br>Essig &amp; \u00d6l<br>Korkenzieher, Dosen\u00f6ffner,&#8230;<br>Essgruppe<br><br><strong>Badezimmer<\/strong><br><br>Dusche<br>Handt\u00fccher<br>Seife<br>Klopapier<br><br><\/p>\n<\/div><\/div>\n\n\n\n<div class=\"wp-block-kadence-column kadence-column631_f5cf04-c1\"><div class=\"kt-inside-inner-col\"><div class=\"kb-row-layout-wrap kb-row-layout-id631_313ae1-d0 alignnone wp-block-kadence-rowlayout\"><div class=\"kt-row-column-wrap kt-has-1-columns kt-row-layout-equal kt-tab-layout-inherit kt-mobile-layout-row kt-row-valign-top\">\n\n<div class=\"wp-block-kadence-column kadence-column631_8b59b5-a9 kb-section-dir-vertical kb-section-md-dir-vertical\"><div class=\"kt-inside-inner-col\">\n<p class=\"kt-adv-heading631_94753f-ff wp-block-kadence-advancedheading has-theme-palette-3-color has-text-color\" data-kb-block=\"kb-adv-heading631_94753f-ff\"><strong>Wohnbereich<\/strong><br><br>2 Betten 0.90 x 2.00 Meter &#8211; kann als Doppelbett zusammengestellt werden<br>2 Kopfkissen &amp; Bettdecken<br>Bettw\u00e4sche<br>Kleiderschrank<br>Sitzecke<br>TV mit Netflix <br><br><\/p>\n<\/div><\/div>\n\n<\/div><\/div><\/div><\/div>\n\n<\/div><\/div>\n\n<div class=\"kb-row-layout-wrap kb-row-layout-id631_3cb8a2-77 alignfull wp-block-kadence-rowlayout\"><div class=\"kt-row-column-wrap kt-has-1-columns kt-row-layout-equal kt-tab-layout-inherit kt-mobile-layout-row kt-row-valign-top\">\n\n<div class=\"wp-block-kadence-column kadence-column631_7c027e-e1\"><div class=\"kt-inside-inner-col\"><div class=\"kb-row-layout-wrap kb-row-layout-id631_419df2-34 alignnone wp-block-kadence-rowlayout\"><div class=\"kt-row-column-wrap kt-has-2-columns kt-row-layout-left-golden kt-tab-layout-row kt-mobile-layout-row kt-row-valign-top\">\n\n<div class=\"wp-block-kadence-column kadence-column631_364fcb-bb\"><div class=\"kt-inside-inner-col\">\n<h2 class=\"kt-adv-heading631_684b2a-a3 wp-block-kadence-advancedheading has-theme-palette-3-color has-text-color\" data-kb-block=\"kb-adv-heading631_684b2a-a3\">Willkommen im Wander Gl\u00fcck!<\/h2>\n\n\n\n<p class=\"kt-adv-heading631_915f7e-47 wp-block-kadence-advancedheading has-theme-palette-3-color has-text-color\" data-kb-block=\"kb-adv-heading631_915f7e-47\">Schau dich um in unserer Ferienwohnung!<\/p>\n<\/div><\/div>\n\n\n\n<div class=\"wp-block-kadence-column kadence-column631_d977be-8e kvs-md-false kvs-sm-false\"><div class=\"kt-inside-inner-col\"><\/div><\/div>\n\n<\/div><\/div>\n\n<div class=\"kb-row-layout-wrap kb-row-layout-id631_5a09f0-fd alignnone wp-block-kadence-rowlayout\"><div class=\"kt-row-column-wrap kt-has-1-columns kt-row-layout-equal kt-tab-layout-inherit kt-mobile-layout-row kt-row-valign-top\">\n\n<div class=\"wp-block-kadence-column kadence-column631_270ebc-87\"><div class=\"kt-inside-inner-col\">\n<figure class=\"wp-block-gallery has-nested-images columns-default is-cropped wp-block-gallery-2 is-layout-flex wp-block-gallery-is-layout-flex\">\n<figure class=\"wp-block-image size-large\"><img loading=\"lazy\" decoding=\"async\" width=\"1024\" height=\"768\" data-id=\"1202\" src=\"https:\/\/waldgl\u00fcck-pfalz.de\/wp-content\/uploads\/2025\/07\/PfaelzerWeinsteigUnterkunft-1024x768.webp\" alt=\"Ferienwohnung Landau, Ferienwohnung S\u00fcdpfalz, Unterkunft Gleisweiler, Ferienwohnung Gleisweiler, Unterkunft Annweiler, \u00dcbernachten Gleisweiler, Wandern Pfalz, Weinsteig Pfalz \u00dcbernachtung\" class=\"wp-image-1202\" srcset=\"https:\/\/waldgl\u00fcck-pfalz.de\/wp-content\/uploads\/2025\/07\/PfaelzerWeinsteigUnterkunft-1024x768.webp 1024w, https:\/\/waldgl\u00fcck-pfalz.de\/wp-content\/uploads\/2025\/07\/PfaelzerWeinsteigUnterkunft-300x225.webp 300w, https:\/\/waldgl\u00fcck-pfalz.de\/wp-content\/uploads\/2025\/07\/PfaelzerWeinsteigUnterkunft-768x576.webp 768w, https:\/\/waldgl\u00fcck-pfalz.de\/wp-content\/uploads\/2025\/07\/PfaelzerWeinsteigUnterkunft-1536x1152.webp 1536w, https:\/\/waldgl\u00fcck-pfalz.de\/wp-content\/uploads\/2025\/07\/PfaelzerWeinsteigUnterkunft-2048x1536.webp 2048w\" sizes=\"auto, (max-width: 1024px) 100vw, 1024px\" \/><\/figure>\n\n\n\n<figure class=\"wp-block-image size-large\"><img loading=\"lazy\" decoding=\"async\" width=\"768\" height=\"1024\" data-id=\"1203\" src=\"https:\/\/waldgl\u00fcck-pfalz.de\/wp-content\/uploads\/2025\/07\/wanderurlaubgleisweiler-768x1024.webp\" alt=\"Ferienwohnung Landau, Ferienwohnung S\u00fcdpfalz, Unterkunft Gleisweiler, Ferienwohnung Gleisweiler, Unterkunft Annweiler, \u00dcbernachten Gleisweiler, Wandern Pfalz, Weinsteig Pfalz \u00dcbernachtung\" class=\"wp-image-1203\" srcset=\"https:\/\/waldgl\u00fcck-pfalz.de\/wp-content\/uploads\/2025\/07\/wanderurlaubgleisweiler-768x1024.webp 768w, https:\/\/waldgl\u00fcck-pfalz.de\/wp-content\/uploads\/2025\/07\/wanderurlaubgleisweiler-225x300.webp 225w, https:\/\/waldgl\u00fcck-pfalz.de\/wp-content\/uploads\/2025\/07\/wanderurlaubgleisweiler-1152x1536.webp 1152w, https:\/\/waldgl\u00fcck-pfalz.de\/wp-content\/uploads\/2025\/07\/wanderurlaubgleisweiler-1536x2048.webp 1536w, https:\/\/waldgl\u00fcck-pfalz.de\/wp-content\/uploads\/2025\/07\/wanderurlaubgleisweiler-scaled.webp 1920w\" sizes=\"auto, (max-width: 768px) 100vw, 768px\" \/><\/figure>\n\n\n\n<figure class=\"wp-block-image size-large\"><img loading=\"lazy\" decoding=\"async\" width=\"1024\" height=\"768\" data-id=\"1204\" src=\"https:\/\/waldgl\u00fcck-pfalz.de\/wp-content\/uploads\/2025\/07\/FerienwohnungWanderurlaub-1024x768.webp\" alt=\"Ferienwohnung Landau, Ferienwohnung S\u00fcdpfalz, Unterkunft Gleisweiler, Ferienwohnung Gleisweiler, Unterkunft Annweiler, \u00dcbernachten Gleisweiler, Wandern Pfalz, Weinsteig Pfalz \u00dcbernachtung\" class=\"wp-image-1204\" srcset=\"https:\/\/waldgl\u00fcck-pfalz.de\/wp-content\/uploads\/2025\/07\/FerienwohnungWanderurlaub-1024x768.webp 1024w, https:\/\/waldgl\u00fcck-pfalz.de\/wp-content\/uploads\/2025\/07\/FerienwohnungWanderurlaub-300x225.webp 300w, https:\/\/waldgl\u00fcck-pfalz.de\/wp-content\/uploads\/2025\/07\/FerienwohnungWanderurlaub-768x576.webp 768w, https:\/\/waldgl\u00fcck-pfalz.de\/wp-content\/uploads\/2025\/07\/FerienwohnungWanderurlaub-1536x1152.webp 1536w, https:\/\/waldgl\u00fcck-pfalz.de\/wp-content\/uploads\/2025\/07\/FerienwohnungWanderurlaub-2048x1536.webp 2048w\" sizes=\"auto, (max-width: 1024px) 100vw, 1024px\" \/><\/figure>\n\n\n\n<figure class=\"wp-block-image size-large\"><img loading=\"lazy\" decoding=\"async\" width=\"768\" height=\"1024\" data-id=\"1205\" src=\"https:\/\/waldgl\u00fcck-pfalz.de\/wp-content\/uploads\/2025\/07\/FerienwohnungLandau-768x1024.webp\" alt=\"Ferienwohnung Landau, Ferienwohnung S\u00fcdpfalz, Unterkunft Gleisweiler, Ferienwohnung Gleisweiler, Unterkunft Annweiler, \u00dcbernachten Gleisweiler, Wandern Pfalz, Weinsteig Pfalz \u00dcbernachtung\" class=\"wp-image-1205\" srcset=\"https:\/\/waldgl\u00fcck-pfalz.de\/wp-content\/uploads\/2025\/07\/FerienwohnungLandau-768x1024.webp 768w, https:\/\/waldgl\u00fcck-pfalz.de\/wp-content\/uploads\/2025\/07\/FerienwohnungLandau-225x300.webp 225w, https:\/\/waldgl\u00fcck-pfalz.de\/wp-content\/uploads\/2025\/07\/FerienwohnungLandau-1152x1536.webp 1152w, https:\/\/waldgl\u00fcck-pfalz.de\/wp-content\/uploads\/2025\/07\/FerienwohnungLandau-1536x2048.webp 1536w, https:\/\/waldgl\u00fcck-pfalz.de\/wp-content\/uploads\/2025\/07\/FerienwohnungLandau-scaled.webp 1920w\" sizes=\"auto, (max-width: 768px) 100vw, 768px\" \/><\/figure>\n\n\n\n<figure class=\"wp-block-image size-large\"><img loading=\"lazy\" decoding=\"async\" width=\"1024\" height=\"768\" data-id=\"1208\" src=\"https:\/\/waldgl\u00fcck-pfalz.de\/wp-content\/uploads\/2025\/07\/WanderglueckFerienwohnungGleisweiler-1024x768.webp\" alt=\"\" class=\"wp-image-1208\" srcset=\"https:\/\/waldgl\u00fcck-pfalz.de\/wp-content\/uploads\/2025\/07\/WanderglueckFerienwohnungGleisweiler-1024x768.webp 1024w, https:\/\/waldgl\u00fcck-pfalz.de\/wp-content\/uploads\/2025\/07\/WanderglueckFerienwohnungGleisweiler-300x225.webp 300w, https:\/\/waldgl\u00fcck-pfalz.de\/wp-content\/uploads\/2025\/07\/WanderglueckFerienwohnungGleisweiler-768x576.webp 768w, https:\/\/waldgl\u00fcck-pfalz.de\/wp-content\/uploads\/2025\/07\/WanderglueckFerienwohnungGleisweiler-1536x1152.webp 1536w, https:\/\/waldgl\u00fcck-pfalz.de\/wp-content\/uploads\/2025\/07\/WanderglueckFerienwohnungGleisweiler-2048x1536.webp 2048w\" sizes=\"auto, (max-width: 1024px) 100vw, 1024px\" \/><\/figure>\n\n\n\n<figure class=\"wp-block-image size-large\"><img loading=\"lazy\" decoding=\"async\" width=\"768\" height=\"1024\" data-id=\"1206\" src=\"https:\/\/waldgl\u00fcck-pfalz.de\/wp-content\/uploads\/2025\/07\/FerienwohnungGleisweilerPfalz-768x1024.webp\" alt=\"Ferienwohnung Landau, Ferienwohnung S\u00fcdpfalz, Unterkunft Gleisweiler, Ferienwohnung Gleisweiler, Unterkunft Annweiler, \u00dcbernachten Gleisweiler, Wandern Pfalz\" class=\"wp-image-1206\" srcset=\"https:\/\/waldgl\u00fcck-pfalz.de\/wp-content\/uploads\/2025\/07\/FerienwohnungGleisweilerPfalz-768x1024.webp 768w, https:\/\/waldgl\u00fcck-pfalz.de\/wp-content\/uploads\/2025\/07\/FerienwohnungGleisweilerPfalz-225x300.webp 225w, https:\/\/waldgl\u00fcck-pfalz.de\/wp-content\/uploads\/2025\/07\/FerienwohnungGleisweilerPfalz-1152x1536.webp 1152w, https:\/\/waldgl\u00fcck-pfalz.de\/wp-content\/uploads\/2025\/07\/FerienwohnungGleisweilerPfalz-1536x2048.webp 1536w, https:\/\/waldgl\u00fcck-pfalz.de\/wp-content\/uploads\/2025\/07\/FerienwohnungGleisweilerPfalz-scaled.webp 1920w\" sizes=\"auto, (max-width: 768px) 100vw, 768px\" \/><\/figure>\n<\/figure>\n<\/div><\/div>\n\n\n\n<div class=\"wp-block-kadence-column kadence-column631_02f892-e8\"><div class=\"kt-inside-inner-col\">\n<div class=\"wp-block-kadence-image kb-image631_5843b3-99\"><figure class=\"aligncenter size-large kb-image-is-ratio-size\"><a href=\"https:\/\/waldgl\u00fcck-pfalz.de\/?page_id=508\" class=\"kb-advanced-image-link\"><div class=\"kb-is-ratio-image kb-image-ratio-land32\"><img loading=\"lazy\" decoding=\"async\" width=\"1024\" height=\"724\" src=\"https:\/\/waldgl\u00fcck-pfalz.de\/wp-content\/uploads\/2024\/09\/Wander-Glueck-Ferienwohnung-1024x724.webp\" alt=\"Ferienwohnung Gleisweiler, Wander Gl\u00fcck, \" class=\"kb-img wp-image-684\" srcset=\"https:\/\/waldgl\u00fcck-pfalz.de\/wp-content\/uploads\/2024\/09\/Wander-Glueck-Ferienwohnung-1024x724.webp 1024w, https:\/\/waldgl\u00fcck-pfalz.de\/wp-content\/uploads\/2024\/09\/Wander-Glueck-Ferienwohnung-300x212.webp 300w, https:\/\/waldgl\u00fcck-pfalz.de\/wp-content\/uploads\/2024\/09\/Wander-Glueck-Ferienwohnung-768x543.webp 768w, https:\/\/waldgl\u00fcck-pfalz.de\/wp-content\/uploads\/2024\/09\/Wander-Glueck-Ferienwohnung-1536x1086.webp 1536w, https:\/\/waldgl\u00fcck-pfalz.de\/wp-content\/uploads\/2024\/09\/Wander-Glueck-Ferienwohnung-2048x1448.webp 2048w\" sizes=\"auto, (max-width: 1024px) 100vw, 1024px\" \/><\/div><\/a><\/figure><\/div>\n<\/div><\/div>\n\n<\/div><\/div><\/div><\/div>\n\n<\/div><\/div>\n\n\n<div id=\"smoobuApartment2298584de\" class=\"calendarWidget\"> <div class=\"calendarContent\" data-load-calendar-url=\"https:\/\/login.smoobu.com\/de\/cockpit\/widget\/single-calendar\/2298584\" data-verification=\"5752039f868ffabf797dd1b32be15983792f948e419845f2b6795c2463e83093\" data-baseUrl=\"https:\/\/login.smoobu.com\" data-disable-css=\"false\" ><\/div> <script type=\"text\/javascript\" src=\"https:\/\/login.smoobu.com\/js\/Apartment\/CalendarWidget.js\"><\/script><\/div>\n\n\n\n<div class=\"wp-block-kadence-advancedbtn kb-buttons-wrap kb-btns631_ac3890-3d\"><a class=\"kb-button kt-button button kb-btn631_0db131-e3 kt-btn-size-standard kt-btn-width-type-auto kb-btn-global-fill  kt-btn-has-text-true kt-btn-has-svg-false  wp-block-kadence-singlebtn\" href=\"https:\/\/waldgl\u00fcck-pfalz.de\/?page_id=336\"><span class=\"kt-btn-inner-text\">Entdecke unsere anderen Ferienwohnungen<\/span><\/a><\/div>\n","protected":false},"excerpt":{"rendered":"<p>Unser Wander Gl\u00fcck Gem\u00fctlichkeit f\u00fcr zwei Personen Die Ferienwohnung Wander Gl\u00fcck ist ein gem\u00fctliches 26 qm Appartement f\u00fcr 2 Personen. Sie ist ausgestattet mit einem kuscheligen Wohn- &amp; Schlafbereich, einem Badezimmer mit Toilette und Dusche und einer gro\u00dfen K\u00fcche.Bei der Einrichtung haben wir auf \u00c4sthetik, Gem\u00fctlichkeit und Elemente aus Wald und Region geachtet. Der kuschelige [&hellip;]<\/p>\n","protected":false},"author":1,"featured_media":0,"parent":0,"menu_order":0,"comment_status":"closed","ping_status":"closed","template":"page-no-title","meta":{"footnotes":""},"class_list":["post-631","page","type-page","status-publish","hentry"],"yoast_head":"<!-- This site is optimized with the Yoast SEO plugin v27.5 - https:\/\/yoast.com\/product\/yoast-seo-wordpress\/ -->\n<title>Wander Gl\u00fcck - Waldgl\u00fcck-Pfalz.de<\/title>\n<meta name=\"description\" content=\"Ferienwohnung Gleisweiler, Ferienwohnung Pfalz, Waldgl\u00fcck Gleisweiler, Ferienappartment Pfalz, Wander Gl\u00fcck\" \/>\n<meta name=\"robots\" content=\"index, follow, max-snippet:-1, max-image-preview:large, max-video-preview:-1\" \/>\n<link rel=\"canonical\" href=\"https:\/\/waldgl\u00fcck-pfalz.de\/?page_id=631\" \/>\n<meta property=\"og:locale\" content=\"de_DE\" \/>\n<meta property=\"og:type\" content=\"article\" \/>\n<meta property=\"og:title\" content=\"Wander Gl\u00fcck - Waldgl\u00fcck-Pfalz.de\" \/>\n<meta property=\"og:description\" content=\"Ferienwohnung Gleisweiler, Ferienwohnung Pfalz, Waldgl\u00fcck Gleisweiler, Ferienappartment Pfalz, Wander Gl\u00fcck\" \/>\n<meta property=\"og:url\" content=\"https:\/\/waldgl\u00fcck-pfalz.de\/?page_id=631\" \/>\n<meta property=\"og:site_name\" content=\"Waldgl\u00fcck-Pfalz.de\" \/>\n<meta property=\"article:modified_time\" content=\"2025-07-02T07:12:41+00:00\" \/>\n<meta name=\"twitter:card\" content=\"summary_large_image\" \/>\n<meta name=\"twitter:label1\" content=\"Gesch\u00e4tzte Lesezeit\" \/>\n\t<meta name=\"twitter:data1\" content=\"4\u00a0Minuten\" \/>\n<script type=\"application\/ld+json\" class=\"yoast-schema-graph\">{\"@context\":\"https:\\\/\\\/schema.org\",\"@graph\":[{\"@type\":\"WebPage\",\"@id\":\"https:\\\/\\\/waldgl\u00fcck-pfalz.de\\\/?page_id=631\",\"url\":\"https:\\\/\\\/waldgl\u00fcck-pfalz.de\\\/?page_id=631\",\"name\":\"Wander Gl\u00fcck - Waldgl\u00fcck-Pfalz.de\",\"isPartOf\":{\"@id\":\"https:\\\/\\\/waldgl\u00fcck-pfalz.de\\\/#website\"},\"datePublished\":\"2024-09-23T13:49:37+00:00\",\"dateModified\":\"2025-07-02T07:12:41+00:00\",\"description\":\"Ferienwohnung Gleisweiler, Ferienwohnung Pfalz, Waldgl\u00fcck Gleisweiler, Ferienappartment Pfalz, Wander Gl\u00fcck\",\"breadcrumb\":{\"@id\":\"https:\\\/\\\/waldgl\u00fcck-pfalz.de\\\/?page_id=631#breadcrumb\"},\"inLanguage\":\"de\",\"potentialAction\":[{\"@type\":\"ReadAction\",\"target\":[\"https:\\\/\\\/waldgl\u00fcck-pfalz.de\\\/?page_id=631\"]}]},{\"@type\":\"BreadcrumbList\",\"@id\":\"https:\\\/\\\/waldgl\u00fcck-pfalz.de\\\/?page_id=631#breadcrumb\",\"itemListElement\":[{\"@type\":\"ListItem\",\"position\":1,\"name\":\"Startseite\",\"item\":\"https:\\\/\\\/waldgl\u00fcck-pfalz.de\\\/\"},{\"@type\":\"ListItem\",\"position\":2,\"name\":\"Wander Gl\u00fcck\"}]},{\"@type\":\"WebSite\",\"@id\":\"https:\\\/\\\/waldgl\u00fcck-pfalz.de\\\/#website\",\"url\":\"https:\\\/\\\/waldgl\u00fcck-pfalz.de\\\/\",\"name\":\"Waldgl\u00fcck-Pfalz.de\",\"description\":\"Ferienwohnung Waldgl\u00fcck, 76835 Gleisweiler Badstra\u00dfe 8-10\",\"publisher\":{\"@id\":\"https:\\\/\\\/waldgl\u00fcck-pfalz.de\\\/#organization\"},\"potentialAction\":[{\"@type\":\"SearchAction\",\"target\":{\"@type\":\"EntryPoint\",\"urlTemplate\":\"https:\\\/\\\/waldgl\u00fcck-pfalz.de\\\/?s={search_term_string}\"},\"query-input\":{\"@type\":\"PropertyValueSpecification\",\"valueRequired\":true,\"valueName\":\"search_term_string\"}}],\"inLanguage\":\"de\"},{\"@type\":\"Organization\",\"@id\":\"https:\\\/\\\/waldgl\u00fcck-pfalz.de\\\/#organization\",\"name\":\"Waldgl\u00fcck-Pfalz.de\",\"url\":\"https:\\\/\\\/waldgl\u00fcck-pfalz.de\\\/\",\"logo\":{\"@type\":\"ImageObject\",\"inLanguage\":\"de\",\"@id\":\"https:\\\/\\\/waldgl\u00fcck-pfalz.de\\\/#\\\/schema\\\/logo\\\/image\\\/\",\"url\":\"https:\\\/\\\/waldgl\u00fcck-pfalz.de\\\/wp-content\\\/uploads\\\/2024\\\/09\\\/1.png\",\"contentUrl\":\"https:\\\/\\\/waldgl\u00fcck-pfalz.de\\\/wp-content\\\/uploads\\\/2024\\\/09\\\/1.png\",\"width\":938,\"height\":938,\"caption\":\"Waldgl\u00fcck-Pfalz.de\"},\"image\":{\"@id\":\"https:\\\/\\\/waldgl\u00fcck-pfalz.de\\\/#\\\/schema\\\/logo\\\/image\\\/\"}}]}<\/script>\n<!-- \/ Yoast SEO plugin. -->","yoast_head_json":{"title":"Wander Gl\u00fcck - Waldgl\u00fcck-Pfalz.de","description":"Ferienwohnung Gleisweiler, Ferienwohnung Pfalz, Waldgl\u00fcck Gleisweiler, Ferienappartment Pfalz, Wander Gl\u00fcck","robots":{"index":"index","follow":"follow","max-snippet":"max-snippet:-1","max-image-preview":"max-image-preview:large","max-video-preview":"max-video-preview:-1"},"canonical":"https:\/\/waldgl\u00fcck-pfalz.de\/?page_id=631","og_locale":"de_DE","og_type":"article","og_title":"Wander Gl\u00fcck - Waldgl\u00fcck-Pfalz.de","og_description":"Ferienwohnung Gleisweiler, Ferienwohnung Pfalz, Waldgl\u00fcck Gleisweiler, Ferienappartment Pfalz, Wander Gl\u00fcck","og_url":"https:\/\/waldgl\u00fcck-pfalz.de\/?page_id=631","og_site_name":"Waldgl\u00fcck-Pfalz.de","article_modified_time":"2025-07-02T07:12:41+00:00","twitter_card":"summary_large_image","twitter_misc":{"Gesch\u00e4tzte Lesezeit":"4\u00a0Minuten"},"schema":{"@context":"https:\/\/schema.org","@graph":[{"@type":"WebPage","@id":"https:\/\/waldgl\u00fcck-pfalz.de\/?page_id=631","url":"https:\/\/waldgl\u00fcck-pfalz.de\/?page_id=631","name":"Wander Gl\u00fcck - Waldgl\u00fcck-Pfalz.de","isPartOf":{"@id":"https:\/\/waldgl\u00fcck-pfalz.de\/#website"},"datePublished":"2024-09-23T13:49:37+00:00","dateModified":"2025-07-02T07:12:41+00:00","description":"Ferienwohnung Gleisweiler, Ferienwohnung Pfalz, Waldgl\u00fcck Gleisweiler, Ferienappartment Pfalz, Wander Gl\u00fcck","breadcrumb":{"@id":"https:\/\/waldgl\u00fcck-pfalz.de\/?page_id=631#breadcrumb"},"inLanguage":"de","potentialAction":[{"@type":"ReadAction","target":["https:\/\/waldgl\u00fcck-pfalz.de\/?page_id=631"]}]},{"@type":"BreadcrumbList","@id":"https:\/\/waldgl\u00fcck-pfalz.de\/?page_id=631#breadcrumb","itemListElement":[{"@type":"ListItem","position":1,"name":"Startseite","item":"https:\/\/waldgl\u00fcck-pfalz.de\/"},{"@type":"ListItem","position":2,"name":"Wander Gl\u00fcck"}]},{"@type":"WebSite","@id":"https:\/\/waldgl\u00fcck-pfalz.de\/#website","url":"https:\/\/waldgl\u00fcck-pfalz.de\/","name":"Waldgl\u00fcck-Pfalz.de","description":"Ferienwohnung Waldgl\u00fcck, 76835 Gleisweiler Badstra\u00dfe 8-10","publisher":{"@id":"https:\/\/waldgl\u00fcck-pfalz.de\/#organization"},"potentialAction":[{"@type":"SearchAction","target":{"@type":"EntryPoint","urlTemplate":"https:\/\/waldgl\u00fcck-pfalz.de\/?s={search_term_string}"},"query-input":{"@type":"PropertyValueSpecification","valueRequired":true,"valueName":"search_term_string"}}],"inLanguage":"de"},{"@type":"Organization","@id":"https:\/\/waldgl\u00fcck-pfalz.de\/#organization","name":"Waldgl\u00fcck-Pfalz.de","url":"https:\/\/waldgl\u00fcck-pfalz.de\/","logo":{"@type":"ImageObject","inLanguage":"de","@id":"https:\/\/waldgl\u00fcck-pfalz.de\/#\/schema\/logo\/image\/","url":"https:\/\/waldgl\u00fcck-pfalz.de\/wp-content\/uploads\/2024\/09\/1.png","contentUrl":"https:\/\/waldgl\u00fcck-pfalz.de\/wp-content\/uploads\/2024\/09\/1.png","width":938,"height":938,"caption":"Waldgl\u00fcck-Pfalz.de"},"image":{"@id":"https:\/\/waldgl\u00fcck-pfalz.de\/#\/schema\/logo\/image\/"}}]}},"_links":{"self":[{"href":"https:\/\/waldgl\u00fcck-pfalz.de\/index.php?rest_route=\/wp\/v2\/pages\/631","targetHints":{"allow":["GET"]}}],"collection":[{"href":"https:\/\/waldgl\u00fcck-pfalz.de\/index.php?rest_route=\/wp\/v2\/pages"}],"about":[{"href":"https:\/\/waldgl\u00fcck-pfalz.de\/index.php?rest_route=\/wp\/v2\/types\/page"}],"author":[{"embeddable":true,"href":"https:\/\/waldgl\u00fcck-pfalz.de\/index.php?rest_route=\/wp\/v2\/users\/1"}],"replies":[{"embeddable":true,"href":"https:\/\/waldgl\u00fcck-pfalz.de\/index.php?rest_route=%2Fwp%2Fv2%2Fcomments&post=631"}],"version-history":[{"count":9,"href":"https:\/\/waldgl\u00fcck-pfalz.de\/index.php?rest_route=\/wp\/v2\/pages\/631\/revisions"}],"predecessor-version":[{"id":1213,"href":"https:\/\/waldgl\u00fcck-pfalz.de\/index.php?rest_route=\/wp\/v2\/pages\/631\/revisions\/1213"}],"wp:attachment":[{"href":"https:\/\/waldgl\u00fcck-pfalz.de\/index.php?rest_route=%2Fwp%2Fv2%2Fmedia&parent=631"}],"curies":[{"name":"wp","href":"https:\/\/api.w.org\/{rel}","templated":true}]}}