{"id":696,"date":"2024-09-26T11:29:00","date_gmt":"2024-09-26T09:29:00","guid":{"rendered":"https:\/\/waldgl\u00fcck-pfalz.de\/?page_id=696"},"modified":"2025-09-20T16:20:14","modified_gmt":"2025-09-20T14:20:14","slug":"familien-glueck","status":"publish","type":"page","link":"https:\/\/waldgl\u00fcck-pfalz.de\/?page_id=696","title":{"rendered":"Familien gl\u00fcck"},"content":{"rendered":"<div class=\"kb-row-layout-wrap kb-row-layout-id696_a24561-34 alignfull kt-row-has-bg wp-block-kadence-rowlayout\"><div class=\"kt-row-layout-overlay kt-row-overlay-normal\"><\/div><div class=\"kt-row-column-wrap kt-has-1-columns kt-row-layout-equal kt-tab-layout-inherit kt-mobile-layout-row kt-row-valign-top kb-theme-content-width\">\n\n<div class=\"wp-block-kadence-column kadence-column696_e00877-9a inner-column-1\"><div class=\"kt-inside-inner-col\">\n<h1 class=\"kt-adv-heading696_8cf063-e9 wp-block-kadence-advancedheading\" data-kb-block=\"kb-adv-heading696_8cf063-e9\">Familien gl\u00fcck<\/h1>\n\n\n\n<p class=\"has-text-align-center has-sm-font-size has-text-color has-link-color has-large-font-size wp-elements-462cdefdb2621a062cbf8ac40bcdb666\" style=\"color:#ffffff\">Urlaub f\u00fcr die ganze Familie<\/p>\n<\/div><\/div>\n\n<\/div><\/div>\n\n<div class=\"kb-row-layout-wrap kb-row-layout-id696_cc9f64-12 alignfull wp-block-kadence-rowlayout\"><div class=\"kt-row-column-wrap kt-has-1-columns kt-row-layout-equal kt-tab-layout-inherit kt-mobile-layout-row kt-row-valign-top\">\n\n<div class=\"wp-block-kadence-column kadence-column696_b8413f-ac\"><div class=\"kt-inside-inner-col\">\n<figure class=\"wp-block-gallery has-nested-images columns-default is-cropped wp-block-gallery-1 is-layout-flex wp-block-gallery-is-layout-flex\">\n<figure class=\"wp-block-image size-large\"><img loading=\"lazy\" decoding=\"async\" width=\"750\" height=\"750\" data-id=\"1156\" src=\"https:\/\/waldgl\u00fcck-pfalz.de\/wp-content\/uploads\/2025\/02\/Familienurlaubweinstrasse-edited.webp\" alt=\"Familienferienwohnung, Urlaub in der S\u00fcdpfalz, Familienurlaub Pfalz, Ferienwohnung Familie Pfalz, Ferienwohnung mit Kindern, Familiengl\u00fcck Gleisweiler\" class=\"wp-image-1156\" srcset=\"https:\/\/waldgl\u00fcck-pfalz.de\/wp-content\/uploads\/2025\/02\/Familienurlaubweinstrasse-edited.webp 750w, https:\/\/waldgl\u00fcck-pfalz.de\/wp-content\/uploads\/2025\/02\/Familienurlaubweinstrasse-edited-300x300.webp 300w, https:\/\/waldgl\u00fcck-pfalz.de\/wp-content\/uploads\/2025\/02\/Familienurlaubweinstrasse-edited-150x150.webp 150w\" sizes=\"auto, (max-width: 750px) 100vw, 750px\" \/><\/figure>\n\n\n\n<figure class=\"wp-block-image size-large\"><img loading=\"lazy\" decoding=\"async\" width=\"1000\" height=\"750\" data-id=\"958\" src=\"https:\/\/waldgl\u00fcck-pfalz.de\/wp-content\/uploads\/2024\/12\/FerienwohnungPfalz.webp\" alt=\"Familienferienwohnung, Urlaub in der S\u00fcdpfalz, Familienurlaub Pfalz, Ferienwohnung Familie Pfalz, Ferienwohnung mit Kindern\" class=\"wp-image-958\" srcset=\"https:\/\/waldgl\u00fcck-pfalz.de\/wp-content\/uploads\/2024\/12\/FerienwohnungPfalz.webp 1000w, https:\/\/waldgl\u00fcck-pfalz.de\/wp-content\/uploads\/2024\/12\/FerienwohnungPfalz-300x225.webp 300w, https:\/\/waldgl\u00fcck-pfalz.de\/wp-content\/uploads\/2024\/12\/FerienwohnungPfalz-768x576.webp 768w\" sizes=\"auto, (max-width: 1000px) 100vw, 1000px\" \/><\/figure>\n\n\n\n<figure class=\"wp-block-image size-large\"><img loading=\"lazy\" decoding=\"async\" width=\"1000\" height=\"750\" data-id=\"965\" src=\"https:\/\/waldgl\u00fcck-pfalz.de\/wp-content\/uploads\/2024\/12\/UrlaubmitHundPfalz.webp\" alt=\"Ferienwohnungen Pfalz, Familienferienwohnung, Urlaub in der S\u00fcdpfalz, Familienurlaub Pfalz, Ferienwohnung Familie Pfalz, Ferienwohnung mit Kindern\" class=\"wp-image-965\" srcset=\"https:\/\/waldgl\u00fcck-pfalz.de\/wp-content\/uploads\/2024\/12\/UrlaubmitHundPfalz.webp 1000w, https:\/\/waldgl\u00fcck-pfalz.de\/wp-content\/uploads\/2024\/12\/UrlaubmitHundPfalz-300x225.webp 300w, https:\/\/waldgl\u00fcck-pfalz.de\/wp-content\/uploads\/2024\/12\/UrlaubmitHundPfalz-768x576.webp 768w\" sizes=\"auto, (max-width: 1000px) 100vw, 1000px\" \/><\/figure>\n<\/figure>\n<\/div><\/div>\n\n\n\n<div class=\"wp-block-kadence-column kadence-column696_494c91-d9 inner-column-1\"><div class=\"kt-inside-inner-col\">\n<p class=\"has-text-align-center has-md-36-28-font-size\">Willkommen im <strong>Familien Gl\u00fcck<\/strong>\u2013 eurer einladenden Ferienwohnung in der wundersch\u00f6nen Pfalz! Auf gro\u00dfz\u00fcgigen 38 qm erwartet euch ein gem\u00fctliches Appartement, das ideal f\u00fcr 2 Erwachsene und 2 Kinder ist. Hier findet ihr alles, was ihr f\u00fcr einen entspannten Familienurlaub ben\u00f6tigt.<\/p>\n\n\n\n<p class=\"has-text-align-center\">Das kuschelige Wohn- und Esszimmer l\u00e4dt zum gemeinsamen Verweilen ein. Nach einem aufregenden Tag in der Natur k\u00f6nnt ihr hier zusammen essen, spielen oder einfach nur entspannen. Das separate Schlafzimmer mit 1.60 gro\u00dfem gem\u00fctlichen Elternbett bietet Platz f\u00fcr erholsame N\u00e4chte. Neben einem Beistellbett f\u00fcr Babys und einem Reisebett, ist es zus\u00e4tzlich mit einem Etagenbett ausgestattet, das bequem f\u00fcr zwei gr\u00f6\u00dfere Kinder genutzt werden kann. So k\u00f6nnen die Kleinen schon ins Bett gehen, w\u00e4hrend ihr als Mama und Papa noch ein Gl\u00e4schen Wein auf der Couch genie\u00dfen und den Abend vor dem TV ausklingen lasst.<\/p>\n\n\n\n<p class=\"has-text-align-center\">Das Duschbad mit Toilette sorgt f\u00fcr zus\u00e4tzlichen Komfort, w\u00e4hrend die voll eingerichtete K\u00fcche es euch erm\u00f6glicht, eure Lieblingsgerichte zuzubereiten und gemeinsam zu genie\u00dfen. Nat\u00fcrlich steht auch ein Hochstuhl und Kindergeschirr zur Verf\u00fcgung. Bei der Einrichtung haben wir besonderen Wert auf \u00c4sthetik, Gem\u00fctlichkeit und Familientauglichkeit gelegt, damit sich Gro\u00df und Klein sofort wohlf\u00fchlen.<\/p>\n\n\n\n<p class=\"has-text-align-center has-md-36-28-font-size\"><strong>Familien Gl\u00fcck<\/strong> ist der perfekte R\u00fcckzugsort f\u00fcr Familien, die eine sch\u00f6ne Zeit in der Pfalz verbringen m\u00f6chten. Ob beim Erkunden der malerischen Landschaften oder bei spannenden Ausfl\u00fcgen \u2013 hier findet ihr den idealen Ort zum Entspannen und Erholen nach einem erlebnisreichen Tag. Wir freuen uns darauf, euch in unserem kleinen Familienparadies willkommen zu hei\u00dfen!<\/p>\n<\/div><\/div>\n\n<\/div><\/div>\n\n<div class=\"kb-row-layout-wrap kb-row-layout-id696_603ef5-0c alignfull kt-row-has-bg wp-block-kadence-rowlayout\"><div class=\"kt-row-column-wrap kt-has-1-columns kt-row-layout-equal kt-tab-layout-inherit kt-mobile-layout-row kt-row-valign-top\">\n\n<div class=\"wp-block-kadence-column kadence-column696_6d4e63-88\"><div class=\"kt-inside-inner-col\"><div class=\"kb-row-layout-wrap kb-row-layout-id696_68e4c3-20 alignnone wp-block-kadence-rowlayout\"><div class=\"kt-row-column-wrap kt-has-1-columns kt-row-layout-equal kt-tab-layout-inherit kt-mobile-layout-row kt-row-valign-top kb-theme-content-width\">\n\n<div class=\"wp-block-kadence-column kadence-column696_9d6eca-b1\"><div class=\"kt-inside-inner-col\">\n<h2 class=\"kt-adv-heading696_af62f5-d3 wp-block-kadence-advancedheading\" data-kb-block=\"kb-adv-heading696_af62f5-d3\">Hereinspaziert ins Familien Gl\u00fcck<\/h2>\n\n\n\n<p class=\"kt-adv-heading696_f7c616-93 wp-block-kadence-advancedheading has-theme-palette-3-color has-text-color\" data-kb-block=\"kb-adv-heading696_f7c616-93\">Schau dich in unserer Ferienwohnung um!<\/p>\n<\/div><\/div>\n\n<\/div><\/div>\n\n<div class=\"kb-row-layout-wrap kb-row-layout-id696_d3c026-54 alignnone wp-block-kadence-rowlayout\"><div class=\"kt-row-column-wrap kt-has-1-columns kt-row-layout-equal kt-tab-layout-inherit kt-mobile-layout-row kt-row-valign-top\">\n\n<div class=\"wp-block-kadence-column kadence-column696_00ea01-03\"><div class=\"kt-inside-inner-col\">\n<figure class=\"wp-block-gallery has-nested-images columns-default is-cropped wp-block-gallery-2 is-layout-flex wp-block-gallery-is-layout-flex\">\n<figure class=\"wp-block-image size-large\"><img loading=\"lazy\" decoding=\"async\" width=\"1000\" height=\"750\" data-id=\"966\" src=\"https:\/\/waldgl\u00fcck-pfalz.de\/wp-content\/uploads\/2024\/12\/UrlaubPfalz.webp\" alt=\"Familienferienwohnung, Urlaub in der S\u00fcdpfalz, Familienurlaub Pfalz, Ferienwohnung Familie Pfalz, Ferienwohnung mit Kindern, Familien Gl\u00fcck\" class=\"wp-image-966\" srcset=\"https:\/\/waldgl\u00fcck-pfalz.de\/wp-content\/uploads\/2024\/12\/UrlaubPfalz.webp 1000w, https:\/\/waldgl\u00fcck-pfalz.de\/wp-content\/uploads\/2024\/12\/UrlaubPfalz-300x225.webp 300w, https:\/\/waldgl\u00fcck-pfalz.de\/wp-content\/uploads\/2024\/12\/UrlaubPfalz-768x576.webp 768w\" sizes=\"auto, (max-width: 1000px) 100vw, 1000px\" \/><\/figure>\n\n\n\n<figure class=\"wp-block-image size-large\"><a href=\"https:\/\/www.instagram.com\/waldglueck_pfalz\/\"><img loading=\"lazy\" decoding=\"async\" width=\"1000\" height=\"750\" data-id=\"958\" src=\"https:\/\/waldgl\u00fcck-pfalz.de\/wp-content\/uploads\/2024\/12\/FerienwohnungPfalz.webp\" alt=\"Familienferienwohnung, Urlaub in der S\u00fcdpfalz, Familienurlaub Pfalz, Ferienwohnung Familie Pfalz, Ferienwohnung mit Kindern\" class=\"wp-image-958\" srcset=\"https:\/\/waldgl\u00fcck-pfalz.de\/wp-content\/uploads\/2024\/12\/FerienwohnungPfalz.webp 1000w, https:\/\/waldgl\u00fcck-pfalz.de\/wp-content\/uploads\/2024\/12\/FerienwohnungPfalz-300x225.webp 300w, https:\/\/waldgl\u00fcck-pfalz.de\/wp-content\/uploads\/2024\/12\/FerienwohnungPfalz-768x576.webp 768w\" sizes=\"auto, (max-width: 1000px) 100vw, 1000px\" \/><\/a><\/figure>\n\n\n\n<figure class=\"wp-block-image size-large\"><img loading=\"lazy\" decoding=\"async\" width=\"1000\" height=\"750\" data-id=\"965\" src=\"https:\/\/waldgl\u00fcck-pfalz.de\/wp-content\/uploads\/2024\/12\/UrlaubmitHundPfalz.webp\" alt=\"Ferienwohnungen Pfalz, Familienferienwohnung, Urlaub in der S\u00fcdpfalz, Familienurlaub Pfalz, Ferienwohnung Familie Pfalz, Ferienwohnung mit Kindern\" class=\"wp-image-965\" srcset=\"https:\/\/waldgl\u00fcck-pfalz.de\/wp-content\/uploads\/2024\/12\/UrlaubmitHundPfalz.webp 1000w, https:\/\/waldgl\u00fcck-pfalz.de\/wp-content\/uploads\/2024\/12\/UrlaubmitHundPfalz-300x225.webp 300w, https:\/\/waldgl\u00fcck-pfalz.de\/wp-content\/uploads\/2024\/12\/UrlaubmitHundPfalz-768x576.webp 768w\" sizes=\"auto, (max-width: 1000px) 100vw, 1000px\" \/><\/figure>\n\n\n\n<figure class=\"wp-block-image size-large\"><img loading=\"lazy\" decoding=\"async\" width=\"768\" height=\"1024\" data-id=\"946\" src=\"https:\/\/waldgl\u00fcck-pfalz.de\/wp-content\/uploads\/2024\/12\/FamilienurlaubPfalz-768x1024.webp\" alt=\"Familienferienwohnung, Urlaub in der S\u00fcdpfalz, Familienurlaub Pfalz, Ferienwohnung Familie Pfalz, Ferienwohnung mit Kindern, Familiengl\u00fcck\" class=\"wp-image-946\" srcset=\"https:\/\/waldgl\u00fcck-pfalz.de\/wp-content\/uploads\/2024\/12\/FamilienurlaubPfalz-768x1024.webp 768w, https:\/\/waldgl\u00fcck-pfalz.de\/wp-content\/uploads\/2024\/12\/FamilienurlaubPfalz-225x300.webp 225w, https:\/\/waldgl\u00fcck-pfalz.de\/wp-content\/uploads\/2024\/12\/FamilienurlaubPfalz.webp 1000w\" sizes=\"auto, (max-width: 768px) 100vw, 768px\" \/><\/figure>\n\n\n\n<figure class=\"wp-block-image size-large\"><img loading=\"lazy\" decoding=\"async\" width=\"1000\" height=\"750\" data-id=\"948\" src=\"https:\/\/waldgl\u00fcck-pfalz.de\/wp-content\/uploads\/2024\/12\/Familienurlaubweinstrasse.webp\" alt=\"Familienferienwohnung, Urlaub in der S\u00fcdpfalz, Familienurlaub Pfalz, Ferienwohnung Familie Pfalz, Ferienwohnung mit Kindern\" class=\"wp-image-948\" srcset=\"https:\/\/waldgl\u00fcck-pfalz.de\/wp-content\/uploads\/2024\/12\/Familienurlaubweinstrasse.webp 1000w, https:\/\/waldgl\u00fcck-pfalz.de\/wp-content\/uploads\/2024\/12\/Familienurlaubweinstrasse-300x225.webp 300w, https:\/\/waldgl\u00fcck-pfalz.de\/wp-content\/uploads\/2024\/12\/Familienurlaubweinstrasse-768x576.webp 768w\" sizes=\"auto, (max-width: 1000px) 100vw, 1000px\" \/><\/figure>\n\n\n\n<figure class=\"wp-block-image size-full\"><img loading=\"lazy\" decoding=\"async\" width=\"750\" height=\"1000\" data-id=\"955\" src=\"https:\/\/waldgl\u00fcck-pfalz.de\/wp-content\/uploads\/2024\/12\/FerienwohnungLandau.webp\" alt=\"Ferienwohnung Familie Pfalz, Urlaub Pfalz mit Familie, Ferienwohnung Pfalz, Ferienwohnung Gleisweiler, Familien Gl\u00fcck Gleisweiler, Familien Gl\u00fcck\" class=\"wp-image-955\" srcset=\"https:\/\/waldgl\u00fcck-pfalz.de\/wp-content\/uploads\/2024\/12\/FerienwohnungLandau.webp 750w, https:\/\/waldgl\u00fcck-pfalz.de\/wp-content\/uploads\/2024\/12\/FerienwohnungLandau-225x300.webp 225w\" sizes=\"auto, (max-width: 750px) 100vw, 750px\" \/><\/figure>\n<\/figure>\n<\/div><\/div>\n\n<\/div><\/div><\/div><\/div>\n\n\n\n<div class=\"wp-block-kadence-column kadence-column696_22b4e2-70\"><div class=\"kt-inside-inner-col\"><div class=\"kb-row-layout-wrap kb-row-layout-id696_6bcb4a-f0 alignfull has-base-2-background-color kt-row-has-bg wp-block-kadence-rowlayout\"><div class=\"kt-row-column-wrap kt-has-2-columns kt-row-layout-equal kt-tab-layout-row kt-mobile-layout-row kt-row-valign-top\">\n\n<div class=\"wp-block-kadence-column kadence-column696_3477b1-15\"><div class=\"kt-inside-inner-col\">\n<h2 class=\"kt-adv-heading696_8512da-96 wp-block-kadence-advancedheading has-theme-palette-3-color has-text-color\" data-kb-block=\"kb-adv-heading696_8512da-96\">Ausstattung<\/h2>\n\n\n\n<p><\/p>\n\n\n\n<p class=\"kt-adv-heading696_5b5aab-3c wp-block-kadence-advancedheading has-theme-palette-3-color has-text-color\" data-kb-block=\"kb-adv-heading696_5b5aab-3c\"><strong>K\u00fcche<\/strong><\/p>\n\n\n\n<p>Herd mit vier Kochfeldern<br>Backofen<br>K\u00fchlschrank<br>Sp\u00fclmaschine<br>Kaffeemaschine &amp; Wasserkocher<br>Geschirr, Besteck, Kochgeschirr<br>scharfe Messer, Sch\u00e4ler,&#8230;<br>Sp\u00fclt\u00fccher, Schw\u00e4mme, Sp\u00fclmittel<br>Gew\u00fcrze, wie Salz und Pfeffer<br>Essig &amp; \u00d6l<br>Senseo Kaffeemaschine <br>Korkenzieher, Dosen\u00f6ffner,&#8230;<br>Kindergeschirr &amp; L\u00e4tzchen<br>Fl\u00e4schchenw\u00e4rmer<br><br><strong>Badezimmer<\/strong><br><br>Dusche<br>Handt\u00fccher<br>Seife<br>Klopapier<br>Kloverkleinerung f\u00fcr Kinder<br>Hocker<br><br><\/p>\n<\/div><\/div>\n\n\n\n<div class=\"wp-block-kadence-column kadence-column696_2adfa2-c0\"><div class=\"kt-inside-inner-col\"><div class=\"kb-row-layout-wrap kb-row-layout-id696_c8d75f-83 alignnone wp-block-kadence-rowlayout\"><div class=\"kt-row-column-wrap kt-has-1-columns kt-row-layout-equal kt-tab-layout-inherit kt-mobile-layout-row kt-row-valign-top\">\n\n<div class=\"wp-block-kadence-column kadence-column696_15c0d0-4d\"><div class=\"kt-inside-inner-col\">\n<div style=\"height:80px\" aria-hidden=\"true\" class=\"wp-block-spacer\"><\/div>\n\n\n\n<p><\/p>\n\n\n\n<p class=\"has-text-align-left has-text-color has-link-color wp-elements-dbafc425814765518cfccce658edf390\" style=\"color:#000000\"><strong>Wohnzimmer<\/strong><br><br>Esstisch mit 4 St\u00fchlen und Kinderhochstuhl<br>Couch <br>SmartTV mit Netflix<br>Spiele f\u00fcr Spieleabende<\/p>\n\n\n\n<p class=\"has-text-align-left has-text-color has-link-color wp-elements-3b749ad5026ec4958a9f6b7636d12633\" style=\"color:#000000\"><strong>Schlafzimmer<\/strong><\/p>\n\n\n\n<p class=\"has-text-align-left has-text-color has-link-color wp-elements-7bb9bdc9f4f88ede0b31db40ae03919a\" style=\"color:#000000\">Bett 1.60 x 2.00 m<br>Etagenbett f\u00fcr 2 Kinder<br>Beistellbett f\u00fcr Babys<br>Reisebettchen<br>Kopfkissen &amp; Bettdecken<br>Bettw\u00e4sche<br>Kleiderschrank<\/p>\n<\/div><\/div>\n\n<\/div><\/div><\/div><\/div>\n\n<\/div><\/div><\/div><\/div>\n\n<\/div><\/div>\n\n\n<p class=\"kt-adv-heading696_cf4217-3c wp-block-kadence-advancedheading\" data-kb-block=\"kb-adv-heading696_cf4217-3c\"><\/p>\n\n\n\n<div style=\"height:100px\" aria-hidden=\"true\" class=\"wp-block-spacer\"><\/div>\n\n\n\n<h2 class=\"wp-block-heading has-text-align-center\">Verf\u00fcgbarkeitskalender<\/h2>\n\n\n\n<div id=\"smoobuApartment2298579de\" class=\"calendarWidget\"> <div class=\"calendarContent\" data-load-calendar-url=\"https:\/\/login.smoobu.com\/de\/cockpit\/widget\/single-calendar\/2298579\" data-verification=\"79a20a53da123f9dce1731b2c35430dbfc13a1a03d323efe8f40cb7d283797e0\" data-baseUrl=\"https:\/\/login.smoobu.com\" data-disable-css=\"false\" ><\/div> <script type=\"text\/javascript\" src=\"https:\/\/login.smoobu.com\/js\/Apartment\/CalendarWidget.js\"><\/script><\/div>\n\n\n\n<div class=\"wp-block-buttons is-content-justification-center is-layout-flex wp-container-core-buttons-is-layout-a89b3969 wp-block-buttons-is-layout-flex\">\n<div class=\"wp-block-button\"><a class=\"wp-block-button__link wp-element-button\" href=\"https:\/\/waldgl\u00fcck-pfalz.de\/?page_id=508\">Jetzt Buchungsanfrage senden<\/a><\/div>\n<\/div>\n\n\n\n<div style=\"height:43px\" aria-hidden=\"true\" class=\"wp-block-spacer\"><\/div>\n\n\n<div class=\"kb-row-layout-wrap kb-row-layout-id696_2fe5a7-29 alignfull has-theme-palette9-background-color kt-row-has-bg wp-block-kadence-rowlayout\"><div class=\"kt-row-column-wrap kt-has-1-columns kt-row-layout-equal kt-tab-layout-inherit kt-mobile-layout-row kt-row-valign-top kb-theme-content-width\">\n\n<div class=\"wp-block-kadence-column kadence-column696_cbb46a-5d\"><div class=\"kt-inside-inner-col\">\n<div class=\"wp-block-kadence-image kb-image696_547c92-90\"><figure class=\"alignleft size-large\"><img loading=\"lazy\" decoding=\"async\" width=\"1024\" height=\"678\" src=\"https:\/\/waldgl\u00fcck-pfalz.de\/wp-content\/uploads\/2024\/09\/Familien-Glueck-Grundriss-1024x678.webp\" alt=\"Ferienwohnung Gleisweiler Familien Gl\u00fcck, Ferienwohnung Pfalz, Wanderurlaub Pfalz, Urlaub mit Kindern\" class=\"kb-img wp-image-686\" srcset=\"https:\/\/waldgl\u00fcck-pfalz.de\/wp-content\/uploads\/2024\/09\/Familien-Glueck-Grundriss-1024x678.webp 1024w, https:\/\/waldgl\u00fcck-pfalz.de\/wp-content\/uploads\/2024\/09\/Familien-Glueck-Grundriss-300x199.webp 300w, https:\/\/waldgl\u00fcck-pfalz.de\/wp-content\/uploads\/2024\/09\/Familien-Glueck-Grundriss-768x509.webp 768w, https:\/\/waldgl\u00fcck-pfalz.de\/wp-content\/uploads\/2024\/09\/Familien-Glueck-Grundriss-1536x1017.webp 1536w, https:\/\/waldgl\u00fcck-pfalz.de\/wp-content\/uploads\/2024\/09\/Familien-Glueck-Grundriss-2048x1356.webp 2048w\" sizes=\"auto, (max-width: 1024px) 100vw, 1024px\" \/><\/figure><\/div>\n<\/div><\/div>\n\n<\/div><\/div>\n\n\n<p><\/p>\n","protected":false},"excerpt":{"rendered":"<p>Familien gl\u00fcck Urlaub f\u00fcr die ganze Familie Willkommen im Familien Gl\u00fcck\u2013 eurer einladenden Ferienwohnung in der wundersch\u00f6nen Pfalz! Auf gro\u00dfz\u00fcgigen 38 qm erwartet euch ein gem\u00fctliches Appartement, das ideal f\u00fcr 2 Erwachsene und 2 Kinder ist. Hier findet ihr alles, was ihr f\u00fcr einen entspannten Familienurlaub ben\u00f6tigt. Das kuschelige Wohn- und Esszimmer l\u00e4dt zum gemeinsamen [&hellip;]<\/p>\n","protected":false},"author":1,"featured_media":0,"parent":0,"menu_order":0,"comment_status":"closed","ping_status":"closed","template":"page-no-title","meta":{"footnotes":""},"class_list":["post-696","page","type-page","status-publish","hentry"],"yoast_head":"<!-- This site is optimized with the Yoast SEO plugin v27.5 - https:\/\/yoast.com\/product\/yoast-seo-wordpress\/ -->\n<title>Familien gl\u00fcck - Waldgl\u00fcck-Pfalz.de<\/title>\n<meta name=\"description\" content=\"Ferienwohnung Gleisweiler, Ferienwohnung Pfalz, Waldgl\u00fcck Gleisweiler, Ferienappartment Pfalz, Familien Gl\u00fcck\" \/>\n<meta name=\"robots\" content=\"index, follow, max-snippet:-1, max-image-preview:large, max-video-preview:-1\" \/>\n<link rel=\"canonical\" href=\"https:\/\/waldgl\u00fcck-pfalz.de\/?page_id=696\" \/>\n<meta property=\"og:locale\" content=\"de_DE\" \/>\n<meta property=\"og:type\" content=\"article\" \/>\n<meta property=\"og:title\" content=\"Familien gl\u00fcck - Waldgl\u00fcck-Pfalz.de\" \/>\n<meta property=\"og:description\" content=\"Ferienwohnung Gleisweiler, Ferienwohnung Pfalz, Waldgl\u00fcck Gleisweiler, Ferienappartment Pfalz, Familien Gl\u00fcck\" \/>\n<meta property=\"og:url\" content=\"https:\/\/waldgl\u00fcck-pfalz.de\/?page_id=696\" \/>\n<meta property=\"og:site_name\" content=\"Waldgl\u00fcck-Pfalz.de\" \/>\n<meta property=\"article:modified_time\" content=\"2025-09-20T14:20:14+00:00\" \/>\n<meta name=\"twitter:card\" content=\"summary_large_image\" \/>\n<meta name=\"twitter:label1\" content=\"Gesch\u00e4tzte Lesezeit\" \/>\n\t<meta name=\"twitter:data1\" content=\"4\u00a0Minuten\" \/>\n<script type=\"application\/ld+json\" class=\"yoast-schema-graph\">{\"@context\":\"https:\\\/\\\/schema.org\",\"@graph\":[{\"@type\":\"WebPage\",\"@id\":\"https:\\\/\\\/waldgl\u00fcck-pfalz.de\\\/?page_id=696\",\"url\":\"https:\\\/\\\/waldgl\u00fcck-pfalz.de\\\/?page_id=696\",\"name\":\"Familien gl\u00fcck - Waldgl\u00fcck-Pfalz.de\",\"isPartOf\":{\"@id\":\"https:\\\/\\\/waldgl\u00fcck-pfalz.de\\\/#website\"},\"datePublished\":\"2024-09-26T09:29:00+00:00\",\"dateModified\":\"2025-09-20T14:20:14+00:00\",\"description\":\"Ferienwohnung Gleisweiler, Ferienwohnung Pfalz, Waldgl\u00fcck Gleisweiler, Ferienappartment Pfalz, Familien Gl\u00fcck\",\"breadcrumb\":{\"@id\":\"https:\\\/\\\/waldgl\u00fcck-pfalz.de\\\/?page_id=696#breadcrumb\"},\"inLanguage\":\"de\",\"potentialAction\":[{\"@type\":\"ReadAction\",\"target\":[\"https:\\\/\\\/waldgl\u00fcck-pfalz.de\\\/?page_id=696\"]}]},{\"@type\":\"BreadcrumbList\",\"@id\":\"https:\\\/\\\/waldgl\u00fcck-pfalz.de\\\/?page_id=696#breadcrumb\",\"itemListElement\":[{\"@type\":\"ListItem\",\"position\":1,\"name\":\"Startseite\",\"item\":\"https:\\\/\\\/waldgl\u00fcck-pfalz.de\\\/\"},{\"@type\":\"ListItem\",\"position\":2,\"name\":\"Familien gl\u00fcck\"}]},{\"@type\":\"WebSite\",\"@id\":\"https:\\\/\\\/waldgl\u00fcck-pfalz.de\\\/#website\",\"url\":\"https:\\\/\\\/waldgl\u00fcck-pfalz.de\\\/\",\"name\":\"Waldgl\u00fcck-Pfalz.de\",\"description\":\"Ferienwohnung Waldgl\u00fcck, 76835 Gleisweiler Badstra\u00dfe 8-10\",\"publisher\":{\"@id\":\"https:\\\/\\\/waldgl\u00fcck-pfalz.de\\\/#organization\"},\"potentialAction\":[{\"@type\":\"SearchAction\",\"target\":{\"@type\":\"EntryPoint\",\"urlTemplate\":\"https:\\\/\\\/waldgl\u00fcck-pfalz.de\\\/?s={search_term_string}\"},\"query-input\":{\"@type\":\"PropertyValueSpecification\",\"valueRequired\":true,\"valueName\":\"search_term_string\"}}],\"inLanguage\":\"de\"},{\"@type\":\"Organization\",\"@id\":\"https:\\\/\\\/waldgl\u00fcck-pfalz.de\\\/#organization\",\"name\":\"Waldgl\u00fcck-Pfalz.de\",\"url\":\"https:\\\/\\\/waldgl\u00fcck-pfalz.de\\\/\",\"logo\":{\"@type\":\"ImageObject\",\"inLanguage\":\"de\",\"@id\":\"https:\\\/\\\/waldgl\u00fcck-pfalz.de\\\/#\\\/schema\\\/logo\\\/image\\\/\",\"url\":\"https:\\\/\\\/waldgl\u00fcck-pfalz.de\\\/wp-content\\\/uploads\\\/2024\\\/09\\\/1.png\",\"contentUrl\":\"https:\\\/\\\/waldgl\u00fcck-pfalz.de\\\/wp-content\\\/uploads\\\/2024\\\/09\\\/1.png\",\"width\":938,\"height\":938,\"caption\":\"Waldgl\u00fcck-Pfalz.de\"},\"image\":{\"@id\":\"https:\\\/\\\/waldgl\u00fcck-pfalz.de\\\/#\\\/schema\\\/logo\\\/image\\\/\"}}]}<\/script>\n<!-- \/ Yoast SEO plugin. -->","yoast_head_json":{"title":"Familien gl\u00fcck - Waldgl\u00fcck-Pfalz.de","description":"Ferienwohnung Gleisweiler, Ferienwohnung Pfalz, Waldgl\u00fcck Gleisweiler, Ferienappartment Pfalz, Familien Gl\u00fcck","robots":{"index":"index","follow":"follow","max-snippet":"max-snippet:-1","max-image-preview":"max-image-preview:large","max-video-preview":"max-video-preview:-1"},"canonical":"https:\/\/waldgl\u00fcck-pfalz.de\/?page_id=696","og_locale":"de_DE","og_type":"article","og_title":"Familien gl\u00fcck - Waldgl\u00fcck-Pfalz.de","og_description":"Ferienwohnung Gleisweiler, Ferienwohnung Pfalz, Waldgl\u00fcck Gleisweiler, Ferienappartment Pfalz, Familien Gl\u00fcck","og_url":"https:\/\/waldgl\u00fcck-pfalz.de\/?page_id=696","og_site_name":"Waldgl\u00fcck-Pfalz.de","article_modified_time":"2025-09-20T14:20:14+00:00","twitter_card":"summary_large_image","twitter_misc":{"Gesch\u00e4tzte Lesezeit":"4\u00a0Minuten"},"schema":{"@context":"https:\/\/schema.org","@graph":[{"@type":"WebPage","@id":"https:\/\/waldgl\u00fcck-pfalz.de\/?page_id=696","url":"https:\/\/waldgl\u00fcck-pfalz.de\/?page_id=696","name":"Familien gl\u00fcck - Waldgl\u00fcck-Pfalz.de","isPartOf":{"@id":"https:\/\/waldgl\u00fcck-pfalz.de\/#website"},"datePublished":"2024-09-26T09:29:00+00:00","dateModified":"2025-09-20T14:20:14+00:00","description":"Ferienwohnung Gleisweiler, Ferienwohnung Pfalz, Waldgl\u00fcck Gleisweiler, Ferienappartment Pfalz, Familien Gl\u00fcck","breadcrumb":{"@id":"https:\/\/waldgl\u00fcck-pfalz.de\/?page_id=696#breadcrumb"},"inLanguage":"de","potentialAction":[{"@type":"ReadAction","target":["https:\/\/waldgl\u00fcck-pfalz.de\/?page_id=696"]}]},{"@type":"BreadcrumbList","@id":"https:\/\/waldgl\u00fcck-pfalz.de\/?page_id=696#breadcrumb","itemListElement":[{"@type":"ListItem","position":1,"name":"Startseite","item":"https:\/\/waldgl\u00fcck-pfalz.de\/"},{"@type":"ListItem","position":2,"name":"Familien gl\u00fcck"}]},{"@type":"WebSite","@id":"https:\/\/waldgl\u00fcck-pfalz.de\/#website","url":"https:\/\/waldgl\u00fcck-pfalz.de\/","name":"Waldgl\u00fcck-Pfalz.de","description":"Ferienwohnung Waldgl\u00fcck, 76835 Gleisweiler Badstra\u00dfe 8-10","publisher":{"@id":"https:\/\/waldgl\u00fcck-pfalz.de\/#organization"},"potentialAction":[{"@type":"SearchAction","target":{"@type":"EntryPoint","urlTemplate":"https:\/\/waldgl\u00fcck-pfalz.de\/?s={search_term_string}"},"query-input":{"@type":"PropertyValueSpecification","valueRequired":true,"valueName":"search_term_string"}}],"inLanguage":"de"},{"@type":"Organization","@id":"https:\/\/waldgl\u00fcck-pfalz.de\/#organization","name":"Waldgl\u00fcck-Pfalz.de","url":"https:\/\/waldgl\u00fcck-pfalz.de\/","logo":{"@type":"ImageObject","inLanguage":"de","@id":"https:\/\/waldgl\u00fcck-pfalz.de\/#\/schema\/logo\/image\/","url":"https:\/\/waldgl\u00fcck-pfalz.de\/wp-content\/uploads\/2024\/09\/1.png","contentUrl":"https:\/\/waldgl\u00fcck-pfalz.de\/wp-content\/uploads\/2024\/09\/1.png","width":938,"height":938,"caption":"Waldgl\u00fcck-Pfalz.de"},"image":{"@id":"https:\/\/waldgl\u00fcck-pfalz.de\/#\/schema\/logo\/image\/"}}]}},"_links":{"self":[{"href":"https:\/\/waldgl\u00fcck-pfalz.de\/index.php?rest_route=\/wp\/v2\/pages\/696","targetHints":{"allow":["GET"]}}],"collection":[{"href":"https:\/\/waldgl\u00fcck-pfalz.de\/index.php?rest_route=\/wp\/v2\/pages"}],"about":[{"href":"https:\/\/waldgl\u00fcck-pfalz.de\/index.php?rest_route=\/wp\/v2\/types\/page"}],"author":[{"embeddable":true,"href":"https:\/\/waldgl\u00fcck-pfalz.de\/index.php?rest_route=\/wp\/v2\/users\/1"}],"replies":[{"embeddable":true,"href":"https:\/\/waldgl\u00fcck-pfalz.de\/index.php?rest_route=%2Fwp%2Fv2%2Fcomments&post=696"}],"version-history":[{"count":9,"href":"https:\/\/waldgl\u00fcck-pfalz.de\/index.php?rest_route=\/wp\/v2\/pages\/696\/revisions"}],"predecessor-version":[{"id":1221,"href":"https:\/\/waldgl\u00fcck-pfalz.de\/index.php?rest_route=\/wp\/v2\/pages\/696\/revisions\/1221"}],"wp:attachment":[{"href":"https:\/\/waldgl\u00fcck-pfalz.de\/index.php?rest_route=%2Fwp%2Fv2%2Fmedia&parent=696"}],"curies":[{"name":"wp","href":"https:\/\/api.w.org\/{rel}","templated":true}]}}